{"id":973,"date":"2022-08-10T11:54:54","date_gmt":"2022-08-10T09:54:54","guid":{"rendered":"http:\/\/relifepc.fr\/?page_id=973"},"modified":"2026-04-06T10:11:10","modified_gmt":"2026-04-06T08:11:10","slug":"actualites-et-evenements","status":"publish","type":"page","link":"https:\/\/relifepc.fr\/index.php\/actualites-et-evenements\/","title":{"rendered":"Actualit\u00e9s et \u00e9v\u00e9nements"},"content":{"rendered":"<p>[et_pb_section fb_built=\u00a0\u00bb1&Prime; admin_label=\u00a0\u00bbHeader\u00a0\u00bb _builder_version=\u00a0\u00bb4.25.1&Prime; background_color=\u00a0\u00bb#222D3F\u00a0\u00bb background_enable_image=\u00a0\u00bboff\u00a0\u00bb custom_margin=\u00a0\u00bb-56px|||||\u00a0\u00bb custom_padding=\u00a0\u00bb0vw||0||false|false\u00a0\u00bb bottom_divider_style=\u00a0\u00bbwaves\u00a0\u00bb bottom_divider_color=\u00a0\u00bb#FFFFFF\u00a0\u00bb bottom_divider_height=\u00a0\u00bb50px\u00a0\u00bb bottom_divider_repeat=\u00a0\u00bb1x\u00a0\u00bb locked=\u00a0\u00bboff\u00a0\u00bb global_colors_info=\u00a0\u00bb{}\u00a0\u00bb border_radii__hover=\u00a0\u00bbon||||\u00a0\u00bb border_radii__hover_enabled=\u00a0\u00bbon||||\u00a0\u00bb background_repeat__hover=\u00a0\u00bbno-repeat\u00a0\u00bb background_repeat__hover_enabled=\u00a0\u00bbno-repeat\u00a0\u00bb][et_pb_row custom_padding_last_edited=\u00a0\u00bbon|tablet\u00a0\u00bb _builder_version=\u00a0\u00bb4.27.0&Prime; background_color=\u00a0\u00bb#FFFFFF\u00a0\u00bb background_enable_image=\u00a0\u00bboff\u00a0\u00bb background_size=\u00a0\u00bbcontain\u00a0\u00bb background_position=\u00a0\u00bbbottom_right\u00a0\u00bb width=\u00a0\u00bb100%\u00a0\u00bb max_width=\u00a0\u00bb100%\u00a0\u00bb custom_padding=\u00a0\u00bb78px|15vw|2vw|15vw|false|true\u00a0\u00bb custom_padding_tablet=\u00a0\u00bb|10vw|24vw|10vw||true\u00a0\u00bb custom_padding_phone=\u00a0\u00bb\u00a0\u00bb box_shadow_style=\u00a0\u00bbpreset7&Prime; box_shadow_horizontal=\u00a0\u00bb0px\u00a0\u00bb box_shadow_vertical=\u00a0\u00bb-1px\u00a0\u00bb box_shadow_color=\u00a0\u00bb#ffffff\u00a0\u00bb use_custom_width=\u00a0\u00bbon\u00a0\u00bb width_unit=\u00a0\u00bboff\u00a0\u00bb custom_width_percent=\u00a0\u00bb100%\u00a0\u00bb global_colors_info=\u00a0\u00bb{}\u00a0\u00bb][et_pb_column type=\u00a0\u00bb4_4&Prime; _builder_version=\u00a0\u00bb4.16&Prime; custom_padding=\u00a0\u00bb|||\u00a0\u00bb global_colors_info=\u00a0\u00bb{}\u00a0\u00bb custom_padding__hover=\u00a0\u00bb|||\u00a0\u00bb][et_pb_text _builder_version=\u00a0\u00bb4.27.6&Prime; text_font=\u00a0\u00bb|600|||||||\u00a0\u00bb text_text_color=\u00a0\u00bb#FFFFFF\u00a0\u00bb text_font_size=\u00a0\u00bb22px\u00a0\u00bb text_line_height=\u00a0\u00bb1.8em\u00a0\u00bb header_font=\u00a0\u00bb|700|||||||\u00a0\u00bb header_text_color=\u00a0\u00bb#004D33&Prime; header_font_size=\u00a0\u00bb100px\u00a0\u00bb header_line_height=\u00a0\u00bb1.1em\u00a0\u00bb background_layout=\u00a0\u00bbdark\u00a0\u00bb max_width=\u00a0\u00bb80%\u00a0\u00bb max_width_tablet=\u00a0\u00bb\u00a0\u00bb max_width_phone=\u00a0\u00bb\u00a0\u00bb max_width_last_edited=\u00a0\u00bbon|phone\u00a0\u00bb animation_style=\u00a0\u00bbfade\u00a0\u00bb animation_direction=\u00a0\u00bbtop\u00a0\u00bb hover_enabled=\u00a0\u00bb0&Prime; text_font_size_tablet=\u00a0\u00bb14px\u00a0\u00bb text_font_size_phone=\u00a0\u00bb\u00a0\u00bb text_font_size_last_edited=\u00a0\u00bbon|phone\u00a0\u00bb header_font_size_tablet=\u00a0\u00bb\u00a0\u00bb header_font_size_phone=\u00a0\u00bb42px\u00a0\u00bb header_font_size_last_edited=\u00a0\u00bbon|phone\u00a0\u00bb global_colors_info=\u00a0\u00bb{}\u00a0\u00bb sticky_enabled=\u00a0\u00bb0&Prime; custom_padding=\u00a0\u00bb|||269px||\u00a0\u00bb]<\/p>\n<h1 style=\"text-align: center;\">ACTUALIT\u00c9S ET<\/h1>\n<h1 style=\"text-align: center;\">\u00c9V\u00c9NEMENTS<\/h1>\n<p>[\/et_pb_text][et_pb_text _builder_version=\u00a0\u00bb4.27.0&Prime; text_font=\u00a0\u00bb||||||||\u00a0\u00bb text_text_color=\u00a0\u00bb#222D3F\u00a0\u00bb text_font_size=\u00a0\u00bb22px\u00a0\u00bb text_letter_spacing=\u00a0\u00bb-1px\u00a0\u00bb text_line_height=\u00a0\u00bb1.8em\u00a0\u00bb header_font=\u00a0\u00bbMukta|200|||||||\u00a0\u00bb header_font_size=\u00a0\u00bb7vw\u00a0\u00bb header_line_height=\u00a0\u00bb1.1em\u00a0\u00bb text_orientation=\u00a0\u00bbjustified\u00a0\u00bb background_layout=\u00a0\u00bbdark\u00a0\u00bb max_width=\u00a0\u00bb1076px\u00a0\u00bb max_width_last_edited=\u00a0\u00bboff|tablet\u00a0\u00bb custom_padding=\u00a0\u00bb1px||0px|123px||\u00a0\u00bb animation_style=\u00a0\u00bbfade\u00a0\u00bb animation_direction=\u00a0\u00bbtop\u00a0\u00bb text_font_size_tablet=\u00a0\u00bb14px\u00a0\u00bb text_font_size_phone=\u00a0\u00bb\u00a0\u00bb text_font_size_last_edited=\u00a0\u00bbon|phone\u00a0\u00bb header_font_size_tablet=\u00a0\u00bb\u00a0\u00bb header_font_size_phone=\u00a0\u00bb42px\u00a0\u00bb header_font_size_last_edited=\u00a0\u00bbon|phone\u00a0\u00bb global_colors_info=\u00a0\u00bb{}\u00a0\u00bb custom_margin=\u00a0\u00bb|146px||147px||\u00a0\u00bb]<\/p>\n<p>Retrouvez dans cette section toute l&rsquo;actualit\u00e9 de RelifePC et sa participation aux \u00e9v\u00e9nements locaux !<\/p>\n<p>[\/et_pb_text][\/et_pb_column][\/et_pb_row][\/et_pb_section][et_pb_section fb_built=\u00a0\u00bb1&Prime; _builder_version=\u00a0\u00bb4.27.6&Prime; _module_preset=\u00a0\u00bbdefault\u00a0\u00bb background_color=\u00a0\u00bb#004D33&Prime; locked=\u00a0\u00bboff\u00a0\u00bb global_colors_info=\u00a0\u00bb{}\u00a0\u00bb][et_pb_row _builder_version=\u00a0\u00bb4.23&Prime; _module_preset=\u00a0\u00bbdefault\u00a0\u00bb width=\u00a0\u00bb100%\u00a0\u00bb max_width=\u00a0\u00bb1105px\u00a0\u00bb global_colors_info=\u00a0\u00bb{}\u00a0\u00bb][et_pb_column type=\u00a0\u00bb4_4&Prime; _builder_version=\u00a0\u00bb4.23&Prime; _module_preset=\u00a0\u00bbdefault\u00a0\u00bb global_colors_info=\u00a0\u00bb{}\u00a0\u00bb][et_pb_image src=\u00a0\u00bbhttps:\/\/relifepc.fr\/wp-content\/uploads\/2026\/04\/WhatsApp-Image-2026-02-11-at-22.09.48.jpeg\u00a0\u00bb alt=\u00a0\u00bbSoir\u00e9e Verre et savoir-Faire denaz\u00e9 2026&Prime; title_text=\u00a0\u00bbVerre et savoir-faire 2026&Prime; _builder_version=\u00a0\u00bb4.27.6&Prime; _module_preset=\u00a0\u00bbdefault\u00a0\u00bb border_radii=\u00a0\u00bbon|20px|20px|20px|20px\u00a0\u00bb global_colors_info=\u00a0\u00bb{}\u00a0\u00bb][\/et_pb_image][\/et_pb_column][\/et_pb_row][et_pb_row _builder_version=\u00a0\u00bb4.23&Prime; _module_preset=\u00a0\u00bbdefault\u00a0\u00bb global_colors_info=\u00a0\u00bb{}\u00a0\u00bb][et_pb_column type=\u00a0\u00bb4_4&Prime; _builder_version=\u00a0\u00bb4.23&Prime; _module_preset=\u00a0\u00bbdefault\u00a0\u00bb global_colors_info=\u00a0\u00bb{}\u00a0\u00bb][et_pb_text _builder_version=\u00a0\u00bb4.27.6&Prime; _module_preset=\u00a0\u00bbdefault\u00a0\u00bb text_text_color=\u00a0\u00bb#ffffff\u00a0\u00bb text_font_size=\u00a0\u00bb20px\u00a0\u00bb header_font=\u00a0\u00bbNova Round||||||||\u00a0\u00bb header_2_font=\u00a0\u00bbAcme|700|||||||\u00a0\u00bb header_2_text_align=\u00a0\u00bbcenter\u00a0\u00bb header_2_text_color=\u00a0\u00bb#99CF2C\u00a0\u00bb header_2_font_size=\u00a0\u00bb45px\u00a0\u00bb header_3_font=\u00a0\u00bbAcme||||||||\u00a0\u00bb header_3_text_color=\u00a0\u00bb#99CF2C\u00a0\u00bb background_color=\u00a0\u00bb#4baf46&Prime; text_orientation=\u00a0\u00bbjustified\u00a0\u00bb custom_padding=\u00a0\u00bb30px|30px|20px|30px|false|false\u00a0\u00bb border_radii=\u00a0\u00bbon|20px|20px|20px|20px\u00a0\u00bb border_color_all=\u00a0\u00bb#95C11F\u00a0\u00bb inline_fonts=\u00a0\u00bbMontserrat\u00a0\u00bb global_colors_info=\u00a0\u00bb{}\u00a0\u00bb]<\/p>\n<p data-start=\"99\" data-end=\"154\" style=\"text-align: center;\">\ud83c\udf77\u2728 <strong data-start=\"103\" data-end=\"148\">Verre et savoir-faire d\u00e9barque \u00e0 Denaz\u00e9 !<\/strong> \u2728\ud83c\udf77<\/p>\n<p data-start=\"156\" data-end=\"349\">Le <strong data-start=\"159\" data-end=\"180\">vendredi 10 avril<\/strong>, on te donne rendez-vous pour une soir\u00e9e comme on les aime :<br data-start=\"241\" data-end=\"244\" \/>\ud83d\udc49 des artisans passionn\u00e9s<br data-start=\"270\" data-end=\"273\" \/>\ud83d\udc49 des commer\u00e7ants locaux<br data-start=\"298\" data-end=\"301\" \/>\ud83d\udc49 du partage\u2026 et un petit verre \u00e9videmment \ud83d\ude0f<\/p>\n<p data-start=\"351\" data-end=\"485\">C\u2019est l\u2019occasion parfaite pour d\u00e9couvrir les talents du coin, \u00e9changer, go\u00fbter, et passer un bon moment en famille ou entre potes \ud83c\udf89<\/p>\n<p data-start=\"487\" data-end=\"589\">\ud83d\udc9a Et en plus, c\u2019est pour la bonne cause :<br data-start=\"529\" data-end=\"532\" \/>\ud83d\udc49 au profit de l\u2019association <strong data-start=\"562\" data-end=\"587\">\u201cUn sourire pour Zo\u00e9\u201d<\/strong><\/p>\n<p data-start=\"591\" data-end=\"701\">Au programme :<br data-start=\"605\" data-end=\"608\" \/>\ud83c\udf54 restauration &amp; buvette<br data-start=\"633\" data-end=\"636\" \/>\ud83c\udfb6 musique<br data-start=\"646\" data-end=\"649\" \/>\ud83c\udf9f\ufe0f tombola<br data-start=\"660\" data-end=\"663\" \/>\ud83d\udc68\u200d\ud83d\udc69\u200d\ud83d\udc67 animations pour les enfants<\/p>\n<p data-start=\"703\" data-end=\"763\">\ud83d\udccd <strong data-start=\"706\" data-end=\"742\">Place de la mairie \u2013 Denaz\u00e9 (53)<\/strong><br data-start=\"742\" data-end=\"745\" \/>\ud83d\udd55 <strong data-start=\"748\" data-end=\"761\">18h \u2192 22h<\/strong><\/p>\n<p data-start=\"765\" data-end=\"837\">Bref\u2026 une soir\u00e9e locale, conviviale et solidaire comme on les adore \u2764\ufe0f<\/p>\n<p data-start=\"839\" data-end=\"873\">\ud83d\udc49 Tu viens trinquer avec nous ?<\/p>\n<p data-start=\"875\" data-end=\"983\">#Local #Artisans #Mayenne #Denaz\u00e9 #Evenement #Solidaire #Apero #SavoirFaire #CircuitCourt #AmbianceVillage<\/p>\n<p>[\/et_pb_text][\/et_pb_column][\/et_pb_row][\/et_pb_section][et_pb_section fb_built=\u00a0\u00bb1&Prime; _builder_version=\u00a0\u00bb4.27.6&Prime; _module_preset=\u00a0\u00bbdefault\u00a0\u00bb background_color=\u00a0\u00bbrgba(206,128,192,0.77)\u00a0\u00bb global_colors_info=\u00a0\u00bb{}\u00a0\u00bb][et_pb_row _builder_version=\u00a0\u00bb4.23&Prime; _module_preset=\u00a0\u00bbdefault\u00a0\u00bb width=\u00a0\u00bb100%\u00a0\u00bb max_width=\u00a0\u00bb1105px\u00a0\u00bb global_colors_info=\u00a0\u00bb{}\u00a0\u00bb][et_pb_column type=\u00a0\u00bb4_4&Prime; _builder_version=\u00a0\u00bb4.23&Prime; _module_preset=\u00a0\u00bbdefault\u00a0\u00bb global_colors_info=\u00a0\u00bb{}\u00a0\u00bb][et_pb_image src=\u00a0\u00bbhttps:\/\/relifepc.fr\/wp-content\/uploads\/2026\/03\/RelifePC-BDS-Soiree-Disco-Retro-1.png\u00a0\u00bb alt=\u00a0\u00bbSoir\u00e9e r\u00e9trogaming Laval\u00a0\u00bb title_text=\u00a0\u00bbRelifePC BDS Soir\u00e9e Disco-R\u00e9tro\u00a0\u00bb _builder_version=\u00a0\u00bb4.27.6&Prime; _module_preset=\u00a0\u00bbdefault\u00a0\u00bb border_radii=\u00a0\u00bbon|20px|20px|20px|20px\u00a0\u00bb global_colors_info=\u00a0\u00bb{}\u00a0\u00bb][\/et_pb_image][\/et_pb_column][\/et_pb_row][et_pb_row _builder_version=\u00a0\u00bb4.23&Prime; _module_preset=\u00a0\u00bbdefault\u00a0\u00bb global_colors_info=\u00a0\u00bb{}\u00a0\u00bb][et_pb_column type=\u00a0\u00bb4_4&Prime; _builder_version=\u00a0\u00bb4.23&Prime; _module_preset=\u00a0\u00bbdefault\u00a0\u00bb global_colors_info=\u00a0\u00bb{}\u00a0\u00bb][et_pb_text _builder_version=\u00a0\u00bb4.27.6&Prime; _module_preset=\u00a0\u00bbdefault\u00a0\u00bb text_text_color=\u00a0\u00bb#bb23dd\u00a0\u00bb header_font=\u00a0\u00bbNova Round||||||||\u00a0\u00bb header_2_font=\u00a0\u00bbAcme|700|||||||\u00a0\u00bb header_2_text_align=\u00a0\u00bbcenter\u00a0\u00bb header_2_text_color=\u00a0\u00bb#99CF2C\u00a0\u00bb header_2_font_size=\u00a0\u00bb45px\u00a0\u00bb header_3_font=\u00a0\u00bbAcme||||||||\u00a0\u00bb header_3_text_color=\u00a0\u00bb#99CF2C\u00a0\u00bb background_color=\u00a0\u00bb#00002d\u00a0\u00bb text_orientation=\u00a0\u00bbjustified\u00a0\u00bb custom_padding=\u00a0\u00bb30px|30px|20px|30px|false|false\u00a0\u00bb border_radii=\u00a0\u00bbon|20px|20px|20px|20px\u00a0\u00bb border_color_all=\u00a0\u00bb#95C11F\u00a0\u00bb inline_fonts=\u00a0\u00bbMontserrat\u00a0\u00bb global_colors_info=\u00a0\u00bb{}\u00a0\u00bb]<\/p>\n<h1 data-section-id=\"1g6cs82\" data-start=\"314\" data-end=\"382\" style=\"text-align: center;\"><span style=\"color: #d42fe0;\"><strong>\ud83c\udfae <span style=\"font-family: Montserrat; font-size: x-large;\">Soir\u00e9e r\u00e9tro disco &amp; retrogaming \u00e0 Laval : RelifePC participe !<\/span><\/strong><\/span><\/h1>\n<p data-start=\"384\" data-end=\"527\"><span style=\"font-family: Montserrat; font-weight: normal; font-size: medium;\">Le <strong data-start=\"387\" data-end=\"404\">jeudi 19 mars<\/strong>, une soir\u00e9e pas comme les autres va faire vibrer Laval : une <strong data-start=\"466\" data-end=\"524\">soir\u00e9e r\u00e9tro disco m\u00ealant musique funky et retrogaming<\/strong>.<\/span><\/p>\n<p data-start=\"529\" data-end=\"698\"><span style=\"font-family: Montserrat; font-weight: normal; font-size: medium;\">RelifePC sera de la partie pour ramener un peu de <strong data-start=\"579\" data-end=\"602\">nostalgie num\u00e9rique<\/strong>, avec des <strong data-start=\"613\" data-end=\"646\">jeux r\u00e9tro et bornes d\u2019arcade<\/strong>, dont un <strong data-start=\"656\" data-end=\"695\">concours autour du mythique PAC-MAN<\/strong>.<\/span><\/p>\n<p data-start=\"700\" data-end=\"823\"><span style=\"font-family: Montserrat; font-weight: normal; font-size: medium;\">Une occasion parfaite de replonger dans l\u2019ambiance des ann\u00e9es 80, entre <strong data-start=\"772\" data-end=\"822\">boule \u00e0 facettes, disco-funk et pixels vintage<\/strong>.<\/span><\/p>\n<hr data-start=\"825\" data-end=\"828\" \/>\n<h2 data-section-id=\"2ztf0h\" data-start=\"830\" data-end=\"862\">\ud83d\udd79\ufe0f <span style=\"font-size: x-large;\"><strong><span style=\"color: #d42fe0; font-family: Montserrat;\">Au programme de la soir\u00e9e<\/span><\/strong><\/span><\/h2>\n<ul data-start=\"864\" data-end=\"1014\">\n<li data-section-id=\"gxpwi7\" data-start=\"864\" data-end=\"889\">\n<p data-start=\"866\" data-end=\"889\"><span style=\"font-family: Montserrat; font-weight: normal; font-size: medium;\">DJ set <strong data-start=\"873\" data-end=\"889\">Disco \/ Funk<\/strong><\/span><\/p>\n<\/li>\n<li data-section-id=\"o7guo7\" data-start=\"890\" data-end=\"927\">\n<p data-start=\"892\" data-end=\"927\"><span style=\"font-family: Montserrat; font-weight: normal; font-size: medium;\"><strong data-start=\"892\" data-end=\"927\">R\u00e9tro-gaming et bornes d\u2019arcade<\/strong><\/span><\/p>\n<\/li>\n<li data-section-id=\"4elnz\" data-start=\"928\" data-end=\"950\">\n<p data-start=\"930\" data-end=\"950\"><span style=\"font-family: Montserrat; font-weight: normal; font-size: medium;\"><strong data-start=\"930\" data-end=\"950\">Concours PAC-MAN<\/strong><\/span><\/p>\n<\/li>\n<li data-section-id=\"fn41m8\" data-start=\"951\" data-end=\"975\">\n<p data-start=\"953\" data-end=\"975\"><span style=\"font-family: Montserrat; font-weight: normal; font-size: medium;\">Ambiance <strong data-start=\"962\" data-end=\"975\">ann\u00e9es 80<\/strong><\/span><\/p>\n<\/li>\n<li data-section-id=\"1sxvtl3\" data-start=\"976\" data-end=\"1014\">\n<p data-start=\"978\" data-end=\"1014\"><span style=\"font-family: Montserrat; font-weight: normal; font-size: medium;\">Rencontre avec l\u2019\u00e9quipe <strong data-start=\"1002\" data-end=\"1014\">RelifePC<\/strong><\/span><\/p>\n<\/li>\n<\/ul>\n<p data-start=\"1016\" data-end=\"1237\"><span style=\"font-family: Montserrat; font-weight: normal; font-size: medium;\">Chez RelifePC, on aime rappeler que <strong data-start=\"1052\" data-end=\"1089\">le num\u00e9rique a aussi une histoire<\/strong>.<\/span><br data-start=\"1090\" data-end=\"1093\" \/><span style=\"font-family: Montserrat; font-weight: normal; font-size: medium;\">Les ordinateurs, consoles et jeux vid\u00e9o qui ont marqu\u00e9 toute une g\u00e9n\u00e9ration font partie d\u2019une culture technologique qui m\u00e9rite d\u2019\u00eatre pr\u00e9serv\u00e9e.<\/span><\/p>\n<p data-start=\"1239\" data-end=\"1416\"><span style=\"font-family: Montserrat; font-weight: normal; font-size: medium;\">Cette soir\u00e9e est donc aussi l\u2019occasion de montrer que <strong data-start=\"1293\" data-end=\"1336\">la technologie peut durer dans le temps<\/strong>, un peu comme les ordinateurs reconditionn\u00e9s que nous remettons en circulation.<\/span><\/p>\n<hr data-start=\"1418\" data-end=\"1421\" \/>\n<h1 data-section-id=\"1njmq8x\" data-start=\"1423\" data-end=\"1472\" style=\"text-align: center;\"><span style=\"font-size: x-large;\">\u267b\ufe0f <span style=\"font-family: Montserrat;\"><strong><span style=\"color: #d42fe0;\">Le r\u00e9tro-gaming : quand la technologie dure<\/span><\/strong><\/span><\/span><\/h1>\n<p data-start=\"1474\" data-end=\"1647\"><span style=\"font-size: medium; font-family: Montserrat;\">Dans un monde o\u00f9 les appareils deviennent vite obsol\u00e8tes, le r\u00e9tro-gaming rappelle une chose simple :<\/span><br data-start=\"1575\" data-end=\"1578\" \/><span style=\"font-size: medium; font-family: Montserrat;\">\ud83d\udc49 <strong data-start=\"1581\" data-end=\"1647\">un mat\u00e9riel bien con\u00e7u peut fonctionner pendant des d\u00e9cennies.<\/strong><\/span><\/p>\n<p data-start=\"1649\" data-end=\"1703\"><span style=\"font-size: medium; font-family: Montserrat;\">Chez RelifePC, cette philosophie guide notre travail :<\/span><\/p>\n<ul data-start=\"1705\" data-end=\"1816\">\n<li data-section-id=\"1578ovm\" data-start=\"1705\" data-end=\"1740\">\n<p data-start=\"1707\" data-end=\"1740\"><span style=\"font-size: medium; font-family: Montserrat;\">reconditionnement d\u2019ordinateurs<\/span><\/p>\n<\/li>\n<li data-section-id=\"1u65csh\" data-start=\"1741\" data-end=\"1768\">\n<p data-start=\"1743\" data-end=\"1768\"><span style=\"font-size: medium; font-family: Montserrat;\">r\u00e9paration informatique<\/span><\/p>\n<\/li>\n<li data-section-id=\"1u2epy0\" data-start=\"1769\" data-end=\"1816\">\n<p data-start=\"1771\" data-end=\"1816\"><span style=\"font-size: medium; font-family: Montserrat;\">prolongation de la dur\u00e9e de vie du mat\u00e9riel<\/span><\/p>\n<\/li>\n<\/ul>\n<p data-start=\"1818\" data-end=\"1905\"><span style=\"font-size: medium; font-family: Montserrat;\">Parce que <strong data-start=\"1828\" data-end=\"1904\">le meilleur ordinateur pour la plan\u00e8te est souvent celui qui existe d\u00e9j\u00e0<\/strong>.<\/span><\/p>\n<hr data-start=\"1907\" data-end=\"1910\" \/>\n<h1 data-section-id=\"1s8lg9k\" data-start=\"1912\" data-end=\"1944\" style=\"text-align: center;\"><strong><span style=\"font-size: x-large; font-family: Montserrat;\">\ud83d\udccd<span style=\"color: #d42fe0;\"> Informations sur la soir\u00e9e<\/span><\/span><\/strong><\/h1>\n<p data-start=\"1946\" data-end=\"2048\"><span style=\"font-size: large; font-family: Montserrat;\">\ud83d\udcc5<span style=\"font-size: medium;\"> Date : <strong data-start=\"1956\" data-end=\"1973\">Jeudi 19 mars<\/strong><\/span><\/span><br data-start=\"1973\" data-end=\"1976\" \/><span style=\"font-size: medium; font-family: Montserrat;\">\ud83d\udccd Lieu : <strong data-start=\"1986\" data-end=\"2005\">Laval (Mayenne)<\/strong><\/span><br data-start=\"2005\" data-end=\"2008\" \/><span style=\"font-size: medium; font-family: Montserrat;\">\ud83c\udfb6 Th\u00e8me : <strong data-start=\"2019\" data-end=\"2048\">Disco r\u00e9tro &amp; retrogaming<\/strong><\/span><\/p>\n<p data-start=\"2050\" data-end=\"2156\"><span style=\"font-size: medium; font-family: Montserrat;\">Pr\u00e9pare ton plus beau style ann\u00e9es 80, viens danser\u2026 et surtout <strong data-start=\"2114\" data-end=\"2155\">tenter de battre le score sur PAC-MAN<\/strong>.<\/span><\/p>\n<p>[\/et_pb_text][\/et_pb_column][\/et_pb_row][\/et_pb_section][et_pb_section fb_built=\u00a0\u00bb1&Prime; _builder_version=\u00a0\u00bb4.27.0&Prime; _module_preset=\u00a0\u00bbdefault\u00a0\u00bb background_color=\u00a0\u00bb#000000&Prime; locked=\u00a0\u00bboff\u00a0\u00bb global_colors_info=\u00a0\u00bb{}\u00a0\u00bb][et_pb_row _builder_version=\u00a0\u00bb4.23&Prime; _module_preset=\u00a0\u00bbdefault\u00a0\u00bb global_colors_info=\u00a0\u00bb{}\u00a0\u00bb][et_pb_column type=\u00a0\u00bb4_4&Prime; _builder_version=\u00a0\u00bb4.23&Prime; _module_preset=\u00a0\u00bbdefault\u00a0\u00bb global_colors_info=\u00a0\u00bb{}\u00a0\u00bb][et_pb_code _builder_version=\u00a0\u00bb4.23&Prime; _module_preset=\u00a0\u00bbdefault\u00a0\u00bb global_colors_info=\u00a0\u00bb{}\u00a0\u00bb][\/et_pb_code][\/et_pb_column][\/et_pb_row][et_pb_row _builder_version=\u00a0\u00bb4.23&Prime; _module_preset=\u00a0\u00bbdefault\u00a0\u00bb width=\u00a0\u00bb100%\u00a0\u00bb max_width=\u00a0\u00bb1105px\u00a0\u00bb global_colors_info=\u00a0\u00bb{}\u00a0\u00bb][et_pb_column type=\u00a0\u00bb4_4&Prime; _builder_version=\u00a0\u00bb4.23&Prime; _module_preset=\u00a0\u00bbdefault\u00a0\u00bb global_colors_info=\u00a0\u00bb{}\u00a0\u00bb][et_pb_image src=\u00a0\u00bbhttps:\/\/relifepc.fr\/wp-content\/uploads\/2023\/10\/Affiche-artisans-friday-2023.svg\u00a0\u00bb alt=\u00a0\u00bbARTISANS&rsquo; FRIDAY 2023 : l&rsquo;alternative plus respectueuse de lenvrionnement au black friday\u00a0\u00bb title_text=\u00a0\u00bbAffiche artisans friday 2023&Prime; _builder_version=\u00a0\u00bb4.25.1&Prime; _module_preset=\u00a0\u00bbdefault\u00a0\u00bb border_radii=\u00a0\u00bbon|20px|20px|20px|20px\u00a0\u00bb global_colors_info=\u00a0\u00bb{}\u00a0\u00bb][\/et_pb_image][\/et_pb_column][\/et_pb_row][et_pb_row _builder_version=\u00a0\u00bb4.23&Prime; _module_preset=\u00a0\u00bbdefault\u00a0\u00bb global_colors_info=\u00a0\u00bb{}\u00a0\u00bb][et_pb_column type=\u00a0\u00bb4_4&Prime; _builder_version=\u00a0\u00bb4.23&Prime; _module_preset=\u00a0\u00bbdefault\u00a0\u00bb global_colors_info=\u00a0\u00bb{}\u00a0\u00bb][et_pb_text _builder_version=\u00a0\u00bb4.25.1&Prime; _module_preset=\u00a0\u00bbdefault\u00a0\u00bb text_text_color=\u00a0\u00bb#FFFFFF\u00a0\u00bb header_font=\u00a0\u00bbNova Round||||||||\u00a0\u00bb header_2_font=\u00a0\u00bbAcme|700|||||||\u00a0\u00bb header_2_text_align=\u00a0\u00bbcenter\u00a0\u00bb header_2_text_color=\u00a0\u00bb#99CF2C\u00a0\u00bb header_2_font_size=\u00a0\u00bb45px\u00a0\u00bb header_3_font=\u00a0\u00bbAcme||||||||\u00a0\u00bb header_3_text_color=\u00a0\u00bb#99CF2C\u00a0\u00bb background_color=\u00a0\u00bb#000000&Prime; text_orientation=\u00a0\u00bbjustified\u00a0\u00bb custom_padding=\u00a0\u00bb30px|30px|20px|30px|false|false\u00a0\u00bb border_radii=\u00a0\u00bbon|20px|20px|20px|20px\u00a0\u00bb border_color_all=\u00a0\u00bb#95C11F\u00a0\u00bb global_colors_info=\u00a0\u00bb{}\u00a0\u00bb]<\/p>\n<h2>ARTISANS&rsquo; FRIDAY &#8211; 2e \u00c9dition<\/h2>\n<p>&nbsp;<\/p>\n<p>Apr\u00e8s un bapt\u00eame du feu m\u00e9morable et bourr\u00e9 d&rsquo;\u00e9motions, l&rsquo;Artisans&rsquo; Friday fait son grand retour pour une seconde \u00e9dition qui s&rsquo;annonce d\u00e9j\u00e0 \u00e9pique ! Rendez-vous est pris le 17 novembre de 18h00 \u00e0 minuit dans l&rsquo;antre de la convivialit\u00e9, la Chapelle Craonnaise !<\/p>\n<p>&nbsp;<\/p>\n<h3>Au programme ?<\/h3>\n<p>On garde la cr\u00e8me de la cr\u00e8me de la derni\u00e8re fois et on y ajoute une petite touche de folie ! Oui, vous avez bien lu, on garde le bon, on secoue le tout et on y ajoute une pinc\u00e9e de nouveaut\u00e9s qui vont vous faire p\u00e9tiller les mirettes !<\/p>\n<p>&nbsp;<\/p>\n<ul>\n<li><strong>Rencontre avec les artisans locaux<\/strong> : Ils sont de retour avec leurs cr\u00e9ations uniques et leur passion contagieuse. Venez \u00e9changer et d\u00e9couvrir l&rsquo;incroyable diversit\u00e9 de l&rsquo;artisanat local.<\/li>\n<p>&nbsp;<\/p>\n<li><strong>R\u00e9ductions exclusives<\/strong> : Nos artisans et commer\u00e7ants vous g\u00e2tent avec des r\u00e9ductions exceptionnelles pour la soir\u00e9e. L&rsquo;occasion de faire des emplettes judicieuses tout en soutenant l&rsquo;\u00e9conomie locale.<\/li>\n<p>&nbsp;<\/p>\n<li><strong>Tombola Solidaire<\/strong> : Nouveaut\u00e9 de l&rsquo;ann\u00e9e, une tombola avec des lots fabuleux offerts par nos artisans, et tout \u00e7a pour la bonne cause ! Les b\u00e9n\u00e9fices seront revers\u00e9s \u00e0 l&rsquo;association des cavernomes c\u00e9r\u00e9braux.<\/li>\n<p>&nbsp;<\/p>\n<li><strong>Bar &amp; Restauration<\/strong> : Et parce qu&rsquo;on sait que faire le plein de bonnes affaires, \u00e7a creuse, un espace bar et restauration sera \u00e0 votre disposition pour recharger les batteries.<\/li>\n<\/ul>\n<p>&nbsp;<br \/>\nL&rsquo;Artisans&rsquo; Friday, c&rsquo;est plus qu&rsquo;une soir\u00e9e, c&rsquo;est une aventure humaine et solidaire, une ode \u00e0 la cr\u00e9ativit\u00e9 et au savoir-faire local. Alors, bloquez la date, invitez vos amis, et pr\u00e9parez-vous \u00e0 vivre une soir\u00e9e qui a du sens et du pep&rsquo;s ![\/et_pb_text][\/et_pb_column][\/et_pb_row][\/et_pb_section][et_pb_section fb_built=\u00a0\u00bb1&Prime; _builder_version=\u00a0\u00bb4.21.0&Prime; _module_preset=\u00a0\u00bbdefault\u00a0\u00bb global_colors_info=\u00a0\u00bb{}\u00a0\u00bb][et_pb_row column_structure=\u00a0\u00bb3_4,1_4&Prime; _builder_version=\u00a0\u00bb4.21.0&Prime; _module_preset=\u00a0\u00bbdefault\u00a0\u00bb global_colors_info=\u00a0\u00bb{}\u00a0\u00bb][et_pb_column type=\u00a0\u00bb3_4&Prime; _builder_version=\u00a0\u00bb4.21.0&Prime; _module_preset=\u00a0\u00bbdefault\u00a0\u00bb global_colors_info=\u00a0\u00bb{}\u00a0\u00bb][et_pb_text _builder_version=\u00a0\u00bb4.21.0&Prime; _module_preset=\u00a0\u00bbdefault\u00a0\u00bb header_2_font=\u00a0\u00bb|||||on|||\u00a0\u00bb header_2_text_color=\u00a0\u00bb#3973C2&Prime; header_2_font_size=\u00a0\u00bb30px\u00a0\u00bb header_2_line_height=\u00a0\u00bb2.1em\u00a0\u00bb header_2_text_align_tablet=\u00a0\u00bb\u00a0\u00bb header_2_text_align_phone=\u00a0\u00bbcenter\u00a0\u00bb header_2_text_align_last_edited=\u00a0\u00bbon|phone\u00a0\u00bb global_colors_info=\u00a0\u00bb{}\u00a0\u00bb]<\/p>\n<h2>Les rendez-vous de l&rsquo;apess &#8211; l&rsquo;autre radio<\/h2>\n<p>Nous avons \u00e9t\u00e9 invit\u00e9s par l&rsquo;APESS 53 le 2 mai dernier afin de parler de notre entreprise. Nous avons parl\u00e9s \u00e9conomie circulaire et place des entreprises commerciales au sein de l\u2019\u00c9conomie Sociale et Solidaire. Un grand merci \u00e0 Nora et Elodie qui ont \u00e9t\u00e9s \u00e0 notre \u00e9coute ! C&rsquo;est \u00e0 \u00e9couter en podcast par <a href=\"https:\/\/lautreradio.fr\/Les_rendez_vous_de_lAPESS_du_02_05_2023_Les_rendez_vous_de_lAPESS\/132=0=6770\">ici<\/a>.<\/p>\n<p>[\/et_pb_text][\/et_pb_column][et_pb_column type=\u00a0\u00bb1_4&Prime; _builder_version=\u00a0\u00bb4.21.0&Prime; _module_preset=\u00a0\u00bbdefault\u00a0\u00bb global_colors_info=\u00a0\u00bb{}\u00a0\u00bb][et_pb_image src=\u00a0\u00bbhttps:\/\/relifepc.fr\/wp-content\/uploads\/2023\/05\/autre-radio.png\u00a0\u00bb alt=\u00a0\u00bbL&rsquo;autre radio, les rendez-vous de l&rsquo;APESS<br \/>\n\u00a0\u00bb title_text=\u00a0\u00bbautre radio\u00a0\u00bb _builder_version=\u00a0\u00bb4.21.0&Prime; _module_preset=\u00a0\u00bbdefault\u00a0\u00bb transform_translate=\u00a0\u00bb0px|-30px\u00a0\u00bb global_colors_info=\u00a0\u00bb{}\u00a0\u00bb][\/et_pb_image][\/et_pb_column][\/et_pb_row][et_pb_row _builder_version=\u00a0\u00bb4.21.0&Prime; _module_preset=\u00a0\u00bbdefault\u00a0\u00bb global_colors_info=\u00a0\u00bb{}\u00a0\u00bb][et_pb_column type=\u00a0\u00bb4_4&Prime; _builder_version=\u00a0\u00bb4.21.0&Prime; _module_preset=\u00a0\u00bbdefault\u00a0\u00bb global_colors_info=\u00a0\u00bb{}\u00a0\u00bb][et_pb_divider color=\u00a0\u00bb#84D6EE\u00a0\u00bb divider_style=\u00a0\u00bbdashed\u00a0\u00bb divider_weight=\u00a0\u00bb5px\u00a0\u00bb _builder_version=\u00a0\u00bb4.21.0&Prime; _module_preset=\u00a0\u00bbdefault\u00a0\u00bb global_colors_info=\u00a0\u00bb{}\u00a0\u00bb][\/et_pb_divider][\/et_pb_column][\/et_pb_row][\/et_pb_section][et_pb_section fb_built=\u00a0\u00bb1&Prime; _builder_version=\u00a0\u00bb4.20.2&Prime; _module_preset=\u00a0\u00bbdefault\u00a0\u00bb background_color=\u00a0\u00bb#FFFFFF\u00a0\u00bb global_colors_info=\u00a0\u00bb{}\u00a0\u00bb][et_pb_row _builder_version=\u00a0\u00bb4.20.2&Prime; _module_preset=\u00a0\u00bbdefault\u00a0\u00bb global_colors_info=\u00a0\u00bb{}\u00a0\u00bb][et_pb_column type=\u00a0\u00bb4_4&Prime; _builder_version=\u00a0\u00bb4.20.2&Prime; _module_preset=\u00a0\u00bbdefault\u00a0\u00bb global_colors_info=\u00a0\u00bb{}\u00a0\u00bb][et_pb_text _builder_version=\u00a0\u00bb4.21.0&Prime; _module_preset=\u00a0\u00bbdefault\u00a0\u00bb header_2_font=\u00a0\u00bb|||||on|||\u00a0\u00bb header_2_text_color=\u00a0\u00bb#3973C2&Prime; header_2_font_size=\u00a0\u00bb30px\u00a0\u00bb global_colors_info=\u00a0\u00bb{}\u00a0\u00bb]<\/p>\n<h2> Digital clean up day <\/h2>\n<p>[\/et_pb_text][et_pb_image src=\u00a0\u00bbhttps:\/\/relifepc.fr\/wp-content\/uploads\/2023\/03\/REEMPLOI-DIGITAL-CLEAN-UP-DAY.svg\u00a0\u00bb title_text=\u00a0\u00bbREEMPLOI DIGITAL CLEAN UP DAY\u00a0\u00bb _builder_version=\u00a0\u00bb4.21.0&Prime; _module_preset=\u00a0\u00bbdefault\u00a0\u00bb global_colors_info=\u00a0\u00bb{}\u00a0\u00bb][\/et_pb_image][\/et_pb_column][\/et_pb_row][et_pb_row _builder_version=\u00a0\u00bb4.20.2&Prime; _module_preset=\u00a0\u00bbdefault\u00a0\u00bb global_colors_info=\u00a0\u00bb{}\u00a0\u00bb][et_pb_column type=\u00a0\u00bb4_4&Prime; _builder_version=\u00a0\u00bb4.20.2&Prime; _module_preset=\u00a0\u00bbdefault\u00a0\u00bb global_colors_info=\u00a0\u00bb{}\u00a0\u00bb][et_pb_text _builder_version=\u00a0\u00bb4.20.2&Prime; _module_preset=\u00a0\u00bbdefault\u00a0\u00bb text_text_color=\u00a0\u00bb#000000&Prime; text_font_size=\u00a0\u00bb15px\u00a0\u00bb global_colors_info=\u00a0\u00bb{}\u00a0\u00bb]<\/p>\n<p>Comme chaque ann\u00e9e depuis trois ans aura lieu ce samedi 18 mars 2023 le DIGITAL CLEAN UP DAY. Pour cette occasion, super U Craon nous \u00e0 invit\u00e9 \u00e0 participer \u00e0 une op\u00e9ration de sensibilisation et de r\u00e9emploi. L&rsquo;occasion pour nous de venir \u00e0 votre rencontre afin de vous conseiller sur les bonnes pratiques \u00e0 avoir avec son mat\u00e9riel informatique. C&rsquo;est \u00e9galement l&rsquo;occasion de faire de la sensibilisation sur l&rsquo;inpact carbone de nos produits num\u00e9rique.<br \/>Ni une, ni deux, on saute sur son agenda et on note le rendez-vous !<br \/>Si vous \u00eates trop impatient, nous vous avons pr\u00e9par\u00e9 un article sur le digital clean up day : c&rsquo;est par <a href=\"https:\/\/relifepc.fr\/index.php\/2023\/03\/13\/le-digital-clean-up-day\/\">ici<\/a>.<\/p>\n<p>[\/et_pb_text][\/et_pb_column][\/et_pb_row][\/et_pb_section][et_pb_section fb_built=\u00a0\u00bb1&Prime; _builder_version=\u00a0\u00bb4.18.0&Prime; _module_preset=\u00a0\u00bbdefault\u00a0\u00bb background_color=\u00a0\u00bb#000000&Prime; custom_padding=\u00a0\u00bb||54px|||\u00a0\u00bb global_colors_info=\u00a0\u00bb{}\u00a0\u00bb][et_pb_row _builder_version=\u00a0\u00bb4.18.0&Prime; _module_preset=\u00a0\u00bbdefault\u00a0\u00bb global_colors_info=\u00a0\u00bb{}\u00a0\u00bb][et_pb_column type=\u00a0\u00bb4_4&Prime; _builder_version=\u00a0\u00bb4.18.0&Prime; _module_preset=\u00a0\u00bbdefault\u00a0\u00bb global_colors_info=\u00a0\u00bb{}\u00a0\u00bb][et_pb_divider color=\u00a0\u00bb#5ce1e6&Prime; divider_style=\u00a0\u00bbdashed\u00a0\u00bb divider_position=\u00a0\u00bbcenter\u00a0\u00bb divider_weight=\u00a0\u00bb5px\u00a0\u00bb _builder_version=\u00a0\u00bb4.18.0&Prime; _module_preset=\u00a0\u00bbdefault\u00a0\u00bb border_color_all=\u00a0\u00bb#A08C7A\u00a0\u00bb global_colors_info=\u00a0\u00bb{}\u00a0\u00bb][\/et_pb_divider][\/et_pb_column][\/et_pb_row][et_pb_row _builder_version=\u00a0\u00bb4.18.0&Prime; _module_preset=\u00a0\u00bbdefault\u00a0\u00bb global_colors_info=\u00a0\u00bb{}\u00a0\u00bb][et_pb_column type=\u00a0\u00bb4_4&Prime; _builder_version=\u00a0\u00bb4.18.0&Prime; _module_preset=\u00a0\u00bbdefault\u00a0\u00bb global_colors_info=\u00a0\u00bb{}\u00a0\u00bb][et_pb_text _builder_version=\u00a0\u00bb4.23&Prime; _module_preset=\u00a0\u00bbdefault\u00a0\u00bb text_font=\u00a0\u00bb||||||||\u00a0\u00bb text_text_color=\u00a0\u00bb#a8a8a8&Prime; text_font_size=\u00a0\u00bb19px\u00a0\u00bb header_2_font=\u00a0\u00bbRaleway Dots|700|||||||\u00a0\u00bb header_2_text_align=\u00a0\u00bbcenter\u00a0\u00bb header_2_text_color=\u00a0\u00bb#5ce1e6&Prime; header_2_font_size=\u00a0\u00bb100px\u00a0\u00bb header_2_letter_spacing=\u00a0\u00bb9px\u00a0\u00bb header_3_font=\u00a0\u00bbRaleway|600||||on|||\u00a0\u00bb header_3_text_align=\u00a0\u00bbcenter\u00a0\u00bb header_3_text_color=\u00a0\u00bb#5ce1e6&Prime; header_3_font_size=\u00a0\u00bb38px\u00a0\u00bb header_3_line_height=\u00a0\u00bb1.1em\u00a0\u00bb header_4_font=\u00a0\u00bbRaleway|600||on|||||\u00a0\u00bb header_4_text_align=\u00a0\u00bbcenter\u00a0\u00bb header_4_text_color=\u00a0\u00bb#FFFFFF\u00a0\u00bb header_4_font_size=\u00a0\u00bb27px\u00a0\u00bb header_4_line_height=\u00a0\u00bb1.2em\u00a0\u00bb text_orientation=\u00a0\u00bbcenter\u00a0\u00bb header_2_font_size_tablet=\u00a0\u00bb100px\u00a0\u00bb header_2_font_size_phone=\u00a0\u00bb40px\u00a0\u00bb header_2_font_size_last_edited=\u00a0\u00bbon|phone\u00a0\u00bb header_3_font_size_tablet=\u00a0\u00bb38px\u00a0\u00bb header_3_font_size_phone=\u00a0\u00bb26px\u00a0\u00bb header_3_font_size_last_edited=\u00a0\u00bbon|phone\u00a0\u00bb header_4_font_size_tablet=\u00a0\u00bb27px\u00a0\u00bb header_4_font_size_phone=\u00a0\u00bb23px\u00a0\u00bb header_4_font_size_last_edited=\u00a0\u00bbon|phone\u00a0\u00bb global_colors_info=\u00a0\u00bb{}\u00a0\u00bb]<\/p>\n<h2>ARTISANS&rsquo; FRIDAY<\/h2>\n<h3>VENDREDI 18 NOVEMBRE 2022 de 18h00 &#8211; Minuit<\/h3>\n<h4>Salle des f\u00eates de la Chapelle Craonnaise<\/h4>\n<p>&nbsp;<\/p>\n<p>Les artisans et commer\u00e7ants de la Chapelle Craonnaise vous convient \u00e0 la premi\u00e8re alternative locale du Black Friday.[\/et_pb_text][et_pb_divider color=\u00a0\u00bb#5ce1e6&Prime; divider_style=\u00a0\u00bbdashed\u00a0\u00bb divider_position=\u00a0\u00bbcenter\u00a0\u00bb divider_weight=\u00a0\u00bb5px\u00a0\u00bb _builder_version=\u00a0\u00bb4.18.0&Prime; _module_preset=\u00a0\u00bbdefault\u00a0\u00bb border_color_all=\u00a0\u00bb#A08C7A\u00a0\u00bb global_colors_info=\u00a0\u00bb{}\u00a0\u00bb][\/et_pb_divider][\/et_pb_column][\/et_pb_row][et_pb_row _builder_version=\u00a0\u00bb4.21.0&Prime; _module_preset=\u00a0\u00bbdefault\u00a0\u00bb global_colors_info=\u00a0\u00bb{}\u00a0\u00bb][et_pb_column type=\u00a0\u00bb4_4&Prime; _builder_version=\u00a0\u00bb4.18.0&Prime; _module_preset=\u00a0\u00bbdefault\u00a0\u00bb global_colors_info=\u00a0\u00bb{}\u00a0\u00bb][et_pb_text ul_type=\u00a0\u00bbsquare\u00a0\u00bb ul_position=\u00a0\u00bbinside\u00a0\u00bb ul_item_indent=\u00a0\u00bb20px\u00a0\u00bb _builder_version=\u00a0\u00bb4.18.0&Prime; _module_preset=\u00a0\u00bbdefault\u00a0\u00bb text_font=\u00a0\u00bbRaleway||||||||\u00a0\u00bb text_text_color=\u00a0\u00bb#FFFFFF\u00a0\u00bb text_font_size=\u00a0\u00bb15px\u00a0\u00bb ul_font=\u00a0\u00bbRaleway||||||||\u00a0\u00bb ul_text_align=\u00a0\u00bbleft\u00a0\u00bb ul_text_color=\u00a0\u00bb#FFFFFF\u00a0\u00bb header_2_font=\u00a0\u00bbRaleway|900||||on|||\u00a0\u00bb header_2_text_color=\u00a0\u00bb#5ce1e6&Prime; header_3_font=\u00a0\u00bbRaleway Dots|700||on|||||\u00a0\u00bb header_3_text_color=\u00a0\u00bb#5ce1e6&Prime; header_3_font_size=\u00a0\u00bb41px\u00a0\u00bb text_orientation=\u00a0\u00bbjustified\u00a0\u00bb global_colors_info=\u00a0\u00bb{}\u00a0\u00bb]<\/p>\n<h2>Le Principe ?<\/h2>\n<p>Mettre en avant les artisans et commer\u00e7ants locaux, les connaitre et les rencontrer.<br \/>\nProposer une alternative plus vertueuse au Black Friday et ramenant le consommateur vers une consommation plus locale et responsable !<\/p>\n<h2>Le Programme ?<\/h2>\n<ul>\n<li>Des r\u00e9ductions des artisans et commer\u00e7ants sur leur prestations et leurs produits.<\/li>\n<li>Une tombola gratuite sur place, M3D 53 mettra en jeu un ordinateur fixe complet. Mais aussi un panier garni, un diner pour deux et des objets de d\u00e9corations.<\/li>\n<li>Une buvette et une restauration sur place (galette saucisse et cr\u00eapes), propos\u00e9 par l&rsquo;Etangs Anciens, dernier commerce de la Chapelle Craonnaise.<\/li>\n<\/ul>\n<p>&nbsp;<\/p>\n<h3>\n<p style=\"text-align: center;\">Venez nombreux !<\/p>\n<\/h3>\n<p>[\/et_pb_text][et_pb_divider color=\u00a0\u00bb#5ce1e6&Prime; divider_style=\u00a0\u00bbdashed\u00a0\u00bb divider_position=\u00a0\u00bbcenter\u00a0\u00bb divider_weight=\u00a0\u00bb5px\u00a0\u00bb _builder_version=\u00a0\u00bb4.18.0&Prime; _module_preset=\u00a0\u00bbdefault\u00a0\u00bb border_color_all=\u00a0\u00bb#A08C7A\u00a0\u00bb global_colors_info=\u00a0\u00bb{}\u00a0\u00bb][\/et_pb_divider][\/et_pb_column][\/et_pb_row][et_pb_row _builder_version=\u00a0\u00bb4.18.0&Prime; _module_preset=\u00a0\u00bbdefault\u00a0\u00bb global_colors_info=\u00a0\u00bb{}\u00a0\u00bb][et_pb_column type=\u00a0\u00bb4_4&Prime; _builder_version=\u00a0\u00bb4.18.0&Prime; _module_preset=\u00a0\u00bbdefault\u00a0\u00bb global_colors_info=\u00a0\u00bb{}\u00a0\u00bb][et_pb_text _builder_version=\u00a0\u00bb4.18.0&Prime; _module_preset=\u00a0\u00bbdefault\u00a0\u00bb text_font=\u00a0\u00bbRaleway||||||||\u00a0\u00bb text_text_color=\u00a0\u00bb#ffffff\u00a0\u00bb text_font_size=\u00a0\u00bb20px\u00a0\u00bb text_orientation=\u00a0\u00bbcenter\u00a0\u00bb global_colors_info=\u00a0\u00bb{}\u00a0\u00bb]Vous serez l\u00e0 ? Venez nous le dire ! Plus de renseignements et inscription  :[\/et_pb_text][et_pb_button button_url=\u00a0\u00bbhttps:\/\/www.facebook.com\/events\/883901355911307?ref=newsfeed\u00a0\u00bb button_text=\u00a0\u00bbRenseignements et inscriptions\u00a0\u00bb button_alignment=\u00a0\u00bbcenter\u00a0\u00bb _builder_version=\u00a0\u00bb4.18.0&Prime; _module_preset=\u00a0\u00bbdefault\u00a0\u00bb custom_button=\u00a0\u00bbon\u00a0\u00bb button_text_color=\u00a0\u00bb#FFFFFF\u00a0\u00bb button_bg_color=\u00a0\u00bb#5ce1e6&Prime; button_border_width=\u00a0\u00bb0px\u00a0\u00bb button_border_radius=\u00a0\u00bb10px\u00a0\u00bb button_font=\u00a0\u00bb|||||on|||\u00a0\u00bb button_icon=\u00a0\u00bb&#xe0c1;||divi||400&Prime; button_icon_color=\u00a0\u00bb#3973C2&Prime; box_shadow_style=\u00a0\u00bbpreset1&Prime; box_shadow_color=\u00a0\u00bb#5ce1e6&Prime; global_colors_info=\u00a0\u00bb{}\u00a0\u00bb][\/et_pb_button][et_pb_image src=\u00a0\u00bbhttps:\/\/relifepc.fr\/wp-content\/uploads\/2022\/10\/baniere-site-m3d53.png\u00a0\u00bb title_text=\u00a0\u00bbbani\u00e8re site m3d53&Prime; _builder_version=\u00a0\u00bb4.18.0&Prime; _module_preset=\u00a0\u00bbdefault\u00a0\u00bb global_colors_info=\u00a0\u00bb{}\u00a0\u00bb][\/et_pb_image][\/et_pb_column][\/et_pb_row][\/et_pb_section][et_pb_section fb_built=\u00a0\u00bb1&Prime; _builder_version=\u00a0\u00bb4.17.6&Prime; _module_preset=\u00a0\u00bbdefault\u00a0\u00bb global_colors_info=\u00a0\u00bb{}\u00a0\u00bb][et_pb_row column_structure=\u00a0\u00bb1_2,1_2&Prime; _builder_version=\u00a0\u00bb4.21.0&Prime; _module_preset=\u00a0\u00bbdefault\u00a0\u00bb max_width=\u00a0\u00bb1500px\u00a0\u00bb module_alignment=\u00a0\u00bbcenter\u00a0\u00bb custom_margin=\u00a0\u00bb||||false|false\u00a0\u00bb custom_margin_tablet=\u00a0\u00bb||||false|false\u00a0\u00bb custom_margin_phone=\u00a0\u00bb0px||||false|false\u00a0\u00bb custom_margin_last_edited=\u00a0\u00bbon|phone\u00a0\u00bb custom_padding=\u00a0\u00bb0px||||false|false\u00a0\u00bb global_colors_info=\u00a0\u00bb{}\u00a0\u00bb][et_pb_column type=\u00a0\u00bb1_2&Prime; _builder_version=\u00a0\u00bb4.17.6&Prime; _module_preset=\u00a0\u00bbdefault\u00a0\u00bb global_colors_info=\u00a0\u00bb{}\u00a0\u00bb][et_pb_text _builder_version=\u00a0\u00bb4.21.0&Prime; _module_preset=\u00a0\u00bbdefault\u00a0\u00bb header_font=\u00a0\u00bb||||||||\u00a0\u00bb header_2_font=\u00a0\u00bb|||||on|||\u00a0\u00bb header_2_text_align=\u00a0\u00bbjustify\u00a0\u00bb header_2_text_color=\u00a0\u00bb#3973C2&Prime; header_2_font_size=\u00a0\u00bb30px\u00a0\u00bb header_3_font=\u00a0\u00bb||||||||\u00a0\u00bb header_3_text_color=\u00a0\u00bb#A08C7A\u00a0\u00bb header_3_font_size=\u00a0\u00bb20px\u00a0\u00bb header_4_font_size=\u00a0\u00bb14px\u00a0\u00bb text_orientation=\u00a0\u00bbjustified\u00a0\u00bb header_2_text_align_tablet=\u00a0\u00bbjustify\u00a0\u00bb header_2_text_align_phone=\u00a0\u00bbcenter\u00a0\u00bb header_2_text_align_last_edited=\u00a0\u00bbon|phone\u00a0\u00bb header_2_text_color_tablet=\u00a0\u00bb#3973C2&Prime; header_2_text_color_phone=\u00a0\u00bb#3973C2&Prime; header_2_text_color_last_edited=\u00a0\u00bbon|phone\u00a0\u00bb global_colors_info=\u00a0\u00bb{}\u00a0\u00bb]<\/p>\n<h2>L&rsquo;usage \u00e9co-responsable du num\u00e9rique et son acc\u00e8s \u00e0 tous<\/h2>\n<h3>Vendredi 16 septembre 2022<\/h3>\n<p>M3D 53 participera \u00e0 une matin\u00e9e au tiers-lieu du collectif 2-4 \u00e0 Pr\u00e9-en-Pail-St-Samson, organis\u00e9 par l&rsquo;APESS 53.<br \/>Cette matin\u00e9e sera l&rsquo;occasion de pr\u00e9senter les diff\u00e9rentes solutions de r\u00e9emploi dans le d\u00e9partement, mais aussi l&rsquo;acc\u00e8s au num\u00e9rique pour tous.\u00a0<\/p>\n<h3>Au programme :<\/h3>\n<p>&nbsp;<\/p>\n<h4>De 9h30 \u00e0 11h30 :<\/h4>\n<p>&gt; D\u00e9couverte des espaces num\u00e9riques du Collectif 2-4, de Ligue de l&rsquo;enseignement &#8211; FAL 53, du fab lab Mayhumanlab<br \/>&gt; Pr\u00e9sentation par le Conseil D\u00e9partemental des conseillers num\u00e9riques et de l&rsquo;accompagnement des tiers-lieux.\u00a0<\/p>\n<h4>De 11h30 \u00e0 13h<\/h4>\n<p><i>En collaboration avec Le Collectif 2-4, La Ligue de l&rsquo;Enseignement, Les Possibles, May&rsquo;Human Lab, et M3D 53 :<\/i><\/p>\n<p>&gt; \ud83d\udee0\ufe0f Repair Caf\u00e9 : r\u00e9parer soi-m\u00eame son ordinateur et son mat\u00e9riel \u00e9lectronique<br \/>&gt; \u2699\ufe0f Impression 3D : R\u00e9parer et cr\u00e9er soi-m\u00eame ses objets<br \/>&gt; \ud83d\udde8\ufe0f \u00c9change autour des logiciels libres\u00a0<\/p>\n<p>C&rsquo;est gratuit et ouvert \u00e0 tous, alors profitez-en !<br \/>L&rsquo;inscription c&rsquo;est par <a href=\"https:\/\/framaforms.org\/atelier-numerique-16-septembre-1658930521?fbclid=IwAR1Buwo1ZOPlG-zpaLYQfaPc2jF-fX5QMPUlAxZH0OUIbw5HI5FPuA1KQKA\">ici<\/a>.<br \/>Pour plus d&rsquo;information, contactez l&rsquo;APESS 53 : 06 36 37 20 41 &#8211; contact@apess53.org<\/p>\n<p>[\/et_pb_text][\/et_pb_column][et_pb_column type=\u00a0\u00bb1_2&Prime; _builder_version=\u00a0\u00bb4.17.6&Prime; _module_preset=\u00a0\u00bbdefault\u00a0\u00bb global_colors_info=\u00a0\u00bb{}\u00a0\u00bb][et_pb_image src=\u00a0\u00bbhttps:\/\/relifepc.fr\/wp-content\/uploads\/2022\/08\/Screenshot-2022-08-10-at-10-54-59-2-Facebook-1.png\u00a0\u00bb alt=\u00a0\u00bbAPESS 53 Usage num\u00e9riques \u00e9co-responsable\u00a0\u00bb title_text=\u00a0\u00bbAPESS 53 Usage num\u00e9riques \u00e9co-responsable\u00a0\u00bb _builder_version=\u00a0\u00bb4.17.6&Prime; _module_preset=\u00a0\u00bbdefault\u00a0\u00bb custom_margin=\u00a0\u00bb0px||||false|false\u00a0\u00bb global_colors_info=\u00a0\u00bb{}\u00a0\u00bb][\/et_pb_image][\/et_pb_column][\/et_pb_row][\/et_pb_section]<\/p>\n","protected":false},"excerpt":{"rendered":"<p>ACTUALIT\u00c9S ET \u00c9V\u00c9NEMENTSRetrouvez dans cette section toute l&rsquo;actualit\u00e9 de RelifePC et sa participation aux \u00e9v\u00e9nements locaux !\ud83c\udf77\u2728 Verre et savoir-faire d\u00e9barque \u00e0 Denaz\u00e9 ! \u2728\ud83c\udf77 Le vendredi 10 avril, on te donne rendez-vous pour une soir\u00e9e comme on les aime :\ud83d\udc49 des artisans passionn\u00e9s\ud83d\udc49 des commer\u00e7ants locaux\ud83d\udc49 du partage\u2026 et un petit verre \u00e9videmment \ud83d\ude0f [&hellip;]<\/p>\n","protected":false},"author":1,"featured_media":910,"parent":0,"menu_order":0,"comment_status":"closed","ping_status":"closed","template":"","meta":{"_et_pb_use_builder":"on","_et_pb_old_content":"","_et_gb_content_width":"","inline_featured_image":false,"footnotes":""},"class_list":["post-973","page","type-page","status-publish","has-post-thumbnail","hentry"],"yoast_head":"<!-- This site is optimized with the Yoast SEO plugin v27.5 - https:\/\/yoast.com\/product\/yoast-seo-wordpress\/ -->\n<title>Actualit\u00e9s et \u00e9v\u00e9nements - Relife PC<\/title>\n<meta name=\"description\" content=\"Suivez l&#039;actualit\u00e9 de Relife PC, votre sp\u00e9cialiste en informatique \u00e0 Laval : nouveaut\u00e9s, conseils IT, et innovations reconditionn\u00e9e.\" \/>\n<meta name=\"robots\" content=\"index, follow, max-snippet:-1, max-image-preview:large, max-video-preview:-1\" \/>\n<link rel=\"canonical\" href=\"https:\/\/relifepc.fr\/index.php\/actualites-et-evenements\/\" \/>\n<meta property=\"og:locale\" content=\"fr_FR\" \/>\n<meta property=\"og:type\" content=\"article\" \/>\n<meta property=\"og:title\" content=\"Actualit\u00e9s et \u00e9v\u00e9nements - Relife PC\" \/>\n<meta property=\"og:description\" content=\"Suivez l&#039;actualit\u00e9 de Relife PC, votre sp\u00e9cialiste en informatique \u00e0 Laval : nouveaut\u00e9s, conseils IT, et innovations reconditionn\u00e9e.\" \/>\n<meta property=\"og:url\" content=\"https:\/\/relifepc.fr\/index.php\/actualites-et-evenements\/\" \/>\n<meta property=\"og:site_name\" content=\"Relife PC\" \/>\n<meta property=\"article:publisher\" content=\"https:\/\/www.facebook.com\/relifepclaval\" \/>\n<meta property=\"article:modified_time\" content=\"2026-04-06T08:11:10+00:00\" \/>\n<meta property=\"og:image\" content=\"https:\/\/relifepc.fr\/wp-content\/uploads\/2022\/07\/Sans-titre-29.7-\u00d7-21-cm-1024x724.png\" \/>\n\t<meta property=\"og:image:width\" content=\"1024\" \/>\n\t<meta property=\"og:image:height\" content=\"724\" \/>\n\t<meta property=\"og:image:type\" content=\"image\/png\" \/>\n<meta name=\"twitter:card\" content=\"summary_large_image\" \/>\n<meta name=\"twitter:label1\" content=\"Dur\u00e9e de lecture estim\u00e9e\" \/>\n\t<meta name=\"twitter:data1\" content=\"6 minutes\" \/>\n<script type=\"application\/ld+json\" class=\"yoast-schema-graph\">{\"@context\":\"https:\\\/\\\/schema.org\",\"@graph\":[{\"@type\":\"WebPage\",\"@id\":\"https:\\\/\\\/relifepc.fr\\\/index.php\\\/actualites-et-evenements\\\/\",\"url\":\"https:\\\/\\\/relifepc.fr\\\/index.php\\\/actualites-et-evenements\\\/\",\"name\":\"Actualit\u00e9s et \u00e9v\u00e9nements - Relife PC\",\"isPartOf\":{\"@id\":\"https:\\\/\\\/www.relifepc.fr\\\/#website\"},\"primaryImageOfPage\":{\"@id\":\"https:\\\/\\\/relifepc.fr\\\/index.php\\\/actualites-et-evenements\\\/#primaryimage\"},\"image\":{\"@id\":\"https:\\\/\\\/relifepc.fr\\\/index.php\\\/actualites-et-evenements\\\/#primaryimage\"},\"thumbnailUrl\":\"https:\\\/\\\/relifepc.fr\\\/wp-content\\\/uploads\\\/2022\\\/07\\\/Sans-titre-29.7-\u00d7-21-cm.png\",\"datePublished\":\"2022-08-10T09:54:54+00:00\",\"dateModified\":\"2026-04-06T08:11:10+00:00\",\"description\":\"Suivez l'actualit\u00e9 de Relife PC, votre sp\u00e9cialiste en informatique \u00e0 Laval : nouveaut\u00e9s, conseils IT, et innovations reconditionn\u00e9e.\",\"breadcrumb\":{\"@id\":\"https:\\\/\\\/relifepc.fr\\\/index.php\\\/actualites-et-evenements\\\/#breadcrumb\"},\"inLanguage\":\"fr-FR\",\"potentialAction\":[{\"@type\":\"ReadAction\",\"target\":[\"https:\\\/\\\/relifepc.fr\\\/index.php\\\/actualites-et-evenements\\\/\"]}]},{\"@type\":\"ImageObject\",\"inLanguage\":\"fr-FR\",\"@id\":\"https:\\\/\\\/relifepc.fr\\\/index.php\\\/actualites-et-evenements\\\/#primaryimage\",\"url\":\"https:\\\/\\\/relifepc.fr\\\/wp-content\\\/uploads\\\/2022\\\/07\\\/Sans-titre-29.7-\u00d7-21-cm.png\",\"contentUrl\":\"https:\\\/\\\/relifepc.fr\\\/wp-content\\\/uploads\\\/2022\\\/07\\\/Sans-titre-29.7-\u00d7-21-cm.png\",\"width\":2000,\"height\":1414,\"caption\":\"Relife PC partage ses derni\u00e8res actualit\u00e9s et initiatives pour un num\u00e9rique plus responsable \u00e0 Laval.\"},{\"@type\":\"BreadcrumbList\",\"@id\":\"https:\\\/\\\/relifepc.fr\\\/index.php\\\/actualites-et-evenements\\\/#breadcrumb\",\"itemListElement\":[{\"@type\":\"ListItem\",\"position\":1,\"name\":\"Accueil\",\"item\":\"https:\\\/\\\/relifepc.fr\\\/\"},{\"@type\":\"ListItem\",\"position\":2,\"name\":\"Actualit\u00e9s et \u00e9v\u00e9nements\"}]},{\"@type\":\"WebSite\",\"@id\":\"https:\\\/\\\/www.relifepc.fr\\\/#website\",\"url\":\"https:\\\/\\\/www.relifepc.fr\\\/\",\"name\":\"Relife PC\",\"description\":\"Green is the new geek\",\"potentialAction\":[{\"@type\":\"SearchAction\",\"target\":{\"@type\":\"EntryPoint\",\"urlTemplate\":\"https:\\\/\\\/www.relifepc.fr\\\/?s={search_term_string}\"},\"query-input\":{\"@type\":\"PropertyValueSpecification\",\"valueRequired\":true,\"valueName\":\"search_term_string\"}}],\"inLanguage\":\"fr-FR\"}]}<\/script>\n<!-- \/ Yoast SEO plugin. -->","yoast_head_json":{"title":"Actualit\u00e9s et \u00e9v\u00e9nements - Relife PC","description":"Suivez l'actualit\u00e9 de Relife PC, votre sp\u00e9cialiste en informatique \u00e0 Laval : nouveaut\u00e9s, conseils IT, et innovations reconditionn\u00e9e.","robots":{"index":"index","follow":"follow","max-snippet":"max-snippet:-1","max-image-preview":"max-image-preview:large","max-video-preview":"max-video-preview:-1"},"canonical":"https:\/\/relifepc.fr\/index.php\/actualites-et-evenements\/","og_locale":"fr_FR","og_type":"article","og_title":"Actualit\u00e9s et \u00e9v\u00e9nements - Relife PC","og_description":"Suivez l'actualit\u00e9 de Relife PC, votre sp\u00e9cialiste en informatique \u00e0 Laval : nouveaut\u00e9s, conseils IT, et innovations reconditionn\u00e9e.","og_url":"https:\/\/relifepc.fr\/index.php\/actualites-et-evenements\/","og_site_name":"Relife PC","article_publisher":"https:\/\/www.facebook.com\/relifepclaval","article_modified_time":"2026-04-06T08:11:10+00:00","og_image":[{"width":1024,"height":724,"url":"https:\/\/relifepc.fr\/wp-content\/uploads\/2022\/07\/Sans-titre-29.7-\u00d7-21-cm-1024x724.png","type":"image\/png"}],"twitter_card":"summary_large_image","twitter_misc":{"Dur\u00e9e de lecture estim\u00e9e":"6 minutes"},"schema":{"@context":"https:\/\/schema.org","@graph":[{"@type":"WebPage","@id":"https:\/\/relifepc.fr\/index.php\/actualites-et-evenements\/","url":"https:\/\/relifepc.fr\/index.php\/actualites-et-evenements\/","name":"Actualit\u00e9s et \u00e9v\u00e9nements - Relife PC","isPartOf":{"@id":"https:\/\/www.relifepc.fr\/#website"},"primaryImageOfPage":{"@id":"https:\/\/relifepc.fr\/index.php\/actualites-et-evenements\/#primaryimage"},"image":{"@id":"https:\/\/relifepc.fr\/index.php\/actualites-et-evenements\/#primaryimage"},"thumbnailUrl":"https:\/\/relifepc.fr\/wp-content\/uploads\/2022\/07\/Sans-titre-29.7-\u00d7-21-cm.png","datePublished":"2022-08-10T09:54:54+00:00","dateModified":"2026-04-06T08:11:10+00:00","description":"Suivez l'actualit\u00e9 de Relife PC, votre sp\u00e9cialiste en informatique \u00e0 Laval : nouveaut\u00e9s, conseils IT, et innovations reconditionn\u00e9e.","breadcrumb":{"@id":"https:\/\/relifepc.fr\/index.php\/actualites-et-evenements\/#breadcrumb"},"inLanguage":"fr-FR","potentialAction":[{"@type":"ReadAction","target":["https:\/\/relifepc.fr\/index.php\/actualites-et-evenements\/"]}]},{"@type":"ImageObject","inLanguage":"fr-FR","@id":"https:\/\/relifepc.fr\/index.php\/actualites-et-evenements\/#primaryimage","url":"https:\/\/relifepc.fr\/wp-content\/uploads\/2022\/07\/Sans-titre-29.7-\u00d7-21-cm.png","contentUrl":"https:\/\/relifepc.fr\/wp-content\/uploads\/2022\/07\/Sans-titre-29.7-\u00d7-21-cm.png","width":2000,"height":1414,"caption":"Relife PC partage ses derni\u00e8res actualit\u00e9s et initiatives pour un num\u00e9rique plus responsable \u00e0 Laval."},{"@type":"BreadcrumbList","@id":"https:\/\/relifepc.fr\/index.php\/actualites-et-evenements\/#breadcrumb","itemListElement":[{"@type":"ListItem","position":1,"name":"Accueil","item":"https:\/\/relifepc.fr\/"},{"@type":"ListItem","position":2,"name":"Actualit\u00e9s et \u00e9v\u00e9nements"}]},{"@type":"WebSite","@id":"https:\/\/www.relifepc.fr\/#website","url":"https:\/\/www.relifepc.fr\/","name":"Relife PC","description":"Green is the new geek","potentialAction":[{"@type":"SearchAction","target":{"@type":"EntryPoint","urlTemplate":"https:\/\/www.relifepc.fr\/?s={search_term_string}"},"query-input":{"@type":"PropertyValueSpecification","valueRequired":true,"valueName":"search_term_string"}}],"inLanguage":"fr-FR"}]}},"_links":{"self":[{"href":"https:\/\/relifepc.fr\/index.php\/wp-json\/wp\/v2\/pages\/973","targetHints":{"allow":["GET"]}}],"collection":[{"href":"https:\/\/relifepc.fr\/index.php\/wp-json\/wp\/v2\/pages"}],"about":[{"href":"https:\/\/relifepc.fr\/index.php\/wp-json\/wp\/v2\/types\/page"}],"author":[{"embeddable":true,"href":"https:\/\/relifepc.fr\/index.php\/wp-json\/wp\/v2\/users\/1"}],"replies":[{"embeddable":true,"href":"https:\/\/relifepc.fr\/index.php\/wp-json\/wp\/v2\/comments?post=973"}],"version-history":[{"count":59,"href":"https:\/\/relifepc.fr\/index.php\/wp-json\/wp\/v2\/pages\/973\/revisions"}],"predecessor-version":[{"id":4185,"href":"https:\/\/relifepc.fr\/index.php\/wp-json\/wp\/v2\/pages\/973\/revisions\/4185"}],"wp:featuredmedia":[{"embeddable":true,"href":"https:\/\/relifepc.fr\/index.php\/wp-json\/wp\/v2\/media\/910"}],"wp:attachment":[{"href":"https:\/\/relifepc.fr\/index.php\/wp-json\/wp\/v2\/media?parent=973"}],"curies":[{"name":"wp","href":"https:\/\/api.w.org\/{rel}","templated":true}]}}