{"id":3388,"date":"2024-12-04T18:42:03","date_gmt":"2024-12-04T17:42:03","guid":{"rendered":"http:\/\/relifepc.fr\/?page_id=3388"},"modified":"2026-03-13T06:56:58","modified_gmt":"2026-03-13T05:56:58","slug":"reparation-mac","status":"publish","type":"page","link":"https:\/\/relifepc.fr\/index.php\/reparation-mac\/","title":{"rendered":"R\u00e9paration Mac Laval"},"content":{"rendered":"<p>[et_pb_section fb_built=\u00a0\u00bb1&Prime; admin_label=\u00a0\u00bbHeader\u00a0\u00bb _builder_version=\u00a0\u00bb4.27.4&Prime; _module_preset=\u00a0\u00bbdefault\u00a0\u00bb background_color=\u00a0\u00bb#004D33&Prime; background_enable_image=\u00a0\u00bboff\u00a0\u00bb overflow-x=\u00a0\u00bbhidden\u00a0\u00bb overflow-y=\u00a0\u00bbhidden\u00a0\u00bb custom_padding=\u00a0\u00bb||0px||false|false\u00a0\u00bb box_shadow_style=\u00a0\u00bbpreset7&Prime; box_shadow_horizontal=\u00a0\u00bb0px\u00a0\u00bb box_shadow_vertical=\u00a0\u00bb-90px\u00a0\u00bb box_shadow_color=\u00a0\u00bb#FFFFFF\u00a0\u00bb collapsed=\u00a0\u00bbon\u00a0\u00bb global_colors_info=\u00a0\u00bb{}\u00a0\u00bb][et_pb_row column_structure=\u00a0\u00bb1_2,1_2&Prime; make_equal=\u00a0\u00bbon\u00a0\u00bb _builder_version=\u00a0\u00bb4.21.0&Prime; _module_preset=\u00a0\u00bbdefault\u00a0\u00bb global_colors_info=\u00a0\u00bb{}\u00a0\u00bb][et_pb_column type=\u00a0\u00bb1_2&Prime; _builder_version=\u00a0\u00bb4.21.0&Prime; _module_preset=\u00a0\u00bbdefault\u00a0\u00bb custom_padding=\u00a0\u00bb60px||120px||false|false\u00a0\u00bb custom_padding_tablet=\u00a0\u00bb0px||0px||true|false\u00a0\u00bb custom_padding_phone=\u00a0\u00bb0px||||false|false\u00a0\u00bb custom_padding_last_edited=\u00a0\u00bbon|desktop\u00a0\u00bb global_colors_info=\u00a0\u00bb{}\u00a0\u00bb][et_pb_text _builder_version=\u00a0\u00bb4.27.4&Prime; _module_preset=\u00a0\u00bb_initial\u00a0\u00bb header_font=\u00a0\u00bbComfortaa|700||on|||||\u00a0\u00bb header_text_color=\u00a0\u00bb#FFFFFF\u00a0\u00bb header_font_size=\u00a0\u00bb72px\u00a0\u00bb header_letter_spacing=\u00a0\u00bb-4px\u00a0\u00bb header_line_height=\u00a0\u00bb1.2em\u00a0\u00bb custom_margin=\u00a0\u00bb||10px||false|false\u00a0\u00bb header_font_size_tablet=\u00a0\u00bb40px\u00a0\u00bb header_font_size_phone=\u00a0\u00bb24px\u00a0\u00bb header_font_size_last_edited=\u00a0\u00bbon|desktop\u00a0\u00bb global_colors_info=\u00a0\u00bb{}\u00a0\u00bb]<\/p>\n<h1>R\u00e9paration MAC LAVAL<\/h1>\n<p>[\/et_pb_text][et_pb_text _builder_version=\u00a0\u00bb4.27.4&Prime; _module_preset=\u00a0\u00bb_initial\u00a0\u00bb text_text_color=\u00a0\u00bb#FFFFFF\u00a0\u00bb text_line_height=\u00a0\u00bb1.8em\u00a0\u00bb text_font_size_tablet=\u00a0\u00bb15px\u00a0\u00bb text_font_size_phone=\u00a0\u00bb14px\u00a0\u00bb text_font_size_last_edited=\u00a0\u00bbon|desktop\u00a0\u00bb global_colors_info=\u00a0\u00bb{}\u00a0\u00bb]<\/p>\n<p>Malheur !<\/p>\n<p>Ton pr\u00e9cieux<strong> Mac<\/strong> est tomb\u00e9 et son <strong>\u00e9cran<\/strong> est cass\u00e9 ? Beaucoup d&rsquo;informaticiens refusent de toucher \u00e0 ton joujou <strong>Apple<\/strong> ?<\/p>\n<p>Pas de panique ! Chez Relife PC, on ne se contente pas de prolonger la vie des PC : on redonne aussi une <strong>seconde jeunesse \u00e0 tes Mac<\/strong>.<\/p>\n<p>[\/et_pb_text][et_pb_button button_url=\u00a0\u00bb@ET-DC@eyJkeW5hbWljIjp0cnVlLCJjb250ZW50IjoicG9zdF9saW5rX3VybF9wYWdlIiwic2V0dGluZ3MiOnsicG9zdF9pZCI6IjI4OSJ9fQ==@\u00a0\u00bb button_text=\u00a0\u00bbContact\u00a0\u00bb button_alignment=\u00a0\u00bbleft\u00a0\u00bb _builder_version=\u00a0\u00bb4.27.4&Prime; _dynamic_attributes=\u00a0\u00bbbutton_url\u00a0\u00bb _module_preset=\u00a0\u00bb_initial\u00a0\u00bb custom_button=\u00a0\u00bbon\u00a0\u00bb button_text_size=\u00a0\u00bb14px\u00a0\u00bb button_text_color=\u00a0\u00bb#004D33&Prime; button_bg_color=\u00a0\u00bb#95C11F\u00a0\u00bb button_border_width=\u00a0\u00bb0px\u00a0\u00bb button_border_radius=\u00a0\u00bb100px\u00a0\u00bb button_letter_spacing=\u00a0\u00bb0.16em\u00a0\u00bb button_font=\u00a0\u00bbComfortaa|700||on|||||\u00a0\u00bb button_icon=\u00a0\u00bb&#x3d;||divi||400&Prime; custom_padding=\u00a0\u00bb18px|36px|18px|36px|true|true\u00a0\u00bb global_colors_info=\u00a0\u00bb{}\u00a0\u00bb][\/et_pb_button][\/et_pb_column][et_pb_column type=\u00a0\u00bb1_2&Prime; _builder_version=\u00a0\u00bb4.20.0&Prime; _module_preset=\u00a0\u00bbdefault\u00a0\u00bb global_colors_info=\u00a0\u00bb{}\u00a0\u00bb][et_pb_image src=\u00a0\u00bbhttps:\/\/relifepc.fr\/wp-content\/uploads\/2024\/12\/Sans-titre-3.svg\u00a0\u00bb alt=\u00a0\u00bbMacBook , pr\u00eat pour une r\u00e9paration.\u00a0\u00bb title_text=\u00a0\u00bbMacBook en cours de r\u00e9paration \u00e0 Laval\u00a0\u00bb _builder_version=\u00a0\u00bb4.27.4&Prime; _module_preset=\u00a0\u00bbdefault\u00a0\u00bb position_origin_a=\u00a0\u00bbbottom_left\u00a0\u00bb position_origin_a_tablet=\u00a0\u00bbbottom_left\u00a0\u00bb position_origin_a_phone=\u00a0\u00bbbottom_left\u00a0\u00bb position_origin_a_last_edited=\u00a0\u00bboff|desktop\u00a0\u00bb position_origin_f_last_edited=\u00a0\u00bboff|desktop\u00a0\u00bb position_origin_r_last_edited=\u00a0\u00bboff|desktop\u00a0\u00bb custom_margin=\u00a0\u00bb|-24vw|||false|false\u00a0\u00bb positioning_tablet=\u00a0\u00bbnone\u00a0\u00bb positioning_phone=\u00a0\u00bbnone\u00a0\u00bb positioning_last_edited=\u00a0\u00bboff|desktop\u00a0\u00bb global_colors_info=\u00a0\u00bb{}\u00a0\u00bb][\/et_pb_image][\/et_pb_column][\/et_pb_row][\/et_pb_section][et_pb_section fb_built=\u00a0\u00bb1&Prime; admin_label=\u00a0\u00bbFeatures\u00a0\u00bb _builder_version=\u00a0\u00bb4.20.0&Prime; _module_preset=\u00a0\u00bbdefault\u00a0\u00bb collapsed=\u00a0\u00bbon\u00a0\u00bb global_colors_info=\u00a0\u00bb{}\u00a0\u00bb][et_pb_row _builder_version=\u00a0\u00bb4.27.4&Prime; _module_preset=\u00a0\u00bbdefault\u00a0\u00bb global_colors_info=\u00a0\u00bb{}\u00a0\u00bb][et_pb_column type=\u00a0\u00bb4_4&Prime; _builder_version=\u00a0\u00bb4.27.4&Prime; _module_preset=\u00a0\u00bbdefault\u00a0\u00bb global_colors_info=\u00a0\u00bb{}\u00a0\u00bb][et_pb_text _builder_version=\u00a0\u00bb4.27.4&Prime; _module_preset=\u00a0\u00bbdefault\u00a0\u00bb header_2_font=\u00a0\u00bb|||||on|||\u00a0\u00bb header_2_text_align=\u00a0\u00bbcenter\u00a0\u00bb header_2_text_color=\u00a0\u00bb#004D33&Prime; header_2_font_size=\u00a0\u00bb27px\u00a0\u00bb global_colors_info=\u00a0\u00bb{}\u00a0\u00bb]<\/p>\n<h2>Pourquoi r\u00e9parer votre Mac chez Relife PC \u00e0 Laval ?<\/h2>\n<p>[\/et_pb_text][\/et_pb_column][\/et_pb_row][et_pb_row column_structure=\u00a0\u00bb1_3,1_3,1_3&Prime; use_custom_gutter=\u00a0\u00bbon\u00a0\u00bb gutter_width=\u00a0\u00bb2&Prime; make_equal=\u00a0\u00bbon\u00a0\u00bb custom_padding_last_edited=\u00a0\u00bbon|tablet\u00a0\u00bb _builder_version=\u00a0\u00bb4.27.4&Prime; _module_preset=\u00a0\u00bbdefault\u00a0\u00bb custom_padding_tablet=\u00a0\u00bb||0px||false|false\u00a0\u00bb custom_padding_phone=\u00a0\u00bb||0px||false|false\u00a0\u00bb locked=\u00a0\u00bboff\u00a0\u00bb global_colors_info=\u00a0\u00bb{}\u00a0\u00bb][et_pb_column type=\u00a0\u00bb1_3&Prime; _builder_version=\u00a0\u00bb4.27.4&Prime; _module_preset=\u00a0\u00bbdefault\u00a0\u00bb background_color=\u00a0\u00bb#004D33&Prime; custom_padding=\u00a0\u00bb18%|20px|30px|20px|false|true\u00a0\u00bb custom_padding_tablet=\u00a0\u00bb||30px||false|false\u00a0\u00bb custom_padding_phone=\u00a0\u00bb||20px||false|false\u00a0\u00bb custom_padding_last_edited=\u00a0\u00bboff|desktop\u00a0\u00bb border_radii=\u00a0\u00bbon|10px|10px|10px|10px\u00a0\u00bb global_colors_info=\u00a0\u00bb{}\u00a0\u00bb][et_pb_icon font_icon=\u00a0\u00bb&#xe01d;||divi||400&Prime; icon_color=\u00a0\u00bb#FFFFFF\u00a0\u00bb icon_width=\u00a0\u00bb32px\u00a0\u00bb align=\u00a0\u00bbleft\u00a0\u00bb _builder_version=\u00a0\u00bb4.27.4&Prime; _module_preset=\u00a0\u00bbdefault\u00a0\u00bb border_color_all=\u00a0\u00bb#95C11F\u00a0\u00bb locked=\u00a0\u00bboff\u00a0\u00bb global_colors_info=\u00a0\u00bb{}\u00a0\u00bb][\/et_pb_icon][et_pb_text _builder_version=\u00a0\u00bb4.27.4&Prime; _module_preset=\u00a0\u00bb_initial\u00a0\u00bb header_text_color=\u00a0\u00bb#FFFFFF\u00a0\u00bb header_5_font=\u00a0\u00bbComfortaa|500|||||||\u00a0\u00bb header_5_text_color=\u00a0\u00bb#FFFFFF\u00a0\u00bb header_5_font_size=\u00a0\u00bb20px\u00a0\u00bb header_5_letter_spacing=\u00a0\u00bb-2px\u00a0\u00bb header_5_line_height=\u00a0\u00bb1.4em\u00a0\u00bb custom_margin=\u00a0\u00bb||0px||false|false\u00a0\u00bb header_5_font_size_tablet=\u00a0\u00bb16px\u00a0\u00bb header_5_font_size_phone=\u00a0\u00bb14px\u00a0\u00bb header_5_font_size_last_edited=\u00a0\u00bbon|desktop\u00a0\u00bb global_colors_info=\u00a0\u00bb{}\u00a0\u00bb]<\/p>\n<h5>SERVICE DE PROXIMITE A LAVAL<\/h5>\n<p>[\/et_pb_text][et_pb_text _builder_version=\u00a0\u00bb4.27.4&Prime; _module_preset=\u00a0\u00bb_initial\u00a0\u00bb text_text_color=\u00a0\u00bb#FFFFFF\u00a0\u00bb text_line_height=\u00a0\u00bb1.8em\u00a0\u00bb text_font_size_tablet=\u00a0\u00bb15px\u00a0\u00bb text_font_size_phone=\u00a0\u00bb14px\u00a0\u00bb text_font_size_last_edited=\u00a0\u00bbon|desktop\u00a0\u00bb global_colors_info=\u00a0\u00bb{}\u00a0\u00bb]<\/p>\n<p>Un service local \u00e0 Laval, rapide et fiable.<\/p>\n<p>[\/et_pb_text][\/et_pb_column][et_pb_column type=\u00a0\u00bb1_3&Prime; _builder_version=\u00a0\u00bb4.27.4&Prime; _module_preset=\u00a0\u00bbdefault\u00a0\u00bb background_color=\u00a0\u00bb#95C11F\u00a0\u00bb use_background_color_gradient=\u00a0\u00bbon\u00a0\u00bb background_color_gradient_direction=\u00a0\u00bb112deg\u00a0\u00bb background_color_gradient_stops=\u00a0\u00bb#004d33 0%|#95c11f 100%\u00a0\u00bb custom_padding=\u00a0\u00bb18%|20px|30px|20px|false|true\u00a0\u00bb border_radii=\u00a0\u00bbon|10px|10px|10px|10px\u00a0\u00bb global_colors_info=\u00a0\u00bb{}\u00a0\u00bb][et_pb_icon font_icon=\u00a0\u00bb&#xf005;||fa||900&Prime; icon_color=\u00a0\u00bb#FFFFFF\u00a0\u00bb icon_width=\u00a0\u00bb32px\u00a0\u00bb align=\u00a0\u00bbleft\u00a0\u00bb _builder_version=\u00a0\u00bb4.27.4&Prime; _module_preset=\u00a0\u00bbdefault\u00a0\u00bb background_color=\u00a0\u00bbRGBA(255,255,255,0)\u00a0\u00bb locked=\u00a0\u00bboff\u00a0\u00bb global_colors_info=\u00a0\u00bb{}\u00a0\u00bb][\/et_pb_icon][et_pb_text _builder_version=\u00a0\u00bb4.27.4&Prime; _module_preset=\u00a0\u00bb_initial\u00a0\u00bb header_5_font=\u00a0\u00bbComfortaa|700|||||||\u00a0\u00bb header_5_text_color=\u00a0\u00bb#FFFFFF\u00a0\u00bb header_5_font_size=\u00a0\u00bb20px\u00a0\u00bb header_5_letter_spacing=\u00a0\u00bb-2px\u00a0\u00bb header_5_line_height=\u00a0\u00bb1.4em\u00a0\u00bb custom_margin=\u00a0\u00bb||0px||false|false\u00a0\u00bb header_5_font_size_tablet=\u00a0\u00bb16px\u00a0\u00bb header_5_font_size_phone=\u00a0\u00bb14px\u00a0\u00bb header_5_font_size_last_edited=\u00a0\u00bbon|desktop\u00a0\u00bb locked=\u00a0\u00bboff\u00a0\u00bb global_colors_info=\u00a0\u00bb{}\u00a0\u00bb]<\/p>\n<h5>EXPERTISE<\/h5>\n<p>[\/et_pb_text][et_pb_text _builder_version=\u00a0\u00bb4.27.4&Prime; _module_preset=\u00a0\u00bb_initial\u00a0\u00bb text_text_color=\u00a0\u00bb#FFFFFF\u00a0\u00bb text_line_height=\u00a0\u00bb1.8em\u00a0\u00bb text_font_size_tablet=\u00a0\u00bb15px\u00a0\u00bb text_font_size_phone=\u00a0\u00bb14px\u00a0\u00bb text_font_size_last_edited=\u00a0\u00bbon|desktop\u00a0\u00bb locked=\u00a0\u00bboff\u00a0\u00bb global_colors_info=\u00a0\u00bb{%22gcid-1b4a3854-7b44-49f6-922e-e1ac36476373%22:%91%22text_text_color%22%93}\u00a0\u00bb]<\/p>\n<p>Nous sommes form\u00e9s aux sp\u00e9cificit\u00e9s des appareils Apple<\/p>\n<p>[\/et_pb_text][\/et_pb_column][et_pb_column type=\u00a0\u00bb1_3&Prime; _builder_version=\u00a0\u00bb4.27.4&Prime; _module_preset=\u00a0\u00bbdefault\u00a0\u00bb background_color=\u00a0\u00bb#95C11F\u00a0\u00bb custom_padding=\u00a0\u00bb18%|20px|30px|20px|false|true\u00a0\u00bb border_radii=\u00a0\u00bbon|10px|10px|10px|10px\u00a0\u00bb global_colors_info=\u00a0\u00bb{%22gcid-1b4a3854-7b44-49f6-922e-e1ac36476373%22:%91%22background_color%22%93}\u00a0\u00bb][et_pb_icon font_icon=\u00a0\u00bb&#xf3d1;||fa||400&Prime; icon_color=\u00a0\u00bb#FFFFFF\u00a0\u00bb icon_width=\u00a0\u00bb32px\u00a0\u00bb align=\u00a0\u00bbleft\u00a0\u00bb _builder_version=\u00a0\u00bb4.27.4&Prime; _module_preset=\u00a0\u00bbdefault\u00a0\u00bb locked=\u00a0\u00bboff\u00a0\u00bb global_colors_info=\u00a0\u00bb{}\u00a0\u00bb][\/et_pb_icon][et_pb_text _builder_version=\u00a0\u00bb4.27.4&Prime; _module_preset=\u00a0\u00bb_initial\u00a0\u00bb header_font=\u00a0\u00bbComfortaa|||on|||||\u00a0\u00bb header_5_font=\u00a0\u00bbComfortaa|700||on|||||\u00a0\u00bb header_5_text_color=\u00a0\u00bb#FFFFFF\u00a0\u00bb header_5_font_size=\u00a0\u00bb20px\u00a0\u00bb header_5_letter_spacing=\u00a0\u00bb-2px\u00a0\u00bb header_5_line_height=\u00a0\u00bb1.4em\u00a0\u00bb custom_margin=\u00a0\u00bb||0px||false|false\u00a0\u00bb header_5_font_size_tablet=\u00a0\u00bb16px\u00a0\u00bb header_5_font_size_phone=\u00a0\u00bb14px\u00a0\u00bb header_5_font_size_last_edited=\u00a0\u00bbon|desktop\u00a0\u00bb global_colors_info=\u00a0\u00bb{}\u00a0\u00bb]<\/p>\n<h5>\u00c9conomique et \u00e9cologique<\/h5>\n<p>[\/et_pb_text][et_pb_text _builder_version=\u00a0\u00bb4.27.4&Prime; _module_preset=\u00a0\u00bb_initial\u00a0\u00bb text_text_color=\u00a0\u00bb#FFFFFF\u00a0\u00bb text_line_height=\u00a0\u00bb1.8em\u00a0\u00bb text_font_size_tablet=\u00a0\u00bb15px\u00a0\u00bb text_font_size_phone=\u00a0\u00bb14px\u00a0\u00bb text_font_size_last_edited=\u00a0\u00bbon|desktop\u00a0\u00bb global_colors_info=\u00a0\u00bb{%22gcid-1b4a3854-7b44-49f6-922e-e1ac36476373%22:%91%22text_text_color%22%93}\u00a0\u00bb]R\u00e9parer plut\u00f4t que remplacer[\/et_pb_text][\/et_pb_column][\/et_pb_row][et_pb_row _builder_version=\u00a0\u00bb4.27.4&Prime; _module_preset=\u00a0\u00bbdefault\u00a0\u00bb global_colors_info=\u00a0\u00bb{}\u00a0\u00bb][et_pb_column type=\u00a0\u00bb4_4&Prime; _builder_version=\u00a0\u00bb4.27.4&Prime; _module_preset=\u00a0\u00bbdefault\u00a0\u00bb global_colors_info=\u00a0\u00bb{}\u00a0\u00bb][et_pb_text _builder_version=\u00a0\u00bb4.27.4&Prime; _module_preset=\u00a0\u00bbdefault\u00a0\u00bb text_text_color=\u00a0\u00bb#222D3F\u00a0\u00bb text_font_size=\u00a0\u00bb15px\u00a0\u00bb text_orientation=\u00a0\u00bbjustified\u00a0\u00bb global_colors_info=\u00a0\u00bb{}\u00a0\u00bb]<\/p>\n<p>Ton <strong>MacBook<\/strong> ou <strong>iMac<\/strong> a besoin d\u2019un coup de neuf ? Chez Relife PC \u00e0 Laval, on est l\u00e0 pour te sauver la mise ! <strong>Sp\u00e9cialistes de la r\u00e9paration Mac<\/strong> \u00e0 <strong>Laval,<\/strong> on redonne une seconde vie \u00e0 ton joujou <strong>Apple<\/strong> avec des <strong>pi\u00e8ces compatibles de qualit\u00e9<\/strong>, des<strong> tarifs sympas<\/strong> et un vrai savoir-faire. <strong>Prolonger la dur\u00e9e de vie de ton Mac<\/strong>, c\u2019est notre mission !<\/p>\n<p>[\/et_pb_text][\/et_pb_column][\/et_pb_row][et_pb_row _builder_version=\u00a0\u00bb4.20.0&Prime; _module_preset=\u00a0\u00bbdefault\u00a0\u00bb global_colors_info=\u00a0\u00bb{}\u00a0\u00bb][et_pb_column type=\u00a0\u00bb4_4&Prime; _builder_version=\u00a0\u00bb4.20.0&Prime; _module_preset=\u00a0\u00bbdefault\u00a0\u00bb global_colors_info=\u00a0\u00bb{}\u00a0\u00bb][et_pb_image src=\u00a0\u00bbhttps:\/\/relifepc.fr\/wp-content\/uploads\/2024\/12\/online-banking-13.jpg\u00a0\u00bb title_text=\u00a0\u00bbonline-banking-13&Prime; _builder_version=\u00a0\u00bb4.20.0&Prime; _module_preset=\u00a0\u00bbdefault\u00a0\u00bb border_radii=\u00a0\u00bbon|20px|20px|20px|20px\u00a0\u00bb global_colors_info=\u00a0\u00bb{}\u00a0\u00bb][\/et_pb_image][\/et_pb_column][\/et_pb_row][\/et_pb_section][et_pb_section fb_built=\u00a0\u00bb1&Prime; admin_label=\u00a0\u00bbFeatures\u00a0\u00bb _builder_version=\u00a0\u00bb4.20.0&Prime; _module_preset=\u00a0\u00bbdefault\u00a0\u00bb collapsed=\u00a0\u00bbon\u00a0\u00bb global_colors_info=\u00a0\u00bb{}\u00a0\u00bb][et_pb_row _builder_version=\u00a0\u00bb4.20.0&Prime; _module_preset=\u00a0\u00bbdefault\u00a0\u00bb global_colors_info=\u00a0\u00bb{}\u00a0\u00bb][et_pb_column type=\u00a0\u00bb4_4&Prime; _builder_version=\u00a0\u00bb4.20.0&Prime; _module_preset=\u00a0\u00bbdefault\u00a0\u00bb global_colors_info=\u00a0\u00bb{}\u00a0\u00bb][et_pb_text _builder_version=\u00a0\u00bb4.27.4&Prime; _module_preset=\u00a0\u00bb_initial\u00a0\u00bb header_4_font=\u00a0\u00bbDM Sans|700||on|||||\u00a0\u00bb header_4_font_size=\u00a0\u00bb14px\u00a0\u00bb header_4_letter_spacing=\u00a0\u00bb0.7em\u00a0\u00bb header_4_line_height=\u00a0\u00bb1.4em\u00a0\u00bb text_orientation=\u00a0\u00bbcenter\u00a0\u00bb custom_margin=\u00a0\u00bb||0px||false|false\u00a0\u00bb global_colors_info=\u00a0\u00bb{}\u00a0\u00bb]<\/p>\n<h4>R\u00e9paration Mac<\/h4>\n<p>[\/et_pb_text][et_pb_text _builder_version=\u00a0\u00bb4.27.4&Prime; _module_preset=\u00a0\u00bb_initial\u00a0\u00bb header_2_font=\u00a0\u00bbComfortaa|700|||||||\u00a0\u00bb header_2_text_color=\u00a0\u00bb#004D33&Prime; header_2_font_size=\u00a0\u00bb52px\u00a0\u00bb header_2_letter_spacing=\u00a0\u00bb-2px\u00a0\u00bb header_2_line_height=\u00a0\u00bb1.2em\u00a0\u00bb text_orientation=\u00a0\u00bbcenter\u00a0\u00bb header_2_font_size_tablet=\u00a0\u00bb32px\u00a0\u00bb header_2_font_size_phone=\u00a0\u00bb20px\u00a0\u00bb header_2_font_size_last_edited=\u00a0\u00bbon|desktop\u00a0\u00bb global_colors_info=\u00a0\u00bb{}\u00a0\u00bb]<\/p>\n<h2>Smart, Clever, Efficient<\/h2>\n<p>[\/et_pb_text][\/et_pb_column][\/et_pb_row][et_pb_row column_structure=\u00a0\u00bb1_2,1_2&Prime; _builder_version=\u00a0\u00bb4.20.0&Prime; _module_preset=\u00a0\u00bbdefault\u00a0\u00bb global_colors_info=\u00a0\u00bb{}\u00a0\u00bb][et_pb_column type=\u00a0\u00bb1_2&Prime; _builder_version=\u00a0\u00bb4.20.0&Prime; _module_preset=\u00a0\u00bbdefault\u00a0\u00bb custom_padding=\u00a0\u00bb60px||60px||true|false\u00a0\u00bb custom_padding_tablet=\u00a0\u00bb0px||0px||false|false\u00a0\u00bb custom_padding_phone=\u00a0\u00bb0px||0px||false|false\u00a0\u00bb custom_padding_last_edited=\u00a0\u00bbon|desktop\u00a0\u00bb global_colors_info=\u00a0\u00bb{}\u00a0\u00bb][et_pb_blurb title=\u00a0\u00bbHARDWARE\u00a0\u00bb use_icon=\u00a0\u00bbon\u00a0\u00bb font_icon=\u00a0\u00bb&#xf109;||fa||900&Prime; icon_color=\u00a0\u00bb#004D33&Prime; icon_placement=\u00a0\u00bbleft\u00a0\u00bb image_icon_width=\u00a0\u00bb48px\u00a0\u00bb content_max_width=\u00a0\u00bb100%\u00a0\u00bb _builder_version=\u00a0\u00bb4.27.4&Prime; _module_preset=\u00a0\u00bb_initial\u00a0\u00bb header_font=\u00a0\u00bbComfortaa|700||on|||||\u00a0\u00bb header_text_color=\u00a0\u00bb#004D33&Prime; header_font_size=\u00a0\u00bb24px\u00a0\u00bb header_letter_spacing=\u00a0\u00bb-1px\u00a0\u00bb header_line_height=\u00a0\u00bb1.4em\u00a0\u00bb body_line_height=\u00a0\u00bb1.8em\u00a0\u00bb animation=\u00a0\u00bboff\u00a0\u00bb header_font_size_tablet=\u00a0\u00bb16px\u00a0\u00bb header_font_size_phone=\u00a0\u00bb15px\u00a0\u00bb header_font_size_last_edited=\u00a0\u00bbon|desktop\u00a0\u00bb body_font_size_tablet=\u00a0\u00bb15px\u00a0\u00bb body_font_size_phone=\u00a0\u00bb14px\u00a0\u00bb body_font_size_last_edited=\u00a0\u00bbon|desktop\u00a0\u00bb locked=\u00a0\u00bboff\u00a0\u00bb global_colors_info=\u00a0\u00bb{}\u00a0\u00bb]<\/p>\n<ul>\n<li><strong>Changement d\u2019\u00e9cran<\/strong><\/li>\n<li>Remplacement batterie<\/li>\n<li>Changement clavier \/ pad<\/li>\n<li>R\u00e9paration diverses<\/li>\n<\/ul>\n<p>[\/et_pb_blurb][et_pb_blurb title=\u00a0\u00bbENTRETIEN \u00a0\u00bb use_icon=\u00a0\u00bbon\u00a0\u00bb font_icon=\u00a0\u00bb&#xe06e;||fa||900&Prime; icon_color=\u00a0\u00bb#004D33&Prime; icon_placement=\u00a0\u00bbleft\u00a0\u00bb image_icon_width=\u00a0\u00bb48px\u00a0\u00bb content_max_width=\u00a0\u00bb100%\u00a0\u00bb _builder_version=\u00a0\u00bb4.27.4&Prime; _module_preset=\u00a0\u00bb_initial\u00a0\u00bb header_font=\u00a0\u00bbComfortaa|700|||||||\u00a0\u00bb header_text_color=\u00a0\u00bb#004D33&Prime; header_font_size=\u00a0\u00bb24px\u00a0\u00bb header_letter_spacing=\u00a0\u00bb-1px\u00a0\u00bb header_line_height=\u00a0\u00bb1.4em\u00a0\u00bb body_line_height=\u00a0\u00bb1.8em\u00a0\u00bb animation=\u00a0\u00bboff\u00a0\u00bb header_font_size_tablet=\u00a0\u00bb16px\u00a0\u00bb header_font_size_phone=\u00a0\u00bb15px\u00a0\u00bb header_font_size_last_edited=\u00a0\u00bbon|desktop\u00a0\u00bb body_font_size_tablet=\u00a0\u00bb15px\u00a0\u00bb body_font_size_phone=\u00a0\u00bb14px\u00a0\u00bb body_font_size_last_edited=\u00a0\u00bbon|desktop\u00a0\u00bb locked=\u00a0\u00bboff\u00a0\u00bb global_colors_info=\u00a0\u00bb{}\u00a0\u00bb]<\/p>\n<ul>\n<li>D\u00e9poussi\u00e9rage<\/li>\n<li>Maintenance<\/li>\n<\/ul>\n<p>[\/et_pb_blurb][et_pb_blurb title=\u00a0\u00bbSOFTWARE\u00a0\u00bb use_icon=\u00a0\u00bbon\u00a0\u00bb font_icon=\u00a0\u00bb&#xf179;||fa||400&Prime; icon_color=\u00a0\u00bb#004D33&Prime; icon_placement=\u00a0\u00bbleft\u00a0\u00bb image_icon_width=\u00a0\u00bb48px\u00a0\u00bb content_max_width=\u00a0\u00bb100%\u00a0\u00bb _builder_version=\u00a0\u00bb4.27.4&Prime; _module_preset=\u00a0\u00bb_initial\u00a0\u00bb header_font=\u00a0\u00bbComfortaa|700|||||||\u00a0\u00bb header_text_color=\u00a0\u00bb#004D33&Prime; header_font_size=\u00a0\u00bb24px\u00a0\u00bb header_letter_spacing=\u00a0\u00bb-1px\u00a0\u00bb header_line_height=\u00a0\u00bb1.4em\u00a0\u00bb body_line_height=\u00a0\u00bb1.8em\u00a0\u00bb animation=\u00a0\u00bboff\u00a0\u00bb header_font_size_tablet=\u00a0\u00bb16px\u00a0\u00bb header_font_size_phone=\u00a0\u00bb15px\u00a0\u00bb header_font_size_last_edited=\u00a0\u00bbon|desktop\u00a0\u00bb body_font_size_tablet=\u00a0\u00bb15px\u00a0\u00bb body_font_size_phone=\u00a0\u00bb14px\u00a0\u00bb body_font_size_last_edited=\u00a0\u00bbon|desktop\u00a0\u00bb locked=\u00a0\u00bboff\u00a0\u00bb global_colors_info=\u00a0\u00bb{}\u00a0\u00bb]<\/p>\n<ul>\n<li><strong>R\u00e9installation de macOS<\/strong><\/li>\n<li><strong>Optimisation syst\u00e8me<\/strong><\/li>\n<li><strong>Sauvegarde et r\u00e9cup\u00e9ration de donn\u00e9es<\/strong><\/li>\n<li><strong>Suppression de virus ou malwares (rare sur MacOS)<\/strong><\/li>\n<\/ul>\n<p>[\/et_pb_blurb][et_pb_blurb title=\u00a0\u00bbMISE A NIVEAU \/ UPGRADE\u00a0\u00bb use_icon=\u00a0\u00bbon\u00a0\u00bb font_icon=\u00a0\u00bb&#xe02a;||divi||400&Prime; icon_color=\u00a0\u00bb#004D33&Prime; icon_placement=\u00a0\u00bbleft\u00a0\u00bb image_icon_width=\u00a0\u00bb48px\u00a0\u00bb content_max_width=\u00a0\u00bb100%\u00a0\u00bb _builder_version=\u00a0\u00bb4.27.4&Prime; _module_preset=\u00a0\u00bb_initial\u00a0\u00bb header_font=\u00a0\u00bbComfortaa|700|||||||\u00a0\u00bb header_text_color=\u00a0\u00bb#004D33&Prime; header_font_size=\u00a0\u00bb24px\u00a0\u00bb header_letter_spacing=\u00a0\u00bb-1px\u00a0\u00bb header_line_height=\u00a0\u00bb1.4em\u00a0\u00bb body_line_height=\u00a0\u00bb1.8em\u00a0\u00bb animation=\u00a0\u00bboff\u00a0\u00bb header_font_size_tablet=\u00a0\u00bb16px\u00a0\u00bb header_font_size_phone=\u00a0\u00bb15px\u00a0\u00bb header_font_size_last_edited=\u00a0\u00bbon|desktop\u00a0\u00bb body_font_size_tablet=\u00a0\u00bb15px\u00a0\u00bb body_font_size_phone=\u00a0\u00bb14px\u00a0\u00bb body_font_size_last_edited=\u00a0\u00bbon|desktop\u00a0\u00bb locked=\u00a0\u00bboff\u00a0\u00bb global_colors_info=\u00a0\u00bb{}\u00a0\u00bb]<\/p>\n<ul>\n<li><strong>Ajout ou remplacement de m\u00e9moire RAM<\/strong><\/li>\n<li><strong>Installation de disque SSD<\/strong><\/li>\n<\/ul>\n<p>[\/et_pb_blurb][\/et_pb_column][et_pb_column type=\u00a0\u00bb1_2&Prime; _builder_version=\u00a0\u00bb4.20.0&Prime; _module_preset=\u00a0\u00bbdefault\u00a0\u00bb global_colors_info=\u00a0\u00bb{}\u00a0\u00bb][et_pb_image src=\u00a0\u00bbhttps:\/\/relifepc.fr\/wp-content\/uploads\/2024\/12\/AdobeStock_128498242-scaled.jpeg\u00a0\u00bb alt=\u00a0\u00bbMacBook ouvert sur une table d&rsquo;atelier, en cours de r\u00e9paration par un technicien.\u00a0\u00bb title_text=\u00a0\u00bbR\u00e9paration de MacBook en cours chez Relife PC \u00e0 Laval\u00a0\u00bb show_bottom_space=\u00a0\u00bboff\u00a0\u00bb _builder_version=\u00a0\u00bb4.27.4&Prime; _module_preset=\u00a0\u00bbdefault\u00a0\u00bb custom_margin=\u00a0\u00bb200px||||false|false\u00a0\u00bb border_radii=\u00a0\u00bbon|15px|15px|15px|15px\u00a0\u00bb box_shadow_style=\u00a0\u00bbpreset1&Prime; box_shadow_color=\u00a0\u00bb#000000&Prime; global_colors_info=\u00a0\u00bb{}\u00a0\u00bb][\/et_pb_image][\/et_pb_column][\/et_pb_row][\/et_pb_section][et_pb_section fb_built=\u00a0\u00bb1&Prime; admin_label=\u00a0\u00bbTestimonials\u00a0\u00bb _builder_version=\u00a0\u00bb4.20.0&Prime; _module_preset=\u00a0\u00bbdefault\u00a0\u00bb locked=\u00a0\u00bboff\u00a0\u00bb collapsed=\u00a0\u00bbon\u00a0\u00bb global_colors_info=\u00a0\u00bb{}\u00a0\u00bb][et_pb_row _builder_version=\u00a0\u00bb4.20.0&Prime; _module_preset=\u00a0\u00bbdefault\u00a0\u00bb global_colors_info=\u00a0\u00bb{}\u00a0\u00bb][et_pb_column type=\u00a0\u00bb4_4&Prime; _builder_version=\u00a0\u00bb4.20.0&Prime; _module_preset=\u00a0\u00bbdefault\u00a0\u00bb global_colors_info=\u00a0\u00bb{}\u00a0\u00bb][et_pb_text _builder_version=\u00a0\u00bb4.27.4&Prime; _module_preset=\u00a0\u00bb_initial\u00a0\u00bb header_4_font=\u00a0\u00bbDM Sans|700||on|||||\u00a0\u00bb header_4_font_size=\u00a0\u00bb14px\u00a0\u00bb header_4_letter_spacing=\u00a0\u00bb0.7em\u00a0\u00bb header_4_line_height=\u00a0\u00bb1.4em\u00a0\u00bb text_orientation=\u00a0\u00bbcenter\u00a0\u00bb custom_margin=\u00a0\u00bb||0px||false|false\u00a0\u00bb global_colors_info=\u00a0\u00bb{}\u00a0\u00bb]<\/p>\n<h4>FAQ<\/h4>\n<p>[\/et_pb_text][et_pb_text _builder_version=\u00a0\u00bb4.20.0&Prime; _module_preset=\u00a0\u00bb_initial\u00a0\u00bb header_2_font=\u00a0\u00bbSpace Grotesk|700|||||||\u00a0\u00bb header_2_font_size=\u00a0\u00bb52px\u00a0\u00bb header_2_line_height=\u00a0\u00bb1.2em\u00a0\u00bb text_orientation=\u00a0\u00bbcenter\u00a0\u00bb header_2_font_size_tablet=\u00a0\u00bb32px\u00a0\u00bb header_2_font_size_phone=\u00a0\u00bb20px\u00a0\u00bb header_2_font_size_last_edited=\u00a0\u00bbon|desktop\u00a0\u00bb global_colors_info=\u00a0\u00bb{}\u00a0\u00bb]<\/p>\n<h2>La r\u00e9paration Mac Chez Relife PC<\/h2>\n<p>[\/et_pb_text][et_pb_text _builder_version=\u00a0\u00bb4.27.4&Prime; _module_preset=\u00a0\u00bbdefault\u00a0\u00bb text_text_color=\u00a0\u00bb#222D3F\u00a0\u00bb text_font_size=\u00a0\u00bb14px\u00a0\u00bb header_4_text_color=\u00a0\u00bb#004D33&Prime; header_4_font_size=\u00a0\u00bb21px\u00a0\u00bb header_4_letter_spacing=\u00a0\u00bb-1px\u00a0\u00bb text_orientation=\u00a0\u00bbjustified\u00a0\u00bb global_colors_info=\u00a0\u00bb{}\u00a0\u00bb]<\/p>\n<h4><strong>1. Quels types de Mac pouvez-vous r\u00e9parer ?<\/strong><\/h4>\n<p>Nous r\u00e9parons la plupart des mod\u00e8les <strong>Apple<\/strong>, y compris :<\/p>\n<ul>\n<li><strong>MacBook Air<\/strong> et <strong>MacBook Pro<\/strong> (toutes g\u00e9n\u00e9rations, Retina et M1\/M2 compris),<\/li>\n<li><strong>iMac<\/strong> (21.5\u2019\u2019, 27\u2019\u2019, M1),<\/li>\n<li><strong>Mac Mini<\/strong>,<\/li>\n<li><strong>Mac Studio<\/strong>,<\/li>\n<li><strong>Mac Pro<\/strong>.<\/li>\n<\/ul>\n<p>Peu importe l\u2019\u00e2ge de votre appareil, nous faisons tout notre possible pour le remettre en \u00e9tat<\/p>\n<p>&nbsp;<\/p>\n<h4><strong>2. Les pi\u00e8ces utilis\u00e9es sont-elles d\u2019origine Apple ?<\/strong><\/h4>\n<p>Non, nous utilisons des <strong>pi\u00e8ces compatibles<\/strong> de haute qualit\u00e9. Ces pi\u00e8ces sont s\u00e9lectionn\u00e9es pour leur fiabilit\u00e9 et leurs performances \u00e9quivalentes \u00e0 celles d\u2019origine, tout en \u00e9tant plus abordables. Cela nous permet de vous offrir une r\u00e9paration \u00e9conomique tout en <strong>prolongeant la dur\u00e9e de vie de votre Mac<\/strong>. Attention lorsque nous proc\u00e9dons \u00e0 un changement d&rsquo;\u00e9cran, vous perdez le<strong> logo Apple sur votre Mac<\/strong>.<\/p>\n<p>&nbsp;<\/p>\n<h4><strong>3. La r\u00e9paration de mon Mac annule-t-elle ma garantie Apple ?<\/strong><\/h4>\n<p>Oui, toute intervention r\u00e9alis\u00e9e avec des pi\u00e8ces non originales peut annuler la garantie d<strong>\u2019Apple<\/strong>.<\/p>\n<p>&nbsp;<\/p>\n<h4><strong> 4. Quels sont vos d\u00e9lais pour une r\u00e9paration ?<\/strong><\/h4>\n<p>Les d\u00e9lais varient en fonction du <strong>type de r\u00e9paration<\/strong>, du d\u00e9lai de livraison des pi\u00e8ces. Nous essayons au maximum de tenir des d\u00e9lais raisonnable. Nous vous donnons une estimation du d\u00e9lai lors de l&rsquo;acceptation du devis.<\/p>\n<p>&nbsp;<\/p>\n<h4><strong>8. Offrez-vous des upgrades pour am\u00e9liorer les performances d\u2019un Mac ?<\/strong><\/h4>\n<p>Tout \u00e0 fait ! Nous proposons :<\/p>\n<ul>\n<li><strong>Ajout ou remplacement de m\u00e9moire RAM<\/strong> pour des t\u00e2ches plus exigeantes,<\/li>\n<li><strong>Installation de SSD<\/strong> pour acc\u00e9l\u00e9rer le d\u00e9marrage et les temps de chargement,<\/li>\n<li><strong>Mise \u00e0 jour logicielle<\/strong> pour optimiser le fonctionnement global de <strong>votre Mac<\/strong>.<\/li>\n<li><\/li>\n<\/ul>\n<h4><strong>9. Mon Mac est ancien. Est-ce que \u00e7a vaut encore le coup de le r\u00e9parer ?<\/strong><\/h4>\n<p>Oui ! R\u00e9parer un <strong>Mac ancien<\/strong> est souvent plus \u00e9conomique que d\u2019acheter un mod\u00e8le neuf. Nous vous conseillons toujours sur la meilleure option, en tenant compte de vos besoins et du co\u00fbt des r\u00e9parations.<\/p>\n<p>&nbsp;<\/p>\n<h4><strong>10. O\u00f9 \u00eates-vous situ\u00e9s \u00e0 Laval ?<\/strong><\/h4>\n<p>Notre atelier se trouve 37 rue Emile Brault \u00e0<strong> Laval<\/strong>, en face du BDS. Nous vous accueillons avec ou sans rendez-vous selon vos disponibilit\u00e9s.<\/p>\n<p>&nbsp;<\/p>\n<h4><strong>13. Offrez-vous des services pour les professionnels ?<\/strong><\/h4>\n<p>Oui, nous proposons des solutions adapt\u00e9es aux entreprises et aux freelances, incluant la maintenance pr\u00e9ventive, les r\u00e9parations rapides, et les upgrades pour leur parc informatique <strong>Apple<\/strong>.<\/p>\n<p>[\/et_pb_text][\/et_pb_column][\/et_pb_row][\/et_pb_section]<\/p>\n","protected":false},"excerpt":{"rendered":"<p>R\u00e9paration MAC LAVALMalheur ! Ton pr\u00e9cieux Mac est tomb\u00e9 et son \u00e9cran est cass\u00e9 ? Beaucoup d&rsquo;informaticiens refusent de toucher \u00e0 ton joujou Apple ? Pas de panique ! Chez Relife PC, on ne se contente pas de prolonger la vie des PC : on redonne aussi une seconde jeunesse \u00e0 tes Mac.Pourquoi r\u00e9parer votre [&hellip;]<\/p>\n","protected":false},"author":1,"featured_media":3393,"parent":0,"menu_order":0,"comment_status":"closed","ping_status":"closed","template":"","meta":{"_et_pb_use_builder":"on","_et_pb_old_content":"","_et_gb_content_width":"","inline_featured_image":false,"footnotes":""},"class_list":["post-3388","page","type-page","status-publish","has-post-thumbnail","hentry"],"yoast_head":"<!-- This site is optimized with the Yoast SEO plugin v27.4 - https:\/\/yoast.com\/product\/yoast-seo-wordpress\/ -->\n<title>R\u00e9paration Mac Laval - Relife PC<\/title>\n<meta name=\"description\" content=\"R\u00e9paration Mac \u00e0 Laval : \u00e9cran, batterie, upgrade. Relife PC redonne vie \u00e0 vos MacBook, iMac et autres avec expertise locale et pi\u00e8ces compatibles.\" \/>\n<meta name=\"robots\" content=\"index, follow, max-snippet:-1, max-image-preview:large, max-video-preview:-1\" \/>\n<link rel=\"canonical\" href=\"https:\/\/relifepc.fr\/index.php\/reparation-mac\/\" \/>\n<meta property=\"og:locale\" content=\"fr_FR\" \/>\n<meta property=\"og:type\" content=\"article\" \/>\n<meta property=\"og:title\" content=\"R\u00e9paration Mac Laval - Relife PC\" \/>\n<meta property=\"og:description\" content=\"R\u00e9paration Mac \u00e0 Laval : \u00e9cran, batterie, upgrade. Relife PC redonne vie \u00e0 vos MacBook, iMac et autres avec expertise locale et pi\u00e8ces compatibles.\" \/>\n<meta property=\"og:url\" content=\"https:\/\/relifepc.fr\/index.php\/reparation-mac\/\" \/>\n<meta property=\"og:site_name\" content=\"Relife PC\" \/>\n<meta property=\"article:publisher\" content=\"https:\/\/www.facebook.com\/relifepclaval\" \/>\n<meta property=\"article:modified_time\" content=\"2026-03-13T05:56:58+00:00\" \/>\n<meta property=\"og:image\" content=\"https:\/\/relifepc.fr\/wp-content\/uploads\/2024\/12\/online-banking-15.jpg\" \/>\n\t<meta property=\"og:image:width\" content=\"2000\" \/>\n\t<meta property=\"og:image:height\" content=\"1080\" \/>\n\t<meta property=\"og:image:type\" content=\"image\/jpeg\" \/>\n<meta name=\"twitter:card\" content=\"summary_large_image\" \/>\n<meta name=\"twitter:label1\" content=\"Dur\u00e9e de lecture estim\u00e9e\" \/>\n\t<meta name=\"twitter:data1\" content=\"4 minutes\" \/>\n<script type=\"application\/ld+json\" class=\"yoast-schema-graph\">{\"@context\":\"https:\\\/\\\/schema.org\",\"@graph\":[{\"@type\":\"WebPage\",\"@id\":\"https:\\\/\\\/relifepc.fr\\\/index.php\\\/reparation-mac\\\/\",\"url\":\"https:\\\/\\\/relifepc.fr\\\/index.php\\\/reparation-mac\\\/\",\"name\":\"R\u00e9paration Mac Laval - Relife PC\",\"isPartOf\":{\"@id\":\"https:\\\/\\\/www.relifepc.fr\\\/#website\"},\"primaryImageOfPage\":{\"@id\":\"https:\\\/\\\/relifepc.fr\\\/index.php\\\/reparation-mac\\\/#primaryimage\"},\"image\":{\"@id\":\"https:\\\/\\\/relifepc.fr\\\/index.php\\\/reparation-mac\\\/#primaryimage\"},\"thumbnailUrl\":\"https:\\\/\\\/relifepc.fr\\\/wp-content\\\/uploads\\\/2024\\\/12\\\/online-banking-15.jpg\",\"datePublished\":\"2024-12-04T17:42:03+00:00\",\"dateModified\":\"2026-03-13T05:56:58+00:00\",\"description\":\"R\u00e9paration Mac \u00e0 Laval : \u00e9cran, batterie, upgrade. Relife PC redonne vie \u00e0 vos MacBook, iMac et autres avec expertise locale et pi\u00e8ces compatibles.\",\"breadcrumb\":{\"@id\":\"https:\\\/\\\/relifepc.fr\\\/index.php\\\/reparation-mac\\\/#breadcrumb\"},\"inLanguage\":\"fr-FR\",\"potentialAction\":[{\"@type\":\"ReadAction\",\"target\":[\"https:\\\/\\\/relifepc.fr\\\/index.php\\\/reparation-mac\\\/\"]}]},{\"@type\":\"ImageObject\",\"inLanguage\":\"fr-FR\",\"@id\":\"https:\\\/\\\/relifepc.fr\\\/index.php\\\/reparation-mac\\\/#primaryimage\",\"url\":\"https:\\\/\\\/relifepc.fr\\\/wp-content\\\/uploads\\\/2024\\\/12\\\/online-banking-15.jpg\",\"contentUrl\":\"https:\\\/\\\/relifepc.fr\\\/wp-content\\\/uploads\\\/2024\\\/12\\\/online-banking-15.jpg\",\"width\":2000,\"height\":1080,\"caption\":\"Un Mac book en test suite \u00e0 sa r\u00e9paration \u00e0 Laval.\"},{\"@type\":\"BreadcrumbList\",\"@id\":\"https:\\\/\\\/relifepc.fr\\\/index.php\\\/reparation-mac\\\/#breadcrumb\",\"itemListElement\":[{\"@type\":\"ListItem\",\"position\":1,\"name\":\"Accueil\",\"item\":\"https:\\\/\\\/relifepc.fr\\\/\"},{\"@type\":\"ListItem\",\"position\":2,\"name\":\"R\u00e9paration Mac Laval\"}]},{\"@type\":\"WebSite\",\"@id\":\"https:\\\/\\\/www.relifepc.fr\\\/#website\",\"url\":\"https:\\\/\\\/www.relifepc.fr\\\/\",\"name\":\"Relife PC\",\"description\":\"Green is the new geek\",\"potentialAction\":[{\"@type\":\"SearchAction\",\"target\":{\"@type\":\"EntryPoint\",\"urlTemplate\":\"https:\\\/\\\/www.relifepc.fr\\\/?s={search_term_string}\"},\"query-input\":{\"@type\":\"PropertyValueSpecification\",\"valueRequired\":true,\"valueName\":\"search_term_string\"}}],\"inLanguage\":\"fr-FR\"}]}<\/script>\n<!-- \/ Yoast SEO plugin. -->","yoast_head_json":{"title":"R\u00e9paration Mac Laval - Relife PC","description":"R\u00e9paration Mac \u00e0 Laval : \u00e9cran, batterie, upgrade. Relife PC redonne vie \u00e0 vos MacBook, iMac et autres avec expertise locale et pi\u00e8ces compatibles.","robots":{"index":"index","follow":"follow","max-snippet":"max-snippet:-1","max-image-preview":"max-image-preview:large","max-video-preview":"max-video-preview:-1"},"canonical":"https:\/\/relifepc.fr\/index.php\/reparation-mac\/","og_locale":"fr_FR","og_type":"article","og_title":"R\u00e9paration Mac Laval - Relife PC","og_description":"R\u00e9paration Mac \u00e0 Laval : \u00e9cran, batterie, upgrade. Relife PC redonne vie \u00e0 vos MacBook, iMac et autres avec expertise locale et pi\u00e8ces compatibles.","og_url":"https:\/\/relifepc.fr\/index.php\/reparation-mac\/","og_site_name":"Relife PC","article_publisher":"https:\/\/www.facebook.com\/relifepclaval","article_modified_time":"2026-03-13T05:56:58+00:00","og_image":[{"width":2000,"height":1080,"url":"https:\/\/relifepc.fr\/wp-content\/uploads\/2024\/12\/online-banking-15.jpg","type":"image\/jpeg"}],"twitter_card":"summary_large_image","twitter_misc":{"Dur\u00e9e de lecture estim\u00e9e":"4 minutes"},"schema":{"@context":"https:\/\/schema.org","@graph":[{"@type":"WebPage","@id":"https:\/\/relifepc.fr\/index.php\/reparation-mac\/","url":"https:\/\/relifepc.fr\/index.php\/reparation-mac\/","name":"R\u00e9paration Mac Laval - Relife PC","isPartOf":{"@id":"https:\/\/www.relifepc.fr\/#website"},"primaryImageOfPage":{"@id":"https:\/\/relifepc.fr\/index.php\/reparation-mac\/#primaryimage"},"image":{"@id":"https:\/\/relifepc.fr\/index.php\/reparation-mac\/#primaryimage"},"thumbnailUrl":"https:\/\/relifepc.fr\/wp-content\/uploads\/2024\/12\/online-banking-15.jpg","datePublished":"2024-12-04T17:42:03+00:00","dateModified":"2026-03-13T05:56:58+00:00","description":"R\u00e9paration Mac \u00e0 Laval : \u00e9cran, batterie, upgrade. Relife PC redonne vie \u00e0 vos MacBook, iMac et autres avec expertise locale et pi\u00e8ces compatibles.","breadcrumb":{"@id":"https:\/\/relifepc.fr\/index.php\/reparation-mac\/#breadcrumb"},"inLanguage":"fr-FR","potentialAction":[{"@type":"ReadAction","target":["https:\/\/relifepc.fr\/index.php\/reparation-mac\/"]}]},{"@type":"ImageObject","inLanguage":"fr-FR","@id":"https:\/\/relifepc.fr\/index.php\/reparation-mac\/#primaryimage","url":"https:\/\/relifepc.fr\/wp-content\/uploads\/2024\/12\/online-banking-15.jpg","contentUrl":"https:\/\/relifepc.fr\/wp-content\/uploads\/2024\/12\/online-banking-15.jpg","width":2000,"height":1080,"caption":"Un Mac book en test suite \u00e0 sa r\u00e9paration \u00e0 Laval."},{"@type":"BreadcrumbList","@id":"https:\/\/relifepc.fr\/index.php\/reparation-mac\/#breadcrumb","itemListElement":[{"@type":"ListItem","position":1,"name":"Accueil","item":"https:\/\/relifepc.fr\/"},{"@type":"ListItem","position":2,"name":"R\u00e9paration Mac Laval"}]},{"@type":"WebSite","@id":"https:\/\/www.relifepc.fr\/#website","url":"https:\/\/www.relifepc.fr\/","name":"Relife PC","description":"Green is the new geek","potentialAction":[{"@type":"SearchAction","target":{"@type":"EntryPoint","urlTemplate":"https:\/\/www.relifepc.fr\/?s={search_term_string}"},"query-input":{"@type":"PropertyValueSpecification","valueRequired":true,"valueName":"search_term_string"}}],"inLanguage":"fr-FR"}]}},"_links":{"self":[{"href":"https:\/\/relifepc.fr\/index.php\/wp-json\/wp\/v2\/pages\/3388","targetHints":{"allow":["GET"]}}],"collection":[{"href":"https:\/\/relifepc.fr\/index.php\/wp-json\/wp\/v2\/pages"}],"about":[{"href":"https:\/\/relifepc.fr\/index.php\/wp-json\/wp\/v2\/types\/page"}],"author":[{"embeddable":true,"href":"https:\/\/relifepc.fr\/index.php\/wp-json\/wp\/v2\/users\/1"}],"replies":[{"embeddable":true,"href":"https:\/\/relifepc.fr\/index.php\/wp-json\/wp\/v2\/comments?post=3388"}],"version-history":[{"count":10,"href":"https:\/\/relifepc.fr\/index.php\/wp-json\/wp\/v2\/pages\/3388\/revisions"}],"predecessor-version":[{"id":4146,"href":"https:\/\/relifepc.fr\/index.php\/wp-json\/wp\/v2\/pages\/3388\/revisions\/4146"}],"wp:featuredmedia":[{"embeddable":true,"href":"https:\/\/relifepc.fr\/index.php\/wp-json\/wp\/v2\/media\/3393"}],"wp:attachment":[{"href":"https:\/\/relifepc.fr\/index.php\/wp-json\/wp\/v2\/media?parent=3388"}],"curies":[{"name":"wp","href":"https:\/\/api.w.org\/{rel}","templated":true}]}}