{"id":3033,"date":"2024-10-24T19:03:42","date_gmt":"2024-10-24T17:03:42","guid":{"rendered":"http:\/\/relifepc.fr\/?page_id=3033"},"modified":"2024-12-10T15:03:06","modified_gmt":"2024-12-10T14:03:06","slug":"nos-solutions-pour-les-pros-et-les-collectivites","status":"publish","type":"page","link":"https:\/\/relifepc.fr\/index.php\/nos-solutions-pour-les-pros-et-les-collectivites\/","title":{"rendered":"Solutions IT Pros et les Collectivit\u00e9s"},"content":{"rendered":"<p>[et_pb_section fb_built=\u00a0\u00bb1&Prime; admin_label=\u00a0\u00bbProducts\u00a0\u00bb _builder_version=\u00a0\u00bb4.27.2&Prime; _module_preset=\u00a0\u00bbdefault\u00a0\u00bb background_color=\u00a0\u00bb#004D33&Prime; custom_padding=\u00a0\u00bb0px||||false|false\u00a0\u00bb box_shadow_style=\u00a0\u00bbpreset7&Prime; box_shadow_horizontal=\u00a0\u00bb0px\u00a0\u00bb box_shadow_vertical=\u00a0\u00bb-150px\u00a0\u00bb box_shadow_color=\u00a0\u00bb#FFFFFF\u00a0\u00bb collapsed=\u00a0\u00bbon\u00a0\u00bb global_colors_info=\u00a0\u00bb{%22gcid-0a70bcaa-1736-40e0-9723-4fb88b8b6694%22:%91%22background_color_gradient_stops%22%93}\u00a0\u00bb][et_pb_row column_structure=\u00a0\u00bb2_3,1_3&Prime; make_equal=\u00a0\u00bbon\u00a0\u00bb _builder_version=\u00a0\u00bb4.24.2&Prime; _module_preset=\u00a0\u00bbdefault\u00a0\u00bb custom_padding=\u00a0\u00bb60px||120px||false|false\u00a0\u00bb global_colors_info=\u00a0\u00bb{}\u00a0\u00bb][et_pb_column type=\u00a0\u00bb2_3&Prime; _builder_version=\u00a0\u00bb4.23.2&Prime; _module_preset=\u00a0\u00bbdefault\u00a0\u00bb global_colors_info=\u00a0\u00bb{}\u00a0\u00bb][et_pb_text _builder_version=\u00a0\u00bb4.27.4&Prime; _module_preset=\u00a0\u00bbdefault\u00a0\u00bb text_text_color=\u00a0\u00bb#FFFFFF\u00a0\u00bb text_font_size=\u00a0\u00bb17px\u00a0\u00bb text_letter_spacing=\u00a0\u00bb-1px\u00a0\u00bb header_font=\u00a0\u00bb|||on|||||\u00a0\u00bb header_text_align=\u00a0\u00bbleft\u00a0\u00bb header_text_color=\u00a0\u00bb#FFFFFF\u00a0\u00bb header_font_size=\u00a0\u00bb50px\u00a0\u00bb header_letter_spacing=\u00a0\u00bb-3px\u00a0\u00bb header_line_height=\u00a0\u00bb1.2em\u00a0\u00bb text_orientation=\u00a0\u00bbjustified\u00a0\u00bb custom_margin=\u00a0\u00bb||50px||false|false\u00a0\u00bb custom_padding=\u00a0\u00bb|25px||2px|false|false\u00a0\u00bb global_colors_info=\u00a0\u00bb{}\u00a0\u00bb]<\/p>\n<h1>Solutions Pro et Collectivit\u00e9s : Ensemble vers un IT plus Vert<\/h1>\n<p>&nbsp;<\/p>\n<p>Imaginez un monde o\u00f9 votre mat\u00e9riel IT ne finit pas \u00e0 la casse mais trouve une seconde vie, tout en r\u00e9duisant votre empreinte \u00e9cologique. Chez Relife PC, nous vous accompagnons dans cette transition, en reconditionnant, optimisant et recyclant vos \u00e9quipements informatiques. Optez pour des solutions \u00e9conomiques, durables et locales, et participez \u00e0 la transformation num\u00e9rique de demain. D\u00e9couvrez comment vos d\u00e9cisions d\u2019aujourd&rsquo;hui peuvent faire la diff\u00e9rence pour l\u2019avenir.<\/p>\n<p>[\/et_pb_text][\/et_pb_column][et_pb_column type=\u00a0\u00bb1_3&Prime; _builder_version=\u00a0\u00bb4.23.2&Prime; _module_preset=\u00a0\u00bbdefault\u00a0\u00bb global_colors_info=\u00a0\u00bb{}\u00a0\u00bb][et_pb_button button_url=\u00a0\u00bbhttps:\/\/relifepc2.odoo.com\/\u00a0\u00bb button_text=\u00a0\u00bbBoutique\u00a0\u00bb button_alignment=\u00a0\u00bbright\u00a0\u00bb button_alignment_tablet=\u00a0\u00bbleft\u00a0\u00bb button_alignment_phone=\u00a0\u00bbleft\u00a0\u00bb button_alignment_last_edited=\u00a0\u00bbon|tablet\u00a0\u00bb _builder_version=\u00a0\u00bb4.27.2&Prime; _module_preset=\u00a0\u00bb5a94d74d-c1ac-46a8-9ed9-bcb3cb81119e\u00a0\u00bb global_colors_info=\u00a0\u00bb{}\u00a0\u00bb][\/et_pb_button][\/et_pb_column][\/et_pb_row][et_pb_row column_structure=\u00a0\u00bb1_4,1_4,1_4,1_4&Prime; _builder_version=\u00a0\u00bb4.27.2&Prime; _module_preset=\u00a0\u00bbdefault\u00a0\u00bb custom_margin=\u00a0\u00bb-100px||||false|false\u00a0\u00bb global_colors_info=\u00a0\u00bb{}\u00a0\u00bb][et_pb_column type=\u00a0\u00bb1_4&Prime; _builder_version=\u00a0\u00bb4.27.2&Prime; _module_preset=\u00a0\u00bbdefault\u00a0\u00bb use_background_color_gradient=\u00a0\u00bbon\u00a0\u00bb background_color_gradient_stops=\u00a0\u00bbrgba(255,255,255,0) 0%|rgba(0,0,0,0.6) 80%\u00a0\u00bb background_color_gradient_overlays_image=\u00a0\u00bbon\u00a0\u00bb background_image=\u00a0\u00bbhttps:\/\/relifepc.fr\/wp-content\/uploads\/2022\/08\/IMG_20220824_153336-scaled.jpg\u00a0\u00bb custom_padding=\u00a0\u00bb30%|30px|30px|30px|false|true\u00a0\u00bb border_radii=\u00a0\u00bbon|20px|20px|20px|20px\u00a0\u00bb global_colors_info=\u00a0\u00bb{}\u00a0\u00bb][et_pb_text _builder_version=\u00a0\u00bb4.27.2&Prime; _module_preset=\u00a0\u00bb2bc8592b-f18c-4b06-ac26-20916f66ddfb\u00a0\u00bb header_4_font=\u00a0\u00bb&#8211;et_global_body_font|900|||||||\u00a0\u00bb header_4_text_color=\u00a0\u00bb#FFFFFF\u00a0\u00bb header_4_font_size=\u00a0\u00bb19px\u00a0\u00bb header_4_letter_spacing=\u00a0\u00bb-2px\u00a0\u00bb header_4_line_height=\u00a0\u00bb1.7em\u00a0\u00bb global_colors_info=\u00a0\u00bb{}\u00a0\u00bb]<\/p>\n<h4>Reconditionnement de mat\u00e9riel IT<\/h4>\n<p>[\/et_pb_text][\/et_pb_column][et_pb_column type=\u00a0\u00bb1_4&Prime; _builder_version=\u00a0\u00bb4.27.2&Prime; _module_preset=\u00a0\u00bbdefault\u00a0\u00bb use_background_color_gradient=\u00a0\u00bbon\u00a0\u00bb background_color_gradient_stops=\u00a0\u00bbrgba(255,255,255,0) 0%|rgba(0,0,0,0.6) 80%\u00a0\u00bb background_color_gradient_overlays_image=\u00a0\u00bbon\u00a0\u00bb background_image=\u00a0\u00bbhttps:\/\/relifepc.fr\/wp-content\/uploads\/2022\/07\/data-science-43.jpg\u00a0\u00bb background_position=\u00a0\u00bbcenter_left\u00a0\u00bb background_horizontal_offset=\u00a0\u00bb59%\u00a0\u00bb background_blend=\u00a0\u00bbhard-light\u00a0\u00bb custom_padding=\u00a0\u00bb30%|30px|30px|30px|false|true\u00a0\u00bb border_radii=\u00a0\u00bbon|20px|20px|20px|20px\u00a0\u00bb global_colors_info=\u00a0\u00bb{}\u00a0\u00bb][et_pb_text _builder_version=\u00a0\u00bb4.27.2&Prime; _module_preset=\u00a0\u00bb2bc8592b-f18c-4b06-ac26-20916f66ddfb\u00a0\u00bb header_4_font=\u00a0\u00bb&#8211;et_global_body_font|900|||||||\u00a0\u00bb header_4_text_color=\u00a0\u00bb#FFFFFF\u00a0\u00bb header_4_font_size=\u00a0\u00bb19px\u00a0\u00bb header_4_letter_spacing=\u00a0\u00bb-2px\u00a0\u00bb header_4_line_height=\u00a0\u00bb1.7em\u00a0\u00bb global_colors_info=\u00a0\u00bb{}\u00a0\u00bb]<\/p>\n<h4>Audit de parc informatique<\/h4>\n<p>[\/et_pb_text][\/et_pb_column][et_pb_column type=\u00a0\u00bb1_4&Prime; _builder_version=\u00a0\u00bb4.27.2&Prime; _module_preset=\u00a0\u00bbdefault\u00a0\u00bb use_background_color_gradient=\u00a0\u00bbon\u00a0\u00bb background_color_gradient_stops=\u00a0\u00bbrgba(255,255,255,0) 0%|rgba(0,0,0,0.6) 80%\u00a0\u00bb background_color_gradient_overlays_image=\u00a0\u00bbon\u00a0\u00bb background_image=\u00a0\u00bbhttps:\/\/relifepc.fr\/wp-content\/uploads\/2022\/07\/20220719_172843-1-scaled.jpg\u00a0\u00bb custom_padding=\u00a0\u00bb30%|30px|30px|30px|false|true\u00a0\u00bb border_radii=\u00a0\u00bbon|20px|20px|20px|20px\u00a0\u00bb global_colors_info=\u00a0\u00bb{}\u00a0\u00bb][et_pb_text _builder_version=\u00a0\u00bb4.27.2&Prime; _module_preset=\u00a0\u00bb2bc8592b-f18c-4b06-ac26-20916f66ddfb\u00a0\u00bb header_4_font=\u00a0\u00bb&#8211;et_global_body_font|900|||||||\u00a0\u00bb header_4_text_color=\u00a0\u00bb#FFFFFF\u00a0\u00bb header_4_font_size=\u00a0\u00bb19px\u00a0\u00bb header_4_letter_spacing=\u00a0\u00bb-2px\u00a0\u00bb header_4_line_height=\u00a0\u00bb1.7em\u00a0\u00bb global_colors_info=\u00a0\u00bb{}\u00a0\u00bb]<\/p>\n<h4>Collecte et recyclage responsable<\/h4>\n<p>[\/et_pb_text][\/et_pb_column][et_pb_column type=\u00a0\u00bb1_4&Prime; _builder_version=\u00a0\u00bb4.27.2&Prime; _module_preset=\u00a0\u00bbdefault\u00a0\u00bb use_background_color_gradient=\u00a0\u00bbon\u00a0\u00bb background_color_gradient_stops=\u00a0\u00bbrgba(255,255,255,0) 0%|rgba(0,0,0,0.6) 80%\u00a0\u00bb background_color_gradient_overlays_image=\u00a0\u00bbon\u00a0\u00bb background_image=\u00a0\u00bbhttps:\/\/relifepc.fr\/wp-content\/uploads\/2023\/07\/magasin-vetements-effet-flou-scaled.jpg\u00a0\u00bb custom_padding=\u00a0\u00bb30%|30px|30px|30px|false|true\u00a0\u00bb border_radii=\u00a0\u00bbon|20px|20px|20px|20px\u00a0\u00bb global_colors_info=\u00a0\u00bb{}\u00a0\u00bb][et_pb_text _builder_version=\u00a0\u00bb4.27.2&Prime; _module_preset=\u00a0\u00bb2bc8592b-f18c-4b06-ac26-20916f66ddfb\u00a0\u00bb header_4_font=\u00a0\u00bb&#8211;et_global_body_font|900|||||||\u00a0\u00bb header_4_text_color=\u00a0\u00bb#FFFFFF\u00a0\u00bb header_4_font_size=\u00a0\u00bb19px\u00a0\u00bb header_4_letter_spacing=\u00a0\u00bb-2px\u00a0\u00bb header_4_line_height=\u00a0\u00bb1.7em\u00a0\u00bb global_colors_info=\u00a0\u00bb{}\u00a0\u00bb]<\/p>\n<h4>SAV et Service local r\u00e9actif<\/h4>\n<p>[\/et_pb_text][\/et_pb_column][\/et_pb_row][\/et_pb_section][et_pb_section fb_built=\u00a0\u00bb1&Prime; admin_label=\u00a0\u00bbAbout\u00a0\u00bb _builder_version=\u00a0\u00bb4.23.2&Prime; _module_preset=\u00a0\u00bbdefault\u00a0\u00bb collapsed=\u00a0\u00bbon\u00a0\u00bb global_colors_info=\u00a0\u00bb{}\u00a0\u00bb][et_pb_row column_structure=\u00a0\u00bb1_2,1_2&Prime; _builder_version=\u00a0\u00bb4.24.2&Prime; _module_preset=\u00a0\u00bbdefault\u00a0\u00bb global_colors_info=\u00a0\u00bb{}\u00a0\u00bb][et_pb_column type=\u00a0\u00bb1_2&Prime; _builder_version=\u00a0\u00bb4.24.2&Prime; _module_preset=\u00a0\u00bbdefault\u00a0\u00bb custom_padding=\u00a0\u00bb10%||10%||true|false\u00a0\u00bb custom_padding_tablet=\u00a0\u00bb0%||0%||true|false\u00a0\u00bb custom_padding_phone=\u00a0\u00bb0%||0%||true|false\u00a0\u00bb custom_padding_last_edited=\u00a0\u00bbon|desktop\u00a0\u00bb global_colors_info=\u00a0\u00bb{}\u00a0\u00bb][et_pb_image src=\u00a0\u00bbhttps:\/\/relifepc.fr\/wp-content\/uploads\/2024\/09\/icone-site.png\u00a0\u00bb alt=\u00a0\u00bbicone site\u00a0\u00bb title_text=\u00a0\u00bbicone site\u00a0\u00bb _builder_version=\u00a0\u00bb4.27.2&Prime; _module_preset=\u00a0\u00bbdefault\u00a0\u00bb transform_translate=\u00a0\u00bb-110%|0px\u00a0\u00bb transform_translate_linked=\u00a0\u00bboff\u00a0\u00bb positioning=\u00a0\u00bbabsolute\u00a0\u00bb width=\u00a0\u00bb30%\u00a0\u00bb global_colors_info=\u00a0\u00bb{}\u00a0\u00bb][\/et_pb_image][et_pb_text _builder_version=\u00a0\u00bb4.27.2&Prime; _module_preset=\u00a0\u00bb2a82b955-ae87-429a-b55d-167723773f4e\u00a0\u00bb header_4_text_color=\u00a0\u00bbgcid-0a70bcaa-1736-40e0-9723-4fb88b8b6694&Prime; global_colors_info=\u00a0\u00bb{%22gcid-c515c2e5-3fd0-4426-90da-e434a88a980d%22:%91%22text_text_color%22,%22text_text_color%22%93,%22gcid-0a70bcaa-1736-40e0-9723-4fb88b8b6694%22:%91%22header_4_text_color%22%93}\u00a0\u00bb]<\/p>\n<h4>SERVICES<\/h4>\n<p>[\/et_pb_text][et_pb_text _builder_version=\u00a0\u00bb4.27.4&Prime; _module_preset=\u00a0\u00bb4f69fc0d-f75d-4a6a-9dbf-d5d3d235a04f\u00a0\u00bb header_2_font=\u00a0\u00bb&#8211;et_global_body_font|700|||||||\u00a0\u00bb header_2_text_color=\u00a0\u00bb#004D33&Prime; header_2_letter_spacing=\u00a0\u00bb-3px\u00a0\u00bb custom_margin=\u00a0\u00bb||10px||false|false\u00a0\u00bb global_colors_info=\u00a0\u00bb{}\u00a0\u00bb]<\/p>\n<h2>Nos solutions pour les pros et collectivit\u00e9s :<\/h2>\n<p>[\/et_pb_text][et_pb_text _builder_version=\u00a0\u00bb4.27.2&Prime; _module_preset=\u00a0\u00bbdc6cf067-4c83-4fc7-a79f-a3d40b979470&Prime; text_text_color=\u00a0\u00bb#000000&Prime; text_font_size=\u00a0\u00bb17px\u00a0\u00bb text_letter_spacing=\u00a0\u00bb-1px\u00a0\u00bb header_3_text_color=\u00a0\u00bb#004D33&Prime; header_3_font_size=\u00a0\u00bb23px\u00a0\u00bb header_3_letter_spacing=\u00a0\u00bb-2px\u00a0\u00bb text_orientation=\u00a0\u00bbjustified\u00a0\u00bb global_colors_info=\u00a0\u00bb{}\u00a0\u00bb]<\/p>\n<h3>Reconditionnement de mat\u00e9riel IT<\/h3>\n<p>Chez Relife PC, nous offrons aux <strong>entreprises et collectivit\u00e9s<\/strong> une <strong>solution \u00e9cologique et \u00e9conomique<\/strong> pour la gestion de leur <strong>mat\u00e9riel informatique<\/strong>. En prolongeant la dur\u00e9e de vie de vos \u00e9quipements gr\u00e2ce au <strong>reconditionnement<\/strong>, vous <strong>r\u00e9duisez vos co\u00fbts<\/strong> tout en <strong>diminuant votre empreinte carbone<\/strong>. Un geste simple et efficace pour allier <strong>performance et durabilit\u00e9<\/strong>.<\/p>\n<h3>Audit de parc informatique<\/h3>\n<p>Inutile de renouveler enti\u00e8rement votre parc informatique. Nous r\u00e9alison un <strong>audit complet<\/strong> pour identifier des am\u00e9liorations mat\u00e9rielles intelligentes et<strong> durables<\/strong>. Vous optimisez vos performances tout en \u00e9vitant l\u2019achat de mat\u00e9riel neuf, en phase avec vos objectifs de <strong>responsabilit\u00e9 sociale des entreprises (RSE) et d\u2019\u00e9coresponsabilit\u00e9<\/strong>.<\/p>\n<h3>Collecte et recyclage responsable<\/h3>\n<p>Nous assurons la<strong> collecte de vos \u00e9quipements informatiques usag\u00e9s<\/strong>, qu\u2019ils soient destin\u00e9s au reconditionnement ou au recyclage. Chaque \u00e9tape respecte une gestion responsable et garantit la <strong>s\u00e9curit\u00e9 de vos donn\u00e9es personnelles<\/strong>. Relife PC est votre partenaire \u00e9coresponsable pour une gestion efficace et conforme aux normes environnementales.<\/p>\n<h3>SAV et service local r\u00e9actif<\/h3>\n<p>Avec notre service apr\u00e8s-vente local, vos \u00e9quipements reconditionn\u00e9s sont entre de bonnes mains. Nous intervenons rapidement et efficacement pour<strong> garantir la continuit\u00e9 de vos activit\u00e9s informatiques<\/strong>. Relife PC vous offre un accompagnement de proximit\u00e9, alliant expertise technique et engagement \u00e9coresponsable.[\/et_pb_text][et_pb_button button_url=\u00a0\u00bbhttps:\/\/relifepc2.odoo.com\/shop\u00a0\u00bb button_text=\u00a0\u00bbNos Produits reconditionnes\u00a0\u00bb _builder_version=\u00a0\u00bb4.27.2&Prime; _module_preset=\u00a0\u00bb0e70b152-779b-4922-b32a-41b753daa9f8&Prime; button_bg_color=\u00a0\u00bb#004D33&Prime; global_colors_info=\u00a0\u00bb{}\u00a0\u00bb][\/et_pb_button][\/et_pb_column][et_pb_column type=\u00a0\u00bb1_2&Prime; _builder_version=\u00a0\u00bb4.23.2&Prime; _module_preset=\u00a0\u00bbdefault\u00a0\u00bb global_colors_info=\u00a0\u00bb{}\u00a0\u00bb][et_pb_image src=\u00a0\u00bbhttps:\/\/relifepc.fr\/wp-content\/uploads\/2024\/09\/AdobeStock_396595554-scaled.jpeg\u00a0\u00bb alt=\u00a0\u00bbAudit de parc informatique\u00a0\u00bb title_text=\u00a0\u00bbLaptop computer with office supplies\u00a0\u00bb _builder_version=\u00a0\u00bb4.27.2&Prime; _module_preset=\u00a0\u00bbdefault\u00a0\u00bb custom_padding=\u00a0\u00bb400px||||false|false\u00a0\u00bb border_radii=\u00a0\u00bbon|20px|20px|20px|20px\u00a0\u00bb global_colors_info=\u00a0\u00bb{}\u00a0\u00bb][\/et_pb_image][\/et_pb_column][\/et_pb_row][\/et_pb_section][et_pb_section fb_built=\u00a0\u00bb1&Prime; _builder_version=\u00a0\u00bb4.24.2&Prime; _module_preset=\u00a0\u00bbdefault\u00a0\u00bb global_colors_info=\u00a0\u00bb{}\u00a0\u00bb][et_pb_row _builder_version=\u00a0\u00bb4.24.2&Prime; _module_preset=\u00a0\u00bbdefault\u00a0\u00bb max_width=\u00a0\u00bb800px\u00a0\u00bb global_colors_info=\u00a0\u00bb{}\u00a0\u00bb][et_pb_column type=\u00a0\u00bb4_4&Prime; _builder_version=\u00a0\u00bb4.24.2&Prime; _module_preset=\u00a0\u00bbdefault\u00a0\u00bb global_colors_info=\u00a0\u00bb{}\u00a0\u00bb][et_pb_text _builder_version=\u00a0\u00bb4.27.2&Prime; _module_preset=\u00a0\u00bb4f69fc0d-f75d-4a6a-9dbf-d5d3d235a04f\u00a0\u00bb header_2_font=\u00a0\u00bb&#8211;et_global_body_font|700|||||||\u00a0\u00bb header_2_text_color=\u00a0\u00bb#004D33&Prime; header_2_font_size=\u00a0\u00bb50px\u00a0\u00bb header_2_letter_spacing=\u00a0\u00bb-2px\u00a0\u00bb text_orientation=\u00a0\u00bbcenter\u00a0\u00bb global_colors_info=\u00a0\u00bb{}\u00a0\u00bb]<\/p>\n<h2>POURQUOI NOUS CHOISIR?<\/h2>\n<p>[\/et_pb_text][\/et_pb_column][\/et_pb_row][et_pb_row column_structure=\u00a0\u00bb1_3,1_3,1_3&Prime; _builder_version=\u00a0\u00bb4.27.2&Prime; _module_preset=\u00a0\u00bbdefault\u00a0\u00bb global_colors_info=\u00a0\u00bb{}\u00a0\u00bb][et_pb_column type=\u00a0\u00bb1_3&Prime; _builder_version=\u00a0\u00bb4.27.2&Prime; _module_preset=\u00a0\u00bbdefault\u00a0\u00bb global_colors_info=\u00a0\u00bb{}\u00a0\u00bb][et_pb_text _builder_version=\u00a0\u00bb4.27.2&Prime; _module_preset=\u00a0\u00bbdefault\u00a0\u00bb text_text_color=\u00a0\u00bb#222D3F\u00a0\u00bb text_font_size=\u00a0\u00bb13px\u00a0\u00bb header_3_text_align=\u00a0\u00bbjustify\u00a0\u00bb header_3_text_color=\u00a0\u00bb#004D33&Prime; header_3_font_size=\u00a0\u00bb25px\u00a0\u00bb header_3_letter_spacing=\u00a0\u00bb-1px\u00a0\u00bb header_3_line_height=\u00a0\u00bb1.1em\u00a0\u00bb global_colors_info=\u00a0\u00bb{}\u00a0\u00bb]<\/p>\n<h3>Engagement environnemental fort : <\/h3>\n<p>En revalorisant vos appareils, vous r\u00e9duisez significativement votre empreinte \u00e9cologique.[\/et_pb_text][\/et_pb_column][et_pb_column type=\u00a0\u00bb1_3&Prime; _builder_version=\u00a0\u00bb4.27.2&Prime; _module_preset=\u00a0\u00bbdefault\u00a0\u00bb global_colors_info=\u00a0\u00bb{}\u00a0\u00bb][et_pb_text _builder_version=\u00a0\u00bb4.27.2&Prime; _module_preset=\u00a0\u00bbdefault\u00a0\u00bb text_text_color=\u00a0\u00bb#FFFFFF\u00a0\u00bb header_font_size=\u00a0\u00bb28px\u00a0\u00bb header_letter_spacing=\u00a0\u00bb-1px\u00a0\u00bb header_3_text_color=\u00a0\u00bb#FFFFFF\u00a0\u00bb header_3_font_size=\u00a0\u00bb25px\u00a0\u00bb header_3_letter_spacing=\u00a0\u00bb-1px\u00a0\u00bb header_3_line_height=\u00a0\u00bb1.1em\u00a0\u00bb background_color=\u00a0\u00bb#004D33&Prime; custom_padding=\u00a0\u00bb10px|10px|10px|10px|false|false\u00a0\u00bb border_radii=\u00a0\u00bbon|10px|10px|10px|10px\u00a0\u00bb global_colors_info=\u00a0\u00bb{}\u00a0\u00bb]<\/p>\n<h3>Expertise technique reconnue :<\/h3>\n<p>Une \u00e9quipe passionn\u00e9e et exp\u00e9riment\u00e9e pour vous offrir des solutions sur-mesure.[\/et_pb_text][\/et_pb_column][et_pb_column type=\u00a0\u00bb1_3&Prime; _builder_version=\u00a0\u00bb4.27.2&Prime; _module_preset=\u00a0\u00bbdefault\u00a0\u00bb global_colors_info=\u00a0\u00bb{}\u00a0\u00bb][et_pb_text _builder_version=\u00a0\u00bb4.27.2&Prime; _module_preset=\u00a0\u00bbdefault\u00a0\u00bb text_text_color=\u00a0\u00bb#222D3F\u00a0\u00bb text_font_size=\u00a0\u00bb13px\u00a0\u00bb header_3_text_align=\u00a0\u00bbjustify\u00a0\u00bb header_3_text_color=\u00a0\u00bb#004D33&Prime; header_3_font_size=\u00a0\u00bb25px\u00a0\u00bb header_3_letter_spacing=\u00a0\u00bb-1px\u00a0\u00bb header_3_line_height=\u00a0\u00bb1.1em\u00a0\u00bb global_colors_info=\u00a0\u00bb{}\u00a0\u00bb]<\/p>\n<h3>Accompagnement<br \/>\nsur-mesure <\/h3>\n<p>De l\u2019audit de votre parc \u00e0 la gestion de vos \u00e9quipements, nous sommes \u00e0 vos c\u00f4t\u00e9s \u00e0 chaque \u00e9tape.[\/et_pb_text][\/et_pb_column][\/et_pb_row][\/et_pb_section][et_pb_section fb_built=\u00a0\u00bb1&Prime; _builder_version=\u00a0\u00bb4.25.0&Prime; _module_preset=\u00a0\u00bbdefault\u00a0\u00bb background_color=\u00a0\u00bb#f2f2f2&Prime; global_colors_info=\u00a0\u00bb{}\u00a0\u00bb][et_pb_row column_structure=\u00a0\u00bb1_2,1_2&Prime; _builder_version=\u00a0\u00bb4.24.2&Prime; _module_preset=\u00a0\u00bbdefault\u00a0\u00bb global_colors_info=\u00a0\u00bb{}\u00a0\u00bb][et_pb_column type=\u00a0\u00bb1_2&Prime; _builder_version=\u00a0\u00bb4.24.2&Prime; _module_preset=\u00a0\u00bbdefault\u00a0\u00bb custom_padding=\u00a0\u00bb10%||10%||true|false\u00a0\u00bb custom_padding_tablet=\u00a0\u00bb0%||0%||true|false\u00a0\u00bb custom_padding_phone=\u00a0\u00bb0%||0%||true|false\u00a0\u00bb custom_padding_last_edited=\u00a0\u00bbon|tablet\u00a0\u00bb global_colors_info=\u00a0\u00bb{}\u00a0\u00bb][et_pb_text _builder_version=\u00a0\u00bb4.27.2&Prime; _module_preset=\u00a0\u00bb4f69fc0d-f75d-4a6a-9dbf-d5d3d235a04f\u00a0\u00bb header_2_font=\u00a0\u00bb&#8211;et_global_body_font|700|||||||\u00a0\u00bb header_2_text_color=\u00a0\u00bb#004D33&Prime; header_2_letter_spacing=\u00a0\u00bb-2px\u00a0\u00bb custom_margin=\u00a0\u00bb||10px||false|false\u00a0\u00bb global_colors_info=\u00a0\u00bb{}\u00a0\u00bb]<\/p>\n<h2>LA SELECTION DU MOMENT<\/h2>\n<p>[\/et_pb_text][et_pb_text _builder_version=\u00a0\u00bb4.27.2&Prime; _module_preset=\u00a0\u00bbdc6cf067-4c83-4fc7-a79f-a3d40b979470&Prime; global_colors_info=\u00a0\u00bb{}\u00a0\u00bb]<\/p>\n<p>Une gamme de PC reconditionn\u00e9s, compatible avec windows 11 vous assurant une s\u00e9curit\u00e9 optimale, le tout garantie 2 ans.\n<\/p>\n<p>[\/et_pb_text][et_pb_button button_url=\u00a0\u00bbhttps:\/\/relifepc2.odoo.com\/shop\/category\/windows-11-5&Prime; button_text=\u00a0\u00bbSelection du moment\u00a0\u00bb _builder_version=\u00a0\u00bb4.27.2&Prime; _module_preset=\u00a0\u00bb0e70b152-779b-4922-b32a-41b753daa9f8&Prime; global_colors_info=\u00a0\u00bb{}\u00a0\u00bb][\/et_pb_button][\/et_pb_column][et_pb_column type=\u00a0\u00bb1_2&Prime; _builder_version=\u00a0\u00bb4.24.2&Prime; _module_preset=\u00a0\u00bbdefault\u00a0\u00bb global_colors_info=\u00a0\u00bb{}\u00a0\u00bb][et_pb_image src=\u00a0\u00bbhttps:\/\/relifepc.fr\/wp-content\/uploads\/2024\/10\/lenovo-thinkpad-t14s-14pouces-webcam-black-notebook-back-front_1920x1920.avif\u00a0\u00bb alt=\u00a0\u00bbLENOVO Thinkpad T14S &#8211; 14p &#8211; Ryzen 5 4650 &#8211; Ram 8 Go &#8211; SSD 256 Go &#8211; Win 11 &#8211; A &#8211; Garantie 2 ans\u00a0\u00bb title_text=\u00a0\u00bblenovo-thinkpad-t14s-14pouces-webcam-black-notebook-back-front_1920x1920&Prime; _builder_version=\u00a0\u00bb4.27.2&Prime; _module_preset=\u00a0\u00bbdefault\u00a0\u00bb border_radii=\u00a0\u00bbon|10px|10px|10px|10px\u00a0\u00bb global_colors_info=\u00a0\u00bb{}\u00a0\u00bb][\/et_pb_image][\/et_pb_column][\/et_pb_row][\/et_pb_section][et_pb_section fb_built=\u00a0\u00bb1&Prime; admin_label=\u00a0\u00bbAbout\u00a0\u00bb _builder_version=\u00a0\u00bb4.23.2&Prime; _module_preset=\u00a0\u00bbdefault\u00a0\u00bb locked=\u00a0\u00bboff\u00a0\u00bb collapsed=\u00a0\u00bbon\u00a0\u00bb global_colors_info=\u00a0\u00bb{}\u00a0\u00bb][\/et_pb_section]<\/p>\n","protected":false},"excerpt":{"rendered":"<p>Solutions Pro et Collectivit\u00e9s : Ensemble vers un IT plus Vert &nbsp; Imaginez un monde o\u00f9 votre mat\u00e9riel IT ne finit pas \u00e0 la casse mais trouve une seconde vie, tout en r\u00e9duisant votre empreinte \u00e9cologique. Chez Relife PC, nous vous accompagnons dans cette transition, en reconditionnant, optimisant et recyclant vos \u00e9quipements informatiques. Optez pour [&hellip;]<\/p>\n","protected":false},"author":1,"featured_media":2812,"parent":0,"menu_order":0,"comment_status":"closed","ping_status":"closed","template":"","meta":{"_et_pb_use_builder":"on","_et_pb_old_content":"","_et_gb_content_width":"","inline_featured_image":false,"footnotes":""},"class_list":["post-3033","page","type-page","status-publish","has-post-thumbnail","hentry"],"yoast_head":"<!-- This site is optimized with the Yoast SEO plugin v27.5 - https:\/\/yoast.com\/product\/yoast-seo-wordpress\/ -->\n<title>Solutions IT Pros et les Collectivit\u00e9s - Relife PC<\/title>\n<meta name=\"description\" content=\"Des solutions pros IT \u00e9coresponsables pour les entreprises et collectivit\u00e9s : reconditionnement, audits IT, collecte et recyclage s\u00e9curis\u00e9.\" \/>\n<meta name=\"robots\" content=\"index, follow, max-snippet:-1, max-image-preview:large, max-video-preview:-1\" \/>\n<link rel=\"canonical\" href=\"https:\/\/relifepc.fr\/index.php\/nos-solutions-pour-les-pros-et-les-collectivites\/\" \/>\n<meta property=\"og:locale\" content=\"fr_FR\" \/>\n<meta property=\"og:type\" content=\"article\" \/>\n<meta property=\"og:title\" content=\"Solutions IT Pros et les Collectivit\u00e9s - Relife PC\" \/>\n<meta property=\"og:description\" content=\"Des solutions pros IT \u00e9coresponsables pour les entreprises et collectivit\u00e9s : reconditionnement, audits IT, collecte et recyclage s\u00e9curis\u00e9.\" \/>\n<meta property=\"og:url\" content=\"https:\/\/relifepc.fr\/index.php\/nos-solutions-pour-les-pros-et-les-collectivites\/\" \/>\n<meta property=\"og:site_name\" content=\"Relife PC\" \/>\n<meta property=\"article:publisher\" content=\"https:\/\/www.facebook.com\/relifepclaval\" \/>\n<meta property=\"article:modified_time\" content=\"2024-12-10T14:03:06+00:00\" \/>\n<meta property=\"og:image\" content=\"https:\/\/relifepc.fr\/wp-content\/uploads\/2024\/09\/AdobeStock_396595554-scaled.jpeg\" \/>\n\t<meta property=\"og:image:width\" content=\"2560\" \/>\n\t<meta property=\"og:image:height\" content=\"2336\" \/>\n\t<meta property=\"og:image:type\" content=\"image\/jpeg\" \/>\n<meta name=\"twitter:card\" content=\"summary_large_image\" \/>\n<meta name=\"twitter:label1\" content=\"Dur\u00e9e de lecture estim\u00e9e\" \/>\n\t<meta name=\"twitter:data1\" content=\"3 minutes\" \/>\n<script type=\"application\/ld+json\" class=\"yoast-schema-graph\">{\"@context\":\"https:\\\/\\\/schema.org\",\"@graph\":[{\"@type\":\"WebPage\",\"@id\":\"https:\\\/\\\/relifepc.fr\\\/index.php\\\/nos-solutions-pour-les-pros-et-les-collectivites\\\/\",\"url\":\"https:\\\/\\\/relifepc.fr\\\/index.php\\\/nos-solutions-pour-les-pros-et-les-collectivites\\\/\",\"name\":\"Solutions IT Pros et les Collectivit\u00e9s - Relife PC\",\"isPartOf\":{\"@id\":\"https:\\\/\\\/www.relifepc.fr\\\/#website\"},\"primaryImageOfPage\":{\"@id\":\"https:\\\/\\\/relifepc.fr\\\/index.php\\\/nos-solutions-pour-les-pros-et-les-collectivites\\\/#primaryimage\"},\"image\":{\"@id\":\"https:\\\/\\\/relifepc.fr\\\/index.php\\\/nos-solutions-pour-les-pros-et-les-collectivites\\\/#primaryimage\"},\"thumbnailUrl\":\"https:\\\/\\\/relifepc.fr\\\/wp-content\\\/uploads\\\/2024\\\/09\\\/AdobeStock_396595554-scaled.jpeg\",\"datePublished\":\"2024-10-24T17:03:42+00:00\",\"dateModified\":\"2024-12-10T14:03:06+00:00\",\"description\":\"Des solutions pros IT \u00e9coresponsables pour les entreprises et collectivit\u00e9s : reconditionnement, audits IT, collecte et recyclage s\u00e9curis\u00e9.\",\"breadcrumb\":{\"@id\":\"https:\\\/\\\/relifepc.fr\\\/index.php\\\/nos-solutions-pour-les-pros-et-les-collectivites\\\/#breadcrumb\"},\"inLanguage\":\"fr-FR\",\"potentialAction\":[{\"@type\":\"ReadAction\",\"target\":[\"https:\\\/\\\/relifepc.fr\\\/index.php\\\/nos-solutions-pour-les-pros-et-les-collectivites\\\/\"]}]},{\"@type\":\"ImageObject\",\"inLanguage\":\"fr-FR\",\"@id\":\"https:\\\/\\\/relifepc.fr\\\/index.php\\\/nos-solutions-pour-les-pros-et-les-collectivites\\\/#primaryimage\",\"url\":\"https:\\\/\\\/relifepc.fr\\\/wp-content\\\/uploads\\\/2024\\\/09\\\/AdobeStock_396595554-scaled.jpeg\",\"contentUrl\":\"https:\\\/\\\/relifepc.fr\\\/wp-content\\\/uploads\\\/2024\\\/09\\\/AdobeStock_396595554-scaled.jpeg\",\"width\":2560,\"height\":2336,\"caption\":\"d\u00e9couvrez les solutions pour les pros en IT \u00e9coresponsable, audit de parc IT, optimisation du parc IT, num\u00e9rique responsable, reconditionnement de parc en interne\"},{\"@type\":\"BreadcrumbList\",\"@id\":\"https:\\\/\\\/relifepc.fr\\\/index.php\\\/nos-solutions-pour-les-pros-et-les-collectivites\\\/#breadcrumb\",\"itemListElement\":[{\"@type\":\"ListItem\",\"position\":1,\"name\":\"Accueil\",\"item\":\"https:\\\/\\\/relifepc.fr\\\/\"},{\"@type\":\"ListItem\",\"position\":2,\"name\":\"Solutions IT Pros et les Collectivit\u00e9s\"}]},{\"@type\":\"WebSite\",\"@id\":\"https:\\\/\\\/www.relifepc.fr\\\/#website\",\"url\":\"https:\\\/\\\/www.relifepc.fr\\\/\",\"name\":\"Relife PC\",\"description\":\"Green is the new geek\",\"potentialAction\":[{\"@type\":\"SearchAction\",\"target\":{\"@type\":\"EntryPoint\",\"urlTemplate\":\"https:\\\/\\\/www.relifepc.fr\\\/?s={search_term_string}\"},\"query-input\":{\"@type\":\"PropertyValueSpecification\",\"valueRequired\":true,\"valueName\":\"search_term_string\"}}],\"inLanguage\":\"fr-FR\"}]}<\/script>\n<!-- \/ Yoast SEO plugin. -->","yoast_head_json":{"title":"Solutions IT Pros et les Collectivit\u00e9s - Relife PC","description":"Des solutions pros IT \u00e9coresponsables pour les entreprises et collectivit\u00e9s : reconditionnement, audits IT, collecte et recyclage s\u00e9curis\u00e9.","robots":{"index":"index","follow":"follow","max-snippet":"max-snippet:-1","max-image-preview":"max-image-preview:large","max-video-preview":"max-video-preview:-1"},"canonical":"https:\/\/relifepc.fr\/index.php\/nos-solutions-pour-les-pros-et-les-collectivites\/","og_locale":"fr_FR","og_type":"article","og_title":"Solutions IT Pros et les Collectivit\u00e9s - Relife PC","og_description":"Des solutions pros IT \u00e9coresponsables pour les entreprises et collectivit\u00e9s : reconditionnement, audits IT, collecte et recyclage s\u00e9curis\u00e9.","og_url":"https:\/\/relifepc.fr\/index.php\/nos-solutions-pour-les-pros-et-les-collectivites\/","og_site_name":"Relife PC","article_publisher":"https:\/\/www.facebook.com\/relifepclaval","article_modified_time":"2024-12-10T14:03:06+00:00","og_image":[{"width":2560,"height":2336,"url":"https:\/\/relifepc.fr\/wp-content\/uploads\/2024\/09\/AdobeStock_396595554-scaled.jpeg","type":"image\/jpeg"}],"twitter_card":"summary_large_image","twitter_misc":{"Dur\u00e9e de lecture estim\u00e9e":"3 minutes"},"schema":{"@context":"https:\/\/schema.org","@graph":[{"@type":"WebPage","@id":"https:\/\/relifepc.fr\/index.php\/nos-solutions-pour-les-pros-et-les-collectivites\/","url":"https:\/\/relifepc.fr\/index.php\/nos-solutions-pour-les-pros-et-les-collectivites\/","name":"Solutions IT Pros et les Collectivit\u00e9s - Relife PC","isPartOf":{"@id":"https:\/\/www.relifepc.fr\/#website"},"primaryImageOfPage":{"@id":"https:\/\/relifepc.fr\/index.php\/nos-solutions-pour-les-pros-et-les-collectivites\/#primaryimage"},"image":{"@id":"https:\/\/relifepc.fr\/index.php\/nos-solutions-pour-les-pros-et-les-collectivites\/#primaryimage"},"thumbnailUrl":"https:\/\/relifepc.fr\/wp-content\/uploads\/2024\/09\/AdobeStock_396595554-scaled.jpeg","datePublished":"2024-10-24T17:03:42+00:00","dateModified":"2024-12-10T14:03:06+00:00","description":"Des solutions pros IT \u00e9coresponsables pour les entreprises et collectivit\u00e9s : reconditionnement, audits IT, collecte et recyclage s\u00e9curis\u00e9.","breadcrumb":{"@id":"https:\/\/relifepc.fr\/index.php\/nos-solutions-pour-les-pros-et-les-collectivites\/#breadcrumb"},"inLanguage":"fr-FR","potentialAction":[{"@type":"ReadAction","target":["https:\/\/relifepc.fr\/index.php\/nos-solutions-pour-les-pros-et-les-collectivites\/"]}]},{"@type":"ImageObject","inLanguage":"fr-FR","@id":"https:\/\/relifepc.fr\/index.php\/nos-solutions-pour-les-pros-et-les-collectivites\/#primaryimage","url":"https:\/\/relifepc.fr\/wp-content\/uploads\/2024\/09\/AdobeStock_396595554-scaled.jpeg","contentUrl":"https:\/\/relifepc.fr\/wp-content\/uploads\/2024\/09\/AdobeStock_396595554-scaled.jpeg","width":2560,"height":2336,"caption":"d\u00e9couvrez les solutions pour les pros en IT \u00e9coresponsable, audit de parc IT, optimisation du parc IT, num\u00e9rique responsable, reconditionnement de parc en interne"},{"@type":"BreadcrumbList","@id":"https:\/\/relifepc.fr\/index.php\/nos-solutions-pour-les-pros-et-les-collectivites\/#breadcrumb","itemListElement":[{"@type":"ListItem","position":1,"name":"Accueil","item":"https:\/\/relifepc.fr\/"},{"@type":"ListItem","position":2,"name":"Solutions IT Pros et les Collectivit\u00e9s"}]},{"@type":"WebSite","@id":"https:\/\/www.relifepc.fr\/#website","url":"https:\/\/www.relifepc.fr\/","name":"Relife PC","description":"Green is the new geek","potentialAction":[{"@type":"SearchAction","target":{"@type":"EntryPoint","urlTemplate":"https:\/\/www.relifepc.fr\/?s={search_term_string}"},"query-input":{"@type":"PropertyValueSpecification","valueRequired":true,"valueName":"search_term_string"}}],"inLanguage":"fr-FR"}]}},"_links":{"self":[{"href":"https:\/\/relifepc.fr\/index.php\/wp-json\/wp\/v2\/pages\/3033","targetHints":{"allow":["GET"]}}],"collection":[{"href":"https:\/\/relifepc.fr\/index.php\/wp-json\/wp\/v2\/pages"}],"about":[{"href":"https:\/\/relifepc.fr\/index.php\/wp-json\/wp\/v2\/types\/page"}],"author":[{"embeddable":true,"href":"https:\/\/relifepc.fr\/index.php\/wp-json\/wp\/v2\/users\/1"}],"replies":[{"embeddable":true,"href":"https:\/\/relifepc.fr\/index.php\/wp-json\/wp\/v2\/comments?post=3033"}],"version-history":[{"count":10,"href":"https:\/\/relifepc.fr\/index.php\/wp-json\/wp\/v2\/pages\/3033\/revisions"}],"predecessor-version":[{"id":3529,"href":"https:\/\/relifepc.fr\/index.php\/wp-json\/wp\/v2\/pages\/3033\/revisions\/3529"}],"wp:featuredmedia":[{"embeddable":true,"href":"https:\/\/relifepc.fr\/index.php\/wp-json\/wp\/v2\/media\/2812"}],"wp:attachment":[{"href":"https:\/\/relifepc.fr\/index.php\/wp-json\/wp\/v2\/media?parent=3033"}],"curies":[{"name":"wp","href":"https:\/\/api.w.org\/{rel}","templated":true}]}}