{"id":296,"date":"2022-05-04T17:33:26","date_gmt":"2022-05-04T15:33:26","guid":{"rendered":"http:\/\/relifepc.fr\/?page_id=296"},"modified":"2026-03-13T06:40:40","modified_gmt":"2026-03-13T05:40:40","slug":"a-propos","status":"publish","type":"page","link":"https:\/\/relifepc.fr\/index.php\/a-propos\/","title":{"rendered":"Histoire de Relife PC"},"content":{"rendered":"<p>[et_pb_section fb_built=\u00a0\u00bb1&Prime; _builder_version=\u00a0\u00bb4.27.2&Prime; _module_preset=\u00a0\u00bbdefault\u00a0\u00bb background_color=\u00a0\u00bb#004D33&Prime; module_alignment=\u00a0\u00bbcenter\u00a0\u00bb module_alignment_last_edited=\u00a0\u00bboff|phone\u00a0\u00bb global_colors_info=\u00a0\u00bb{}\u00a0\u00bb][et_pb_row custom_padding_last_edited=\u00a0\u00bbon|phone\u00a0\u00bb _builder_version=\u00a0\u00bb4.27.2&Prime; _module_preset=\u00a0\u00bbdefault\u00a0\u00bb width=\u00a0\u00bb100%\u00a0\u00bb max_width=\u00a0\u00bb1028px\u00a0\u00bb module_alignment=\u00a0\u00bbcenter\u00a0\u00bb custom_margin=\u00a0\u00bb|auto||160px||\u00a0\u00bb custom_margin_tablet=\u00a0\u00bb|auto||160px||\u00a0\u00bb custom_margin_phone=\u00a0\u00bb|0px||0px|false|false\u00a0\u00bb custom_margin_last_edited=\u00a0\u00bbon|phone\u00a0\u00bb custom_padding_tablet=\u00a0\u00bb\u00a0\u00bb custom_padding_phone=\u00a0\u00bb||40px||false|false\u00a0\u00bb module_alignment_tablet=\u00a0\u00bbcenter\u00a0\u00bb module_alignment_phone=\u00a0\u00bbcenter\u00a0\u00bb module_alignment_last_edited=\u00a0\u00bbon|tablet\u00a0\u00bb global_colors_info=\u00a0\u00bb{}\u00a0\u00bb][et_pb_column type=\u00a0\u00bb4_4&Prime; _builder_version=\u00a0\u00bb4.27.2&Prime; _module_preset=\u00a0\u00bbdefault\u00a0\u00bb global_colors_info=\u00a0\u00bb{}\u00a0\u00bb][et_pb_text _builder_version=\u00a0\u00bb4.27.4&Prime; _module_preset=\u00a0\u00bbdefault\u00a0\u00bb text_text_color=\u00a0\u00bb#FFFFFF\u00a0\u00bb text_font_size=\u00a0\u00bb17px\u00a0\u00bb header_font=\u00a0\u00bbComfortaa||||||||\u00a0\u00bb header_text_color=\u00a0\u00bb#FFFFFF\u00a0\u00bb header_font_size=\u00a0\u00bb63px\u00a0\u00bb text_orientation=\u00a0\u00bbjustified\u00a0\u00bb module_alignment=\u00a0\u00bbcenter\u00a0\u00bb custom_margin=\u00a0\u00bb||||false|false\u00a0\u00bb custom_padding=\u00a0\u00bb|||50px|false|false\u00a0\u00bb custom_padding_tablet=\u00a0\u00bb20px||20px|0px|false|false\u00a0\u00bb custom_padding_phone=\u00a0\u00bb50px||0px|0px|false|false\u00a0\u00bb custom_padding_last_edited=\u00a0\u00bbon|phone\u00a0\u00bb header_font_size_tablet=\u00a0\u00bb63px\u00a0\u00bb header_font_size_phone=\u00a0\u00bb29px\u00a0\u00bb header_font_size_last_edited=\u00a0\u00bbon|phone\u00a0\u00bb module_alignment_tablet=\u00a0\u00bbcenter\u00a0\u00bb module_alignment_phone=\u00a0\u00bbcenter\u00a0\u00bb module_alignment_last_edited=\u00a0\u00bbon|tablet\u00a0\u00bb global_colors_info=\u00a0\u00bb{}\u00a0\u00bb]<\/p>\n<h1>L&rsquo;Histoire de Relife PC<\/h1>\n<p>&nbsp;<\/p>\n<p>Chez Relife PC, chaque geste compte pour faire du num\u00e9rique une force positive. Notre mission ? <strong>Allonger la dur\u00e9e de vie des \u00e9quipements informatiques<strong>, <strong>r\u00e9duire les d\u00e9chets \u00e9lectroniques <strong>et <strong>rendre la technologie accessible <strong>\u00e0 tous. Fiers d&rsquo;appartenir \u00e0 l\u2019\u00c9conomie Sociale et Solidaire, nous r\u00e9concilions <strong>innovation et durabilit\u00e9<strong>. En nous rejoignant, vous participez \u00e0 une<strong> r\u00e9volution num\u00e9rique \u00e9coresponsable et solidaire<strong>. Ensemble, construisons un avenir o\u00f9 la technologie respecte \u00e0 la fois l&rsquo;humain et la plan\u00e8te.<\/strong><\/strong><\/strong><\/strong><\/strong><\/strong><\/strong><\/strong><\/strong><\/strong><\/p>\n<p>[\/et_pb_text][\/et_pb_column][\/et_pb_row][\/et_pb_section][et_pb_section fb_built=\u00a0\u00bb1&Prime; specialty=\u00a0\u00bbon\u00a0\u00bb _builder_version=\u00a0\u00bb4.27.2&Prime; _module_preset=\u00a0\u00bbdefault\u00a0\u00bb global_colors_info=\u00a0\u00bb{}\u00a0\u00bb][et_pb_column type=\u00a0\u00bb1_2&Prime; _builder_version=\u00a0\u00bb4.16&Prime; custom_padding=\u00a0\u00bb|||\u00a0\u00bb global_colors_info=\u00a0\u00bb{}\u00a0\u00bb custom_padding__hover=\u00a0\u00bb|||\u00a0\u00bb][et_pb_image src=\u00a0\u00bbhttps:\/\/relifepc.fr\/wp-content\/uploads\/2024\/01\/Robot-M3D53.svg\u00a0\u00bb alt=\u00a0\u00bbLogo M3D53 Robot bleu\u00a0\u00bb title_text=\u00a0\u00bbRobot M3D53&Prime; _builder_version=\u00a0\u00bb4.27.2&Prime; _module_preset=\u00a0\u00bbdefault\u00a0\u00bb global_colors_info=\u00a0\u00bb{}\u00a0\u00bb][\/et_pb_image][\/et_pb_column][et_pb_column type=\u00a0\u00bb1_2&Prime; specialty_columns=\u00a0\u00bb2&Prime; _builder_version=\u00a0\u00bb4.16&Prime; custom_padding=\u00a0\u00bb|||\u00a0\u00bb global_colors_info=\u00a0\u00bb{}\u00a0\u00bb custom_padding__hover=\u00a0\u00bb|||\u00a0\u00bb][et_pb_row_inner _builder_version=\u00a0\u00bb4.27.2&Prime; _module_preset=\u00a0\u00bbdefault\u00a0\u00bb global_colors_info=\u00a0\u00bb{}\u00a0\u00bb][et_pb_column_inner saved_specialty_column_type=\u00a0\u00bb1_2&Prime; _builder_version=\u00a0\u00bb4.27.2&Prime; _module_preset=\u00a0\u00bbdefault\u00a0\u00bb global_colors_info=\u00a0\u00bb{}\u00a0\u00bb][et_pb_text _builder_version=\u00a0\u00bb4.27.4&Prime; _module_preset=\u00a0\u00bbdefault\u00a0\u00bb text_font_size=\u00a0\u00bb17px\u00a0\u00bb text_letter_spacing=\u00a0\u00bb-1px\u00a0\u00bb header_font=\u00a0\u00bb|||on|||||\u00a0\u00bb header_text_align=\u00a0\u00bbcenter\u00a0\u00bb header_font_size=\u00a0\u00bb31px\u00a0\u00bb header_line_height=\u00a0\u00bb1.7em\u00a0\u00bb header_2_text_color=\u00a0\u00bb#84D6EE\u00a0\u00bb header_2_font_size=\u00a0\u00bb44px\u00a0\u00bb header_2_letter_spacing=\u00a0\u00bb-2px\u00a0\u00bb header_2_line_height=\u00a0\u00bb1.4em\u00a0\u00bb text_orientation=\u00a0\u00bbjustified\u00a0\u00bb global_colors_info=\u00a0\u00bb{}\u00a0\u00bb]<\/p>\n<h2>De M3D 53 \u00e0 Relife PC :<br \/>Une transition naturelle<\/h2>\n<p>Tout a commenc\u00e9 avec M3D53, une entreprise n\u00e9e de la volont\u00e9 de <strong>lutter contre l\u2019accumulation des d\u00e9chets \u00e9lectroniques <\/strong>et de <strong> rendre la technologie plus accessible <\/strong>. Apr\u00e8s des ann\u00e9es \u00e0 sensibiliser sur l\u2019importance du <strong>num\u00e9rique responsable <\/strong>, l\u2019envie d\u2019aller plus loin s\u2019est impos\u00e9e.<\/p>\n<p>C\u2019est ainsi que M3D53 devient Relife PC en 2024, un changement de nom pour mieux refl\u00e9ter notre mission : <strong>prolonger la vie des \u00e9quipements informatiques <\/strong>tout en <strong>r\u00e9duisant leur impact \u00e9cologique <\/strong>. Ce nouveau chapitre marque notre engagement renforc\u00e9 pour <strong> un num\u00e9rique vert et solidaire <\/strong>, en mettant l\u2019accent sur le <strong>r\u00e9emploi, la r\u00e9paration, et l\u2019inclusion num\u00e9rique pour tous <\/strong>. Chez Relife PC, nous sommes convaincus que la technologie doit \u00eatre un <strong>moteur de durabilit\u00e9 et d\u2019inclusion <\/strong>.<\/p>\n<p>Ensemble, transformons le num\u00e9rique !<\/p>\n<p>[\/et_pb_text][\/et_pb_column_inner][\/et_pb_row_inner][\/et_pb_column][\/et_pb_section][et_pb_section fb_built=\u00a0\u00bb1&Prime; _builder_version=\u00a0\u00bb4.27.4&Prime; _module_preset=\u00a0\u00bbdefault\u00a0\u00bb global_colors_info=\u00a0\u00bb{}\u00a0\u00bb][et_pb_row _builder_version=\u00a0\u00bb4.27.4&Prime; _module_preset=\u00a0\u00bbdefault\u00a0\u00bb global_colors_info=\u00a0\u00bb{}\u00a0\u00bb][et_pb_column type=\u00a0\u00bb4_4&Prime; _builder_version=\u00a0\u00bb4.27.4&Prime; _module_preset=\u00a0\u00bbdefault\u00a0\u00bb global_colors_info=\u00a0\u00bb{}\u00a0\u00bb][et_pb_text _builder_version=\u00a0\u00bb4.27.4&Prime; _module_preset=\u00a0\u00bbdefault\u00a0\u00bb header_font_size=\u00a0\u00bb40px\u00a0\u00bb header_2_font=\u00a0\u00bbComfortaa||||||||\u00a0\u00bb header_2_text_color=\u00a0\u00bb#004D33&Prime; header_2_font_size=\u00a0\u00bb40px\u00a0\u00bb header_2_letter_spacing=\u00a0\u00bb-2px\u00a0\u00bb global_colors_info=\u00a0\u00bb{}\u00a0\u00bb]<\/p>\n<h2 style=\"text-align: center;\">Une nouvelle identit\u00e9 visuelle pour une nouvelle histoire<\/h2>\n<p>[\/et_pb_text][et_pb_image src=\u00a0\u00bbhttps:\/\/relifepc.fr\/wp-content\/uploads\/2024\/08\/LOGO-relife-pc.png\u00a0\u00bb alt=\u00a0\u00bbrelife PC histoire de la cr\u00e9ation d&rsquo;un logo, histoire de Relife PC\u00a0\u00bb title_text=\u00a0\u00bbLOGO relife pc\u00a0\u00bb _builder_version=\u00a0\u00bb4.27.4&Prime; _module_preset=\u00a0\u00bbdefault\u00a0\u00bb global_colors_info=\u00a0\u00bb{}\u00a0\u00bb][\/et_pb_image][et_pb_text _builder_version=\u00a0\u00bb4.27.4&Prime; _module_preset=\u00a0\u00bbdefault\u00a0\u00bb text_text_color=\u00a0\u00bb#222D3F\u00a0\u00bb text_font_size=\u00a0\u00bb15px\u00a0\u00bb global_colors_info=\u00a0\u00bb{}\u00a0\u00bb]<\/p>\n<p>Cette nouvelle identit\u00e9 visuelle, reprend la mission de Relife PC tout en gardant une partie de ses origines, on se souvient d&rsquo;ou l&rsquo;on vient !<\/p>\n<p>[\/et_pb_text][\/et_pb_column][\/et_pb_row][\/et_pb_section][et_pb_section fb_built=\u00a0\u00bb1&Prime; _builder_version=\u00a0\u00bb4.27.2&Prime; _module_preset=\u00a0\u00bbdefault\u00a0\u00bb background_color=\u00a0\u00bb#004D33&Prime; background_enable_pattern_style=\u00a0\u00bbon\u00a0\u00bb background_pattern_style=\u00a0\u00bbconfetti\u00a0\u00bb background_pattern_color=\u00a0\u00bb#006633&Prime; top_divider_color=\u00a0\u00bb#84D6EE\u00a0\u00bb top_divider_height=\u00a0\u00bb20px\u00a0\u00bb bottom_divider_color=\u00a0\u00bb#95C11F\u00a0\u00bb bottom_divider_height=\u00a0\u00bb20px\u00a0\u00bb global_colors_info=\u00a0\u00bb{}\u00a0\u00bb][et_pb_row _builder_version=\u00a0\u00bb4.27.4&Prime; _module_preset=\u00a0\u00bbdefault\u00a0\u00bb global_colors_info=\u00a0\u00bb{}\u00a0\u00bb][et_pb_column type=\u00a0\u00bb4_4&Prime; _builder_version=\u00a0\u00bb4.25.1&Prime; _module_preset=\u00a0\u00bbdefault\u00a0\u00bb global_colors_info=\u00a0\u00bb{}\u00a0\u00bb][et_pb_text _builder_version=\u00a0\u00bb4.27.4&Prime; _module_preset=\u00a0\u00bbdefault\u00a0\u00bb header_2_font=\u00a0\u00bbComfortaa|||||on|||\u00a0\u00bb header_2_text_align=\u00a0\u00bbcenter\u00a0\u00bb header_2_text_color=\u00a0\u00bb#FFFFFF\u00a0\u00bb header_2_font_size=\u00a0\u00bb50px\u00a0\u00bb custom_padding_tablet=\u00a0\u00bb25px||20px||false|false\u00a0\u00bb custom_padding_phone=\u00a0\u00bb40px||||false|false\u00a0\u00bb custom_padding_last_edited=\u00a0\u00bbon|tablet\u00a0\u00bb header_2_font_size_tablet=\u00a0\u00bb50px\u00a0\u00bb header_2_font_size_phone=\u00a0\u00bb25px\u00a0\u00bb header_2_font_size_last_edited=\u00a0\u00bbon|phone\u00a0\u00bb header_2_line_height_tablet=\u00a0\u00bb1.1em\u00a0\u00bb header_2_line_height_phone=\u00a0\u00bb1.1em\u00a0\u00bb header_2_line_height_last_edited=\u00a0\u00bbon|tablet\u00a0\u00bb global_colors_info=\u00a0\u00bb{}\u00a0\u00bb]<\/p>\n<h2>Le Fondateur de Relife PC<\/h2>\n<p>[\/et_pb_text][\/et_pb_column][\/et_pb_row][\/et_pb_section][et_pb_section fb_built=\u00a0\u00bb1&Prime; _builder_version=\u00a0\u00bb4.27.2&Prime; _module_preset=\u00a0\u00bbdefault\u00a0\u00bb global_colors_info=\u00a0\u00bb{}\u00a0\u00bb][et_pb_row column_structure=\u00a0\u00bb2_3,1_3&Prime; _builder_version=\u00a0\u00bb4.27.2&Prime; _module_preset=\u00a0\u00bbdefault\u00a0\u00bb width=\u00a0\u00bb100%\u00a0\u00bb max_width=\u00a0\u00bb1680px\u00a0\u00bb module_alignment=\u00a0\u00bbcenter\u00a0\u00bb global_colors_info=\u00a0\u00bb{}\u00a0\u00bb][et_pb_column type=\u00a0\u00bb2_3&Prime; _builder_version=\u00a0\u00bb4.27.2&Prime; _module_preset=\u00a0\u00bbdefault\u00a0\u00bb global_colors_info=\u00a0\u00bb{}\u00a0\u00bb][et_pb_image src=\u00a0\u00bbhttps:\/\/relifepc.fr\/wp-content\/uploads\/2024\/05\/STORY-TELLING-AREZKI.svg\u00a0\u00bb alt=\u00a0\u00bbStorytelling Arezki Maachou\u00a0\u00bb title_text=\u00a0\u00bbSTORY TELLING AREZKI\u00a0\u00bb _builder_version=\u00a0\u00bb4.27.2&Prime; _module_preset=\u00a0\u00bbdefault\u00a0\u00bb border_radii=\u00a0\u00bbon|20px|20px|20px|20px\u00a0\u00bb box_shadow_style=\u00a0\u00bbpreset1&Prime; box_shadow_color=\u00a0\u00bb#222D3F\u00a0\u00bb global_colors_info=\u00a0\u00bb{}\u00a0\u00bb][\/et_pb_image][\/et_pb_column][et_pb_column type=\u00a0\u00bb1_3&Prime; _builder_version=\u00a0\u00bb4.27.2&Prime; _module_preset=\u00a0\u00bbdefault\u00a0\u00bb global_colors_info=\u00a0\u00bb{}\u00a0\u00bb][et_pb_text _builder_version=\u00a0\u00bb4.27.4&Prime; _module_preset=\u00a0\u00bbdefault\u00a0\u00bb text_text_color=\u00a0\u00bb#FFFFFF\u00a0\u00bb text_font_size=\u00a0\u00bb17px\u00a0\u00bb header_text_color=\u00a0\u00bb#84D6EE\u00a0\u00bb header_3_font=\u00a0\u00bb|||||on|||\u00a0\u00bb header_3_text_align=\u00a0\u00bbcenter\u00a0\u00bb header_3_text_color=\u00a0\u00bb#95C11F\u00a0\u00bb header_3_font_size=\u00a0\u00bb30px\u00a0\u00bb background_color=\u00a0\u00bb#004D33&Prime; text_orientation=\u00a0\u00bbjustified\u00a0\u00bb custom_padding=\u00a0\u00bb20px|20px|20px|20px|false|false\u00a0\u00bb header_line_height_tablet=\u00a0\u00bb1em\u00a0\u00bb header_line_height_phone=\u00a0\u00bb1em\u00a0\u00bb header_line_height_last_edited=\u00a0\u00bbon|tablet\u00a0\u00bb header_3_line_height_tablet=\u00a0\u00bb1.1em\u00a0\u00bb header_3_line_height_phone=\u00a0\u00bb1.1em\u00a0\u00bb header_3_line_height_last_edited=\u00a0\u00bbon|tablet\u00a0\u00bb border_radii=\u00a0\u00bbon|20px|20px|20px|20px\u00a0\u00bb border_width_all=\u00a0\u00bb3px\u00a0\u00bb border_color_all=\u00a0\u00bb#95C11F\u00a0\u00bb global_colors_info=\u00a0\u00bb{}\u00a0\u00bb]<\/p>\n<h3>Arezki, le Visionnaire Technique de Relife PC<\/h3>\n<p>Chez Relife PC, on aime faire les choses autrement, et \u00e7a commence par les gens qui composent notre \u00e9quipe. Prenons Arezki, plut\u00f4t du genre \u00e0 \u00e9viter les projecteurs, il pr\u00e9f\u00e8re laisser son travail parler pour lui. Son parcours est atypique et inspirant. Arezki a commenc\u00e9 sa carri\u00e8re avec une formation en couverture chez les Compagnons du Devoir. Malheureusement, un accident l&rsquo;a forc\u00e9 \u00e0 revoir ses plans. Apr\u00e8s plusieurs ann\u00e9es dans l&rsquo;industrie, il a fini par valider les comp\u00e9tences acquises en informatique dans son travail et sa vie personnelle en obtenant un BTS de technicien informaticien.<\/p>\n<p>Passionn\u00e9 d&rsquo;informatique, il est notre expert technique. Mais \u00e7a ne s&rsquo;arr\u00eate pas l\u00e0 : Arezki adore aussi les jeux vid\u00e9o, les sports de combat, le cin\u00e9ma et le bricolage. C&rsquo;est ce m\u00e9lange unique de comp\u00e9tences et de passions qui fait de lui un pilier de Relife PC. Toujours pr\u00eat \u00e0 relever un d\u00e9fi technique ou \u00e0 trouver une solution innovante, Arezki incarne les valeurs de notre entreprise : humilit\u00e9, comp\u00e9tence et engagement.<\/p>\n<p>Arezki, c&rsquo;est un peu le ninja de l&rsquo;ombre chez Relife PC. Il est partout sans jamais chercher \u00e0 \u00eatre au premier plan. Sa discr\u00e9tion est sa force, et c&rsquo;est gr\u00e2ce \u00e0 des personnes comme lui que nous pouvons transformer notre vision en r\u00e9alit\u00e9. Chez Relife PC, on sait que chaque membre de l&rsquo;\u00e9quipe est pr\u00e9cieux, et Arezki en est un parfait exemple talentueux !<\/p>\n<p>[\/et_pb_text][\/et_pb_column][\/et_pb_row][\/et_pb_section][et_pb_section fb_built=\u00a0\u00bb1&Prime; custom_padding_last_edited=\u00a0\u00bbon|tablet\u00a0\u00bb _builder_version=\u00a0\u00bb4.27.2&Prime; _module_preset=\u00a0\u00bbdefault\u00a0\u00bb background_color=\u00a0\u00bb#004D33&Prime; background_enable_pattern_style=\u00a0\u00bbon\u00a0\u00bb background_pattern_style=\u00a0\u00bbconfetti\u00a0\u00bb background_pattern_color=\u00a0\u00bb#006633&Prime; custom_margin_tablet=\u00a0\u00bb\u00a0\u00bb custom_margin_phone=\u00a0\u00bb20px||||false|false\u00a0\u00bb custom_margin_last_edited=\u00a0\u00bbon|phone\u00a0\u00bb custom_padding_tablet=\u00a0\u00bb20px||20px||false|false\u00a0\u00bb custom_padding_phone=\u00a0\u00bb\u00a0\u00bb top_divider_color=\u00a0\u00bb#84D6EE\u00a0\u00bb top_divider_height=\u00a0\u00bb20px\u00a0\u00bb bottom_divider_color=\u00a0\u00bb#95C11F\u00a0\u00bb bottom_divider_height=\u00a0\u00bb20px\u00a0\u00bb global_colors_info=\u00a0\u00bb{}\u00a0\u00bb][et_pb_row _builder_version=\u00a0\u00bb4.25.1&Prime; _module_preset=\u00a0\u00bbdefault\u00a0\u00bb global_colors_info=\u00a0\u00bb{}\u00a0\u00bb][et_pb_column type=\u00a0\u00bb4_4&Prime; _builder_version=\u00a0\u00bb4.25.1&Prime; _module_preset=\u00a0\u00bbdefault\u00a0\u00bb global_colors_info=\u00a0\u00bb{}\u00a0\u00bb][et_pb_text _builder_version=\u00a0\u00bb4.27.4&Prime; _module_preset=\u00a0\u00bbdefault\u00a0\u00bb header_2_font=\u00a0\u00bbComfortaa|||||on|||\u00a0\u00bb header_2_text_align=\u00a0\u00bbcenter\u00a0\u00bb header_2_text_color=\u00a0\u00bb#FFFFFF\u00a0\u00bb header_2_font_size=\u00a0\u00bb50px\u00a0\u00bb custom_padding_tablet=\u00a0\u00bb\u00a0\u00bb custom_padding_phone=\u00a0\u00bb10px||||false|false\u00a0\u00bb custom_padding_last_edited=\u00a0\u00bbon|phone\u00a0\u00bb header_2_font_size_tablet=\u00a0\u00bb\u00a0\u00bb header_2_font_size_phone=\u00a0\u00bb25px\u00a0\u00bb header_2_font_size_last_edited=\u00a0\u00bbon|phone\u00a0\u00bb global_colors_info=\u00a0\u00bb{}\u00a0\u00bb]<\/p>\n<h2>Le Fonctionnement de Relife PC<\/h2>\n<p>[\/et_pb_text][\/et_pb_column][\/et_pb_row][\/et_pb_section][et_pb_section fb_built=\u00a0\u00bb1&Prime; _builder_version=\u00a0\u00bb4.25.1&Prime; _module_preset=\u00a0\u00bbdefault\u00a0\u00bb background_color=\u00a0\u00bb#FFFFFF\u00a0\u00bb global_colors_info=\u00a0\u00bb{}\u00a0\u00bb][et_pb_row column_structure=\u00a0\u00bb1_2,1_2&Prime; _builder_version=\u00a0\u00bb4.27.2&Prime; _module_preset=\u00a0\u00bbdefault\u00a0\u00bb width=\u00a0\u00bb100%\u00a0\u00bb max_width=\u00a0\u00bb2476px\u00a0\u00bb border_radii=\u00a0\u00bbon|20px|20px|20px|20px\u00a0\u00bb border_color_all=\u00a0\u00bb#95C11F\u00a0\u00bb global_colors_info=\u00a0\u00bb{}\u00a0\u00bb][et_pb_column type=\u00a0\u00bb1_2&Prime; _builder_version=\u00a0\u00bb4.25.1&Prime; _module_preset=\u00a0\u00bbdefault\u00a0\u00bb global_colors_info=\u00a0\u00bb{}\u00a0\u00bb][et_pb_image src=\u00a0\u00bbhttps:\/\/relifepc.fr\/wp-content\/uploads\/2024\/05\/fonctionnement.svg\u00a0\u00bb alt=\u00a0\u00bbLe fonctionnement de M3D 53 de la collecte de mat\u00e9riel informatique \u00e0 la vente\u00a0\u00bb title_text=\u00a0\u00bbfonctionnement m3d 53&Prime; _builder_version=\u00a0\u00bb4.25.1&Prime; _module_preset=\u00a0\u00bbdefault\u00a0\u00bb custom_margin=\u00a0\u00bb50px||||false|false\u00a0\u00bb custom_margin_tablet=\u00a0\u00bb50px|20px||20px|false|false\u00a0\u00bb custom_margin_phone=\u00a0\u00bb50px|20px||20px|false|false\u00a0\u00bb custom_margin_last_edited=\u00a0\u00bbon|tablet\u00a0\u00bb custom_padding_tablet=\u00a0\u00bb\u00a0\u00bb custom_padding_phone=\u00a0\u00bb\u00a0\u00bb custom_padding_last_edited=\u00a0\u00bbon|tablet\u00a0\u00bb border_radii=\u00a0\u00bbon|20px|20px|20px|20px\u00a0\u00bb border_width_all=\u00a0\u00bb2px\u00a0\u00bb border_color_all=\u00a0\u00bb#95C11F\u00a0\u00bb box_shadow_style=\u00a0\u00bbpreset1&Prime; box_shadow_color=\u00a0\u00bb#222D3F\u00a0\u00bb global_colors_info=\u00a0\u00bb{}\u00a0\u00bb][\/et_pb_image][\/et_pb_column][et_pb_column type=\u00a0\u00bb1_2&Prime; _builder_version=\u00a0\u00bb4.25.1&Prime; _module_preset=\u00a0\u00bbdefault\u00a0\u00bb global_colors_info=\u00a0\u00bb{}\u00a0\u00bb][et_pb_text _builder_version=\u00a0\u00bb4.27.4&Prime; _module_preset=\u00a0\u00bbdefault\u00a0\u00bb text_text_color=\u00a0\u00bb#222D3F\u00a0\u00bb text_font_size=\u00a0\u00bb18px\u00a0\u00bb header_3_font=\u00a0\u00bbComfortaa|||||on|||\u00a0\u00bb header_3_text_color=\u00a0\u00bb#006633&Prime; header_3_font_size=\u00a0\u00bb30px\u00a0\u00bb background_color=\u00a0\u00bb#FFFFFF\u00a0\u00bb text_orientation=\u00a0\u00bbjustified\u00a0\u00bb custom_margin_tablet=\u00a0\u00bb|20px|20px|20px|false|false\u00a0\u00bb custom_margin_phone=\u00a0\u00bb|20px|20px|20px|false|false\u00a0\u00bb custom_margin_last_edited=\u00a0\u00bbon|tablet\u00a0\u00bb custom_padding_last_edited=\u00a0\u00bboff|tablet\u00a0\u00bb global_colors_info=\u00a0\u00bb{}\u00a0\u00bb]<\/p>\n<h3>Collecte<\/h3>\n<p>Le mat\u00e9riel est collect\u00e9 par nos soins aupr\u00e8s de nos <strong>partenaires<\/strong>. Nous nous engageons \u00e0 effectuer cette collecte de mani\u00e8re r\u00e9guli\u00e8re et organis\u00e9e, en assurant une<strong> logistique efficace <strong>pour minimiser l&rsquo;<strong>impact environnemental<\/strong>. Nos partenaires incluent des entreprises locales, des collectivit\u00e9s et des organisations \u00e0 but non lucratif, avec lesquelles nous entretenons des relations de confiance et de collaboration.<\/strong><\/strong><\/p>\n<h3>Tri et \u00e9valuation<\/h3>\n<p>Une fois le mat\u00e9riel collect\u00e9, il est achemin\u00e9 vers notre centre de tri o\u00f9 il est soigneusement pes\u00e9 et r\u00e9f\u00e9renc\u00e9 pour assurer une<strong> tra\u00e7abilit\u00e9 compl\u00e8te<\/strong>. Chaque pi\u00e8ce de mat\u00e9riel est \u00e9valu\u00e9e pour d\u00e9terminer son \u00e9tat et son<strong> potentiel de r\u00e9utilisation<\/strong>. Cette \u00e9tape est cruciale pour garantir que nous maximisons la valeur de chaque \u00e9l\u00e9ment, qu&rsquo;il soit destin\u00e9 au <strong>reconditionnement<\/strong>, \u00e0 l&rsquo;utilisation pour pi\u00e8ces d\u00e9tach\u00e9es dans notre <strong>recyclerie<\/strong>, ou au <strong>recyclage<\/strong>. Nous effectuons \u00e9galement une tra\u00e7abilit\u00e9 rigoureuse des donn\u00e9es pour assurer la <strong>s\u00e9curit\u00e9 et la confidentialit\u00e9 des informations<\/strong> pr\u00e9sentes sur les appareils.<\/p>\n<h3>Reconditionnement<\/h3>\n<p>Le mat\u00e9riel jug\u00e9 reconditionnable passe par une s\u00e9rie de processus minutieux. Tout d&rsquo;abord, les composants sont nettoy\u00e9s et les \u00e9ventuelles<strong> r\u00e9parations n\u00e9cessaires<\/strong> sont effectu\u00e9es. Ensuite, les appareils sont <strong>assembl\u00e9s et test\u00e9s <\/strong>pour s&rsquo;assurer qu&rsquo;ils fonctionnent correctement. Chaque <strong>appareil reconditionn\u00e9 <\/strong>est test\u00e9 afin de r\u00e9pondre \u00e0 nos standards de qualit\u00e9. Nous mettons un point d&rsquo;honneur \u00e0<strong> prolonger la dur\u00e9e de vie <\/strong>des appareils tout en minimisant les d\u00e9chets \u00e9lectroniques.<\/p>\n<h3>Vente ou dons<\/h3>\n<p>Une fois reconditionn\u00e9, le mat\u00e9riel est pr\u00eat pour une nouvelle vie. Nous proposons ces appareils \u00e0 la vente \u00e0 des<strong> prix comp\u00e9titifs<\/strong>, permettant ainsi \u00e0 nos clients d&rsquo;acc\u00e9der \u00e0 du <strong>mat\u00e9riel informatique fiable et abordable<\/strong>. En parall\u00e8le, nous effectuons des dons de mat\u00e9riel aux organisations et individus dans le besoin, contribuant ainsi \u00e0 la<strong> r\u00e9duction de la fracture num\u00e9rique<\/strong>. Nous nous engageons \u00e0 fournir un service apr\u00e8s-vente pour assurer la satisfaction de nos clients et b\u00e9n\u00e9ficiaires.<\/p>\n<p>[\/et_pb_text][\/et_pb_column][\/et_pb_row][\/et_pb_section]<\/p>\n","protected":false},"excerpt":{"rendered":"<p>L&rsquo;Histoire de Relife PC &nbsp; Chez Relife PC, chaque geste compte pour faire du num\u00e9rique une force positive. Notre mission ? Allonger la dur\u00e9e de vie des \u00e9quipements informatiques, r\u00e9duire les d\u00e9chets \u00e9lectroniques et rendre la technologie accessible \u00e0 tous. Fiers d&rsquo;appartenir \u00e0 l\u2019\u00c9conomie Sociale et Solidaire, nous r\u00e9concilions innovation et durabilit\u00e9. En nous rejoignant, [&hellip;]<\/p>\n","protected":false},"author":1,"featured_media":2766,"parent":0,"menu_order":0,"comment_status":"closed","ping_status":"closed","template":"","meta":{"_et_pb_use_builder":"on","_et_pb_old_content":"","_et_gb_content_width":"","inline_featured_image":false,"footnotes":""},"class_list":["post-296","page","type-page","status-publish","has-post-thumbnail","hentry"],"yoast_head":"<!-- This site is optimized with the Yoast SEO plugin v27.4 - https:\/\/yoast.com\/product\/yoast-seo-wordpress\/ -->\n<title>Histoire de Relife PC de notre recyclerie - Relife PC - rec<\/title>\n<meta name=\"description\" content=\"Histoire de Relife PC : d\u00e9couvrez notre parcours, de la passion pour l&#039;informatique \u00e0 notre engagement pour un num\u00e9rique durable \u00e0 Laval.\" \/>\n<meta name=\"robots\" content=\"index, follow, max-snippet:-1, max-image-preview:large, max-video-preview:-1\" \/>\n<link rel=\"canonical\" href=\"https:\/\/relifepc.fr\/index.php\/a-propos\/\" \/>\n<meta property=\"og:locale\" content=\"fr_FR\" \/>\n<meta property=\"og:type\" content=\"article\" \/>\n<meta property=\"og:title\" content=\"Histoire de Relife PC de notre recyclerie - Relife PC - rec\" \/>\n<meta property=\"og:description\" content=\"Histoire de Relife PC : d\u00e9couvrez notre parcours, de la passion pour l&#039;informatique \u00e0 notre engagement pour un num\u00e9rique durable \u00e0 Laval.\" \/>\n<meta property=\"og:url\" content=\"https:\/\/relifepc.fr\/index.php\/a-propos\/\" \/>\n<meta property=\"og:site_name\" content=\"Relife PC\" \/>\n<meta property=\"article:publisher\" content=\"https:\/\/www.facebook.com\/relifepclaval\" \/>\n<meta property=\"article:modified_time\" content=\"2026-03-13T05:40:40+00:00\" \/>\n<meta property=\"og:image\" content=\"https:\/\/relifepc.fr\/wp-content\/uploads\/2024\/08\/LOGO-relife-pc.png\" \/>\n\t<meta property=\"og:image:width\" content=\"960\" \/>\n\t<meta property=\"og:image:height\" content=\"720\" \/>\n\t<meta property=\"og:image:type\" content=\"image\/png\" \/>\n<meta name=\"twitter:card\" content=\"summary_large_image\" \/>\n<meta name=\"twitter:label1\" content=\"Dur\u00e9e de lecture estim\u00e9e\" \/>\n\t<meta name=\"twitter:data1\" content=\"7 minutes\" \/>\n<script type=\"application\/ld+json\" class=\"yoast-schema-graph\">{\"@context\":\"https:\\\/\\\/schema.org\",\"@graph\":[{\"@type\":\"WebPage\",\"@id\":\"https:\\\/\\\/relifepc.fr\\\/index.php\\\/a-propos\\\/\",\"url\":\"https:\\\/\\\/relifepc.fr\\\/index.php\\\/a-propos\\\/\",\"name\":\"Histoire de Relife PC de notre recyclerie - Relife PC - rec\",\"isPartOf\":{\"@id\":\"https:\\\/\\\/www.relifepc.fr\\\/#website\"},\"primaryImageOfPage\":{\"@id\":\"https:\\\/\\\/relifepc.fr\\\/index.php\\\/a-propos\\\/#primaryimage\"},\"image\":{\"@id\":\"https:\\\/\\\/relifepc.fr\\\/index.php\\\/a-propos\\\/#primaryimage\"},\"thumbnailUrl\":\"https:\\\/\\\/relifepc.fr\\\/wp-content\\\/uploads\\\/2024\\\/08\\\/LOGO-relife-pc.png\",\"datePublished\":\"2022-05-04T15:33:26+00:00\",\"dateModified\":\"2026-03-13T05:40:40+00:00\",\"description\":\"Histoire de Relife PC : d\u00e9couvrez notre parcours, de la passion pour l'informatique \u00e0 notre engagement pour un num\u00e9rique durable \u00e0 Laval.\",\"breadcrumb\":{\"@id\":\"https:\\\/\\\/relifepc.fr\\\/index.php\\\/a-propos\\\/#breadcrumb\"},\"inLanguage\":\"fr-FR\",\"potentialAction\":[{\"@type\":\"ReadAction\",\"target\":[\"https:\\\/\\\/relifepc.fr\\\/index.php\\\/a-propos\\\/\"]}]},{\"@type\":\"ImageObject\",\"inLanguage\":\"fr-FR\",\"@id\":\"https:\\\/\\\/relifepc.fr\\\/index.php\\\/a-propos\\\/#primaryimage\",\"url\":\"https:\\\/\\\/relifepc.fr\\\/wp-content\\\/uploads\\\/2024\\\/08\\\/LOGO-relife-pc.png\",\"contentUrl\":\"https:\\\/\\\/relifepc.fr\\\/wp-content\\\/uploads\\\/2024\\\/08\\\/LOGO-relife-pc.png\",\"width\":960,\"height\":720,\"caption\":\"D\u00e9couvrez la cr\u00e9ation de notre logo et de notre identit\u00e9 visuelle Relife PC\"},{\"@type\":\"BreadcrumbList\",\"@id\":\"https:\\\/\\\/relifepc.fr\\\/index.php\\\/a-propos\\\/#breadcrumb\",\"itemListElement\":[{\"@type\":\"ListItem\",\"position\":1,\"name\":\"Accueil\",\"item\":\"https:\\\/\\\/relifepc.fr\\\/\"},{\"@type\":\"ListItem\",\"position\":2,\"name\":\"Histoire de Relife PC\"}]},{\"@type\":\"WebSite\",\"@id\":\"https:\\\/\\\/www.relifepc.fr\\\/#website\",\"url\":\"https:\\\/\\\/www.relifepc.fr\\\/\",\"name\":\"Relife PC\",\"description\":\"Green is the new geek\",\"potentialAction\":[{\"@type\":\"SearchAction\",\"target\":{\"@type\":\"EntryPoint\",\"urlTemplate\":\"https:\\\/\\\/www.relifepc.fr\\\/?s={search_term_string}\"},\"query-input\":{\"@type\":\"PropertyValueSpecification\",\"valueRequired\":true,\"valueName\":\"search_term_string\"}}],\"inLanguage\":\"fr-FR\"}]}<\/script>\n<!-- \/ Yoast SEO plugin. -->","yoast_head_json":{"title":"Histoire de Relife PC de notre recyclerie - Relife PC - rec","description":"Histoire de Relife PC : d\u00e9couvrez notre parcours, de la passion pour l'informatique \u00e0 notre engagement pour un num\u00e9rique durable \u00e0 Laval.","robots":{"index":"index","follow":"follow","max-snippet":"max-snippet:-1","max-image-preview":"max-image-preview:large","max-video-preview":"max-video-preview:-1"},"canonical":"https:\/\/relifepc.fr\/index.php\/a-propos\/","og_locale":"fr_FR","og_type":"article","og_title":"Histoire de Relife PC de notre recyclerie - Relife PC - rec","og_description":"Histoire de Relife PC : d\u00e9couvrez notre parcours, de la passion pour l'informatique \u00e0 notre engagement pour un num\u00e9rique durable \u00e0 Laval.","og_url":"https:\/\/relifepc.fr\/index.php\/a-propos\/","og_site_name":"Relife PC","article_publisher":"https:\/\/www.facebook.com\/relifepclaval","article_modified_time":"2026-03-13T05:40:40+00:00","og_image":[{"width":960,"height":720,"url":"https:\/\/relifepc.fr\/wp-content\/uploads\/2024\/08\/LOGO-relife-pc.png","type":"image\/png"}],"twitter_card":"summary_large_image","twitter_misc":{"Dur\u00e9e de lecture estim\u00e9e":"7 minutes"},"schema":{"@context":"https:\/\/schema.org","@graph":[{"@type":"WebPage","@id":"https:\/\/relifepc.fr\/index.php\/a-propos\/","url":"https:\/\/relifepc.fr\/index.php\/a-propos\/","name":"Histoire de Relife PC de notre recyclerie - Relife PC - rec","isPartOf":{"@id":"https:\/\/www.relifepc.fr\/#website"},"primaryImageOfPage":{"@id":"https:\/\/relifepc.fr\/index.php\/a-propos\/#primaryimage"},"image":{"@id":"https:\/\/relifepc.fr\/index.php\/a-propos\/#primaryimage"},"thumbnailUrl":"https:\/\/relifepc.fr\/wp-content\/uploads\/2024\/08\/LOGO-relife-pc.png","datePublished":"2022-05-04T15:33:26+00:00","dateModified":"2026-03-13T05:40:40+00:00","description":"Histoire de Relife PC : d\u00e9couvrez notre parcours, de la passion pour l'informatique \u00e0 notre engagement pour un num\u00e9rique durable \u00e0 Laval.","breadcrumb":{"@id":"https:\/\/relifepc.fr\/index.php\/a-propos\/#breadcrumb"},"inLanguage":"fr-FR","potentialAction":[{"@type":"ReadAction","target":["https:\/\/relifepc.fr\/index.php\/a-propos\/"]}]},{"@type":"ImageObject","inLanguage":"fr-FR","@id":"https:\/\/relifepc.fr\/index.php\/a-propos\/#primaryimage","url":"https:\/\/relifepc.fr\/wp-content\/uploads\/2024\/08\/LOGO-relife-pc.png","contentUrl":"https:\/\/relifepc.fr\/wp-content\/uploads\/2024\/08\/LOGO-relife-pc.png","width":960,"height":720,"caption":"D\u00e9couvrez la cr\u00e9ation de notre logo et de notre identit\u00e9 visuelle Relife PC"},{"@type":"BreadcrumbList","@id":"https:\/\/relifepc.fr\/index.php\/a-propos\/#breadcrumb","itemListElement":[{"@type":"ListItem","position":1,"name":"Accueil","item":"https:\/\/relifepc.fr\/"},{"@type":"ListItem","position":2,"name":"Histoire de Relife PC"}]},{"@type":"WebSite","@id":"https:\/\/www.relifepc.fr\/#website","url":"https:\/\/www.relifepc.fr\/","name":"Relife PC","description":"Green is the new geek","potentialAction":[{"@type":"SearchAction","target":{"@type":"EntryPoint","urlTemplate":"https:\/\/www.relifepc.fr\/?s={search_term_string}"},"query-input":{"@type":"PropertyValueSpecification","valueRequired":true,"valueName":"search_term_string"}}],"inLanguage":"fr-FR"}]}},"_links":{"self":[{"href":"https:\/\/relifepc.fr\/index.php\/wp-json\/wp\/v2\/pages\/296","targetHints":{"allow":["GET"]}}],"collection":[{"href":"https:\/\/relifepc.fr\/index.php\/wp-json\/wp\/v2\/pages"}],"about":[{"href":"https:\/\/relifepc.fr\/index.php\/wp-json\/wp\/v2\/types\/page"}],"author":[{"embeddable":true,"href":"https:\/\/relifepc.fr\/index.php\/wp-json\/wp\/v2\/users\/1"}],"replies":[{"embeddable":true,"href":"https:\/\/relifepc.fr\/index.php\/wp-json\/wp\/v2\/comments?post=296"}],"version-history":[{"count":95,"href":"https:\/\/relifepc.fr\/index.php\/wp-json\/wp\/v2\/pages\/296\/revisions"}],"predecessor-version":[{"id":4069,"href":"https:\/\/relifepc.fr\/index.php\/wp-json\/wp\/v2\/pages\/296\/revisions\/4069"}],"wp:featuredmedia":[{"embeddable":true,"href":"https:\/\/relifepc.fr\/index.php\/wp-json\/wp\/v2\/media\/2766"}],"wp:attachment":[{"href":"https:\/\/relifepc.fr\/index.php\/wp-json\/wp\/v2\/media?parent=296"}],"curies":[{"name":"wp","href":"https:\/\/api.w.org\/{rel}","templated":true}]}}