{"id":1945,"date":"2024-06-20T18:29:33","date_gmt":"2024-06-20T16:29:33","guid":{"rendered":"http:\/\/relifepc.fr\/?page_id=1945"},"modified":"2026-03-13T06:41:13","modified_gmt":"2026-03-13T05:41:13","slug":"points-de-ventes","status":"publish","type":"page","link":"https:\/\/relifepc.fr\/index.php\/points-de-ventes\/","title":{"rendered":"Points de ventes"},"content":{"rendered":"<p>[et_pb_section fb_built=\u00a0\u00bb1&Prime; admin_label=\u00a0\u00bbHeader\u00a0\u00bb _builder_version=\u00a0\u00bb4.25.2&Prime; background_color=\u00a0\u00bb#222D3F\u00a0\u00bb background_enable_image=\u00a0\u00bboff\u00a0\u00bb custom_margin=\u00a0\u00bb-56px|||||\u00a0\u00bb custom_padding=\u00a0\u00bb0vw||0||false|false\u00a0\u00bb bottom_divider_style=\u00a0\u00bbwaves\u00a0\u00bb bottom_divider_color=\u00a0\u00bb#FFFFFF\u00a0\u00bb bottom_divider_height=\u00a0\u00bb50px\u00a0\u00bb bottom_divider_repeat=\u00a0\u00bb1x\u00a0\u00bb locked=\u00a0\u00bboff\u00a0\u00bb global_colors_info=\u00a0\u00bb{}\u00a0\u00bb border_radii__hover=\u00a0\u00bbon||||\u00a0\u00bb border_radii__hover_enabled=\u00a0\u00bbon||||\u00a0\u00bb background_repeat__hover=\u00a0\u00bbno-repeat\u00a0\u00bb background_repeat__hover_enabled=\u00a0\u00bbno-repeat\u00a0\u00bb][et_pb_row custom_padding_last_edited=\u00a0\u00bbon|tablet\u00a0\u00bb _builder_version=\u00a0\u00bb4.27.0&Prime; background_color=\u00a0\u00bb#FFFFFF\u00a0\u00bb background_enable_image=\u00a0\u00bboff\u00a0\u00bb background_size=\u00a0\u00bbcontain\u00a0\u00bb background_position=\u00a0\u00bbbottom_right\u00a0\u00bb width=\u00a0\u00bb100%\u00a0\u00bb max_width=\u00a0\u00bb100%\u00a0\u00bb custom_padding=\u00a0\u00bb78px|15vw|2vw|15vw|false|true\u00a0\u00bb custom_padding_tablet=\u00a0\u00bb|10vw|15vw|10vw|false|true\u00a0\u00bb custom_padding_phone=\u00a0\u00bb\u00a0\u00bb box_shadow_style=\u00a0\u00bbpreset7&Prime; box_shadow_horizontal=\u00a0\u00bb0px\u00a0\u00bb box_shadow_vertical=\u00a0\u00bb-1px\u00a0\u00bb box_shadow_color=\u00a0\u00bb#ffffff\u00a0\u00bb use_custom_width=\u00a0\u00bbon\u00a0\u00bb width_unit=\u00a0\u00bboff\u00a0\u00bb custom_width_percent=\u00a0\u00bb100%\u00a0\u00bb global_colors_info=\u00a0\u00bb{}\u00a0\u00bb][et_pb_column type=\u00a0\u00bb4_4&Prime; _builder_version=\u00a0\u00bb4.16&Prime; custom_padding=\u00a0\u00bb|||\u00a0\u00bb global_colors_info=\u00a0\u00bb{}\u00a0\u00bb custom_padding__hover=\u00a0\u00bb|||\u00a0\u00bb][et_pb_text _builder_version=\u00a0\u00bb4.27.0&Prime; text_font=\u00a0\u00bb|600|||||||\u00a0\u00bb text_text_color=\u00a0\u00bb#FFFFFF\u00a0\u00bb text_font_size=\u00a0\u00bb22px\u00a0\u00bb text_line_height=\u00a0\u00bb1.8em\u00a0\u00bb header_font=\u00a0\u00bb|700|||||||\u00a0\u00bb header_text_color=\u00a0\u00bb#004D33&Prime; header_font_size=\u00a0\u00bb100px\u00a0\u00bb header_line_height=\u00a0\u00bb1.1em\u00a0\u00bb background_layout=\u00a0\u00bbdark\u00a0\u00bb max_width=\u00a0\u00bb80%\u00a0\u00bb max_width_tablet=\u00a0\u00bb\u00a0\u00bb max_width_phone=\u00a0\u00bb\u00a0\u00bb max_width_last_edited=\u00a0\u00bbon|phone\u00a0\u00bb animation_style=\u00a0\u00bbfade\u00a0\u00bb animation_direction=\u00a0\u00bbtop\u00a0\u00bb text_font_size_tablet=\u00a0\u00bb14px\u00a0\u00bb text_font_size_phone=\u00a0\u00bb\u00a0\u00bb text_font_size_last_edited=\u00a0\u00bbon|phone\u00a0\u00bb header_font_size_tablet=\u00a0\u00bb\u00a0\u00bb header_font_size_phone=\u00a0\u00bb42px\u00a0\u00bb header_font_size_last_edited=\u00a0\u00bbon|phone\u00a0\u00bb global_colors_info=\u00a0\u00bb{}\u00a0\u00bb]<\/p>\n<h1 style=\"text-align: left;\">POINTS <br \/>DE VENTES<\/h1>\n<p>[\/et_pb_text][et_pb_text _builder_version=\u00a0\u00bb4.27.0&Prime; text_font=\u00a0\u00bb||||||||\u00a0\u00bb text_text_color=\u00a0\u00bb#222D3F\u00a0\u00bb text_font_size=\u00a0\u00bb22px\u00a0\u00bb text_letter_spacing=\u00a0\u00bb-1px\u00a0\u00bb text_line_height=\u00a0\u00bb1.8em\u00a0\u00bb header_font=\u00a0\u00bbMukta|200|||||||\u00a0\u00bb header_font_size=\u00a0\u00bb7vw\u00a0\u00bb header_line_height=\u00a0\u00bb1.1em\u00a0\u00bb text_orientation=\u00a0\u00bbjustified\u00a0\u00bb background_layout=\u00a0\u00bbdark\u00a0\u00bb max_width=\u00a0\u00bb600px\u00a0\u00bb max_width_last_edited=\u00a0\u00bboff|tablet\u00a0\u00bb custom_margin=\u00a0\u00bb||30px||false|false\u00a0\u00bb custom_padding=\u00a0\u00bb||0px|||\u00a0\u00bb animation_style=\u00a0\u00bbfade\u00a0\u00bb animation_direction=\u00a0\u00bbtop\u00a0\u00bb text_font_size_tablet=\u00a0\u00bb14px\u00a0\u00bb text_font_size_phone=\u00a0\u00bb\u00a0\u00bb text_font_size_last_edited=\u00a0\u00bbon|phone\u00a0\u00bb header_font_size_tablet=\u00a0\u00bb\u00a0\u00bb header_font_size_phone=\u00a0\u00bb42px\u00a0\u00bb header_font_size_last_edited=\u00a0\u00bbon|phone\u00a0\u00bb global_colors_info=\u00a0\u00bb{}\u00a0\u00bb]<\/p>\n<p>Bienvenue sur notre page des points de vente Relife PC!<\/p>\n<p>Gr\u00e2ce \u00e0 des <strong>partenariats solides<\/strong>, nous offrons des <strong>solutions informatiques durables et reconditionn\u00e9es<\/strong>.<\/p>\n<p>Nos partenaires partagent nos valeurs de solidarit\u00e9 et d&rsquo;engagement dans l&rsquo;\u00e9conomie circulaire. D\u00e9couvrez nos Points de vente Relife PC en Mayenne. Ensemble, faisons un geste pour la plan\u00e8te en r\u00e9duisant les d\u00e9chets num\u00e9riques.<\/p>\n<p>Rejoignez-nous dans cette aventure responsable et allez leur rendre visite<\/p>\n<p>[\/et_pb_text][\/et_pb_column][\/et_pb_row][\/et_pb_section][et_pb_section fb_built=\u00a0\u00bb1&Prime; custom_padding_last_edited=\u00a0\u00bbon|tablet\u00a0\u00bb _builder_version=\u00a0\u00bb4.27.2&Prime; _module_preset=\u00a0\u00bbdefault\u00a0\u00bb background_color=\u00a0\u00bb#004D33&Prime; background_enable_pattern_style=\u00a0\u00bbon\u00a0\u00bb background_pattern_style=\u00a0\u00bbsmiles\u00a0\u00bb background_pattern_color=\u00a0\u00bb#004D33&Prime; background_pattern_blend_mode=\u00a0\u00bbsoft-light\u00a0\u00bb custom_margin_tablet=\u00a0\u00bb||||false|false\u00a0\u00bb custom_margin_phone=\u00a0\u00bb||||false|false\u00a0\u00bb custom_margin_last_edited=\u00a0\u00bbon|tablet\u00a0\u00bb custom_padding_tablet=\u00a0\u00bb50px||50px||false|false\u00a0\u00bb custom_padding_phone=\u00a0\u00bb50px||50px||false|false\u00a0\u00bb global_colors_info=\u00a0\u00bb{}\u00a0\u00bb][et_pb_row custom_padding_last_edited=\u00a0\u00bbon|desktop\u00a0\u00bb _builder_version=\u00a0\u00bb4.27.0&Prime; _module_preset=\u00a0\u00bbdefault\u00a0\u00bb background_color=\u00a0\u00bb#FFFFFF\u00a0\u00bb custom_padding=\u00a0\u00bb|30px||30px|false|false\u00a0\u00bb custom_padding_tablet=\u00a0\u00bb|30px||30px|false|false\u00a0\u00bb custom_padding_phone=\u00a0\u00bb|30px||30px|false|false\u00a0\u00bb border_radii=\u00a0\u00bbon|20px|20px|20px|20px\u00a0\u00bb border_width_all=\u00a0\u00bb2px\u00a0\u00bb border_color_all=\u00a0\u00bb#95C11F\u00a0\u00bb global_colors_info=\u00a0\u00bb{}\u00a0\u00bb][et_pb_column type=\u00a0\u00bb4_4&Prime; _builder_version=\u00a0\u00bb4.25.2&Prime; _module_preset=\u00a0\u00bbdefault\u00a0\u00bb global_colors_info=\u00a0\u00bb{}\u00a0\u00bb][et_pb_text _builder_version=\u00a0\u00bb4.27.0&Prime; _module_preset=\u00a0\u00bbdefault\u00a0\u00bb text_text_color=\u00a0\u00bb#222D3F\u00a0\u00bb text_font_size=\u00a0\u00bb14px\u00a0\u00bb header_2_text_align=\u00a0\u00bbcenter\u00a0\u00bb header_2_font_size=\u00a0\u00bb30px\u00a0\u00bb header_2_line_height=\u00a0\u00bb1.1em\u00a0\u00bb text_orientation=\u00a0\u00bbjustified\u00a0\u00bb custom_padding_tablet=\u00a0\u00bb20px||||false|false\u00a0\u00bb custom_padding_phone=\u00a0\u00bb||20px||false|false\u00a0\u00bb custom_padding_last_edited=\u00a0\u00bbon|tablet\u00a0\u00bb global_colors_info=\u00a0\u00bb{}\u00a0\u00bb]<\/p>\n<h2>NOTRE MAYENNE<\/h2>\n<p>&nbsp;<br \/>\nIl \u00e9tait une fois, dans le paisible d\u00e9partement de la <strong>Mayenne<\/strong>, des contr\u00e9es o\u00f9 les vaches paissent tranquillement et o\u00f9 les rivi\u00e8res murmurent des secrets anciens. Mais au-del\u00e0 des champs verdoyants et des ch\u00e2teaux mill\u00e9naires, un vent nouveau soufflait : celui de la technologie durable et \u00e9coresponsable.<\/p>\n<p>Certains voisins aiment bien nous taquiner. Ils disent que la <strong>Mayenne<\/strong> est un petit d\u00e9partement avec plus de vaches que d&rsquo;habitants, et que nous avons vingt ans de retard. Ce qu&rsquo;ils ignorent, c&rsquo;est que nous sommes en r\u00e9alit\u00e9 \u00e0 l&rsquo;avant-garde de la <strong>r\u00e9volution verte<\/strong>. Tandis que d&rsquo;autres tentent de rattraper le temps perdu, nous construisons un avenir durable, un <strong>ordinateur reconditionn\u00e9<\/strong> \u00e0 la fois.<\/p>\n<p>Au c\u0153ur de ce d\u00e9partement bucolique, l&rsquo;<strong>\u00e9conomie circulaire<\/strong> s&rsquo;est install\u00e9e comme une nouvelle Renaissance. Imaginez des <strong>ordinateurs<\/strong> qui ont v\u00e9cu mille vies, pr\u00eats \u00e0 \u00eatre red\u00e9couverts et adopt\u00e9s par des Mayennais en qu\u00eate de performance et de respect de l&rsquo;environnement. Oui, ici, on ne parle pas seulement de <strong>recyclage<\/strong>, mais de <strong>reconditionnement<\/strong>, un art qui donne une seconde chance aux machines tout en prenant soin de notre belle plan\u00e8te.[\/et_pb_text][\/et_pb_column][\/et_pb_row][et_pb_row custom_padding_last_edited=\u00a0\u00bbon|tablet\u00a0\u00bb _builder_version=\u00a0\u00bb4.27.0&Prime; _module_preset=\u00a0\u00bbdefault\u00a0\u00bb custom_margin=\u00a0\u00bb20px||||false|false\u00a0\u00bb custom_padding_tablet=\u00a0\u00bb||||false|false\u00a0\u00bb custom_padding_phone=\u00a0\u00bb||||false|false\u00a0\u00bb global_colors_info=\u00a0\u00bb{}\u00a0\u00bb][et_pb_column type=\u00a0\u00bb4_4&Prime; _builder_version=\u00a0\u00bb4.25.2&Prime; _module_preset=\u00a0\u00bbdefault\u00a0\u00bb global_colors_info=\u00a0\u00bb{}\u00a0\u00bb][et_pb_image src=\u00a0\u00bbhttps:\/\/relifepc.fr\/wp-content\/uploads\/2024\/10\/mayenne-pdv-2.svg\u00a0\u00bb alt=\u00a0\u00bbPoint de vente en mayenne de mat\u00e9riel informatique et PC reconditionn\u00e9s\u00a0\u00bb title_text=\u00a0\u00bbmayenne pdv 2&Prime; _builder_version=\u00a0\u00bb4.27.2&Prime; _module_preset=\u00a0\u00bbdefault\u00a0\u00bb global_colors_info=\u00a0\u00bb{}\u00a0\u00bb][\/et_pb_image][\/et_pb_column][\/et_pb_row][\/et_pb_section][et_pb_section fb_built=\u00a0\u00bb1&Prime; _builder_version=\u00a0\u00bb4.27.0&Prime; _module_preset=\u00a0\u00bbdefault\u00a0\u00bb background_color=\u00a0\u00bbRGBA(255,255,255,0)\u00a0\u00bb custom_margin_tablet=\u00a0\u00bb20px||20px||false|false\u00a0\u00bb custom_margin_phone=\u00a0\u00bb20px||20px||false|false\u00a0\u00bb custom_margin_last_edited=\u00a0\u00bbon|tablet\u00a0\u00bb global_colors_info=\u00a0\u00bb{}\u00a0\u00bb][et_pb_row _builder_version=\u00a0\u00bb4.25.2&Prime; _module_preset=\u00a0\u00bbdefault\u00a0\u00bb global_colors_info=\u00a0\u00bb{}\u00a0\u00bb][et_pb_column type=\u00a0\u00bb4_4&Prime; _builder_version=\u00a0\u00bb4.25.2&Prime; _module_preset=\u00a0\u00bbdefault\u00a0\u00bb global_colors_info=\u00a0\u00bb{}\u00a0\u00bb][et_pb_text _builder_version=\u00a0\u00bb4.25.2&Prime; _module_preset=\u00a0\u00bbdefault\u00a0\u00bb header_2_text_align=\u00a0\u00bbcenter\u00a0\u00bb header_2_font_size=\u00a0\u00bb40px\u00a0\u00bb global_colors_info=\u00a0\u00bb{}\u00a0\u00bb][\/et_pb_text][et_pb_text _builder_version=\u00a0\u00bb4.27.0&Prime; _module_preset=\u00a0\u00bbdefault\u00a0\u00bb header_2_font=\u00a0\u00bb|||||on|||\u00a0\u00bb header_2_text_align=\u00a0\u00bbcenter\u00a0\u00bb header_2_text_color=\u00a0\u00bb#222D3F\u00a0\u00bb header_2_font_size=\u00a0\u00bb50px\u00a0\u00bb header_2_letter_spacing=\u00a0\u00bb-1px\u00a0\u00bb header_2_line_height=\u00a0\u00bb1.2em\u00a0\u00bb custom_padding_tablet=\u00a0\u00bb\u00a0\u00bb custom_padding_phone=\u00a0\u00bb10px||||false|false\u00a0\u00bb custom_padding_last_edited=\u00a0\u00bbon|phone\u00a0\u00bb header_2_font_size_tablet=\u00a0\u00bb\u00a0\u00bb header_2_font_size_phone=\u00a0\u00bb40px\u00a0\u00bb header_2_font_size_last_edited=\u00a0\u00bbon|phone\u00a0\u00bb global_colors_info=\u00a0\u00bb{}\u00a0\u00bb]<\/p>\n<h2>POINT DE VENTE PARTENAIRE<\/h2>\n<p>[\/et_pb_text][\/et_pb_column][\/et_pb_row][et_pb_row column_structure=\u00a0\u00bb2_5,3_5&Prime; custom_padding_last_edited=\u00a0\u00bbon|tablet\u00a0\u00bb _builder_version=\u00a0\u00bb4.27.2&Prime; _module_preset=\u00a0\u00bbdefault\u00a0\u00bb background_color=\u00a0\u00bb#FFFFFF\u00a0\u00bb custom_margin=\u00a0\u00bb||||false|false\u00a0\u00bb custom_margin_tablet=\u00a0\u00bb||||false|false\u00a0\u00bb custom_margin_phone=\u00a0\u00bb||||false|false\u00a0\u00bb custom_margin_last_edited=\u00a0\u00bbon|desktop\u00a0\u00bb custom_padding=\u00a0\u00bb|||0px|false|false\u00a0\u00bb custom_padding_tablet=\u00a0\u00bb20px|30px||30px|false|false\u00a0\u00bb custom_padding_phone=\u00a0\u00bb|0px||0px|false|false\u00a0\u00bb border_radii=\u00a0\u00bbon|20px|20px|20px|20px\u00a0\u00bb global_colors_info=\u00a0\u00bb{}\u00a0\u00bb][et_pb_column type=\u00a0\u00bb2_5&Prime; _builder_version=\u00a0\u00bb4.25.2&Prime; _module_preset=\u00a0\u00bbdefault\u00a0\u00bb global_colors_info=\u00a0\u00bb{}\u00a0\u00bb][et_pb_text _builder_version=\u00a0\u00bb4.27.2&Prime; _module_preset=\u00a0\u00bbdefault\u00a0\u00bb text_text_color=\u00a0\u00bb#004D33&Prime; text_font_size=\u00a0\u00bb15px\u00a0\u00bb header_text_align=\u00a0\u00bbcenter\u00a0\u00bb header_text_color=\u00a0\u00bb#FFFFFF\u00a0\u00bb header_2_text_align=\u00a0\u00bbcenter\u00a0\u00bb header_2_text_color=\u00a0\u00bb#004D33&Prime; header_3_text_align=\u00a0\u00bbcenter\u00a0\u00bb header_3_text_color=\u00a0\u00bb#004D33&Prime; header_3_font_size=\u00a0\u00bb30px\u00a0\u00bb background_color=\u00a0\u00bbRGBA(255,255,255,0)\u00a0\u00bb text_orientation=\u00a0\u00bbcenter\u00a0\u00bb custom_margin=\u00a0\u00bb20px|||50px|false|false\u00a0\u00bb custom_margin_tablet=\u00a0\u00bb20px|||50px|false|false\u00a0\u00bb custom_margin_phone=\u00a0\u00bb|10px||10px|false|false\u00a0\u00bb custom_margin_last_edited=\u00a0\u00bbon|desktop\u00a0\u00bb custom_padding=\u00a0\u00bb50px||50px||false|false\u00a0\u00bb custom_padding_tablet=\u00a0\u00bb50px||50px||false|false\u00a0\u00bb custom_padding_phone=\u00a0\u00bb50px||50px||false|false\u00a0\u00bb custom_padding_last_edited=\u00a0\u00bbon|tablet\u00a0\u00bb border_radii=\u00a0\u00bbon|20px|20px|20px|20px\u00a0\u00bb border_width_all=\u00a0\u00bb3px\u00a0\u00bb border_color_all=\u00a0\u00bb#95C11F\u00a0\u00bb global_colors_info=\u00a0\u00bb{}\u00a0\u00bb]<\/p>\n<h3>GRENIER D&rsquo;ETIC<\/h3>\n<p>ZI du Bray<br \/>53 600 EVRON<\/p>\n<p>[\/et_pb_text][\/et_pb_column][et_pb_column type=\u00a0\u00bb3_5&Prime; _builder_version=\u00a0\u00bb4.25.2&Prime; _module_preset=\u00a0\u00bbdefault\u00a0\u00bb global_colors_info=\u00a0\u00bb{}\u00a0\u00bb][et_pb_text _builder_version=\u00a0\u00bb4.27.2&Prime; _module_preset=\u00a0\u00bbdefault\u00a0\u00bb text_text_color=\u00a0\u00bb#004D33&Prime; text_font_size=\u00a0\u00bb14px\u00a0\u00bb text_orientation=\u00a0\u00bbjustified\u00a0\u00bb custom_padding=\u00a0\u00bb|0px|||false|false\u00a0\u00bb custom_padding_tablet=\u00a0\u00bb|40px||40px|false|false\u00a0\u00bb custom_padding_phone=\u00a0\u00bb|10px|20px|10px|false|false\u00a0\u00bb custom_padding_last_edited=\u00a0\u00bbon|tablet\u00a0\u00bb global_colors_info=\u00a0\u00bb{}\u00a0\u00bb]<\/p>\n<p><a href=\"https:\/\/www.facebook.com\/larecyclerieetic\" title=\"Page facebook grenier d'ETIC\"><\/a>C&rsquo;est avec le <strong>Grenier d&rsquo;Etic<\/strong> que nous avons lanc\u00e9 l&rsquo;aventure des partenariats avec les structures de l&rsquo;<strong>ESS<\/strong> en <strong>Mayenne<\/strong> ! Ce lieu embl\u00e9matique de l&rsquo;<strong>\u00e9conomie circulaire<\/strong> offre une seconde vie aux objets du quotidien, alliant durabilit\u00e9 et responsabilit\u00e9 sociale. En proposant des articles de seconde main \u00e0 petits prix, <strong>Grenier d&rsquo;Etic<\/strong> contribue \u00e0 la r\u00e9duction des d\u00e9chets et favorise la r\u00e9insertion professionnelle des personnes \u00e9loign\u00e9es de l&#8217;emploi.<\/p>\n<p>Plus d&rsquo;information ? rendez-vous sur <a href=\"https:\/\/legrenier.etic53.fr\/\">Etic53.fr<\/a><br \/>Suivez-les sur <a href=\"https:\/\/www.facebook.com\/larecyclerieetic\">Facebook<\/a> .<\/p>\n<p>[\/et_pb_text][\/et_pb_column][\/et_pb_row][et_pb_row column_structure=\u00a0\u00bb2_5,3_5&Prime; custom_padding_last_edited=\u00a0\u00bbon|tablet\u00a0\u00bb _builder_version=\u00a0\u00bb4.27.2&Prime; _module_preset=\u00a0\u00bbdefault\u00a0\u00bb background_color=\u00a0\u00bb#FFFFFF\u00a0\u00bb custom_margin=\u00a0\u00bb20px||||false|false\u00a0\u00bb custom_padding_tablet=\u00a0\u00bb20px|20px|20px|20px|false|false\u00a0\u00bb custom_padding_phone=\u00a0\u00bb20px|20px|20px|20px|false|false\u00a0\u00bb global_colors_info=\u00a0\u00bb{}\u00a0\u00bb][et_pb_column type=\u00a0\u00bb2_5&Prime; _builder_version=\u00a0\u00bb4.25.2&Prime; _module_preset=\u00a0\u00bbdefault\u00a0\u00bb global_colors_info=\u00a0\u00bb{}\u00a0\u00bb][et_pb_text _builder_version=\u00a0\u00bb4.27.2&Prime; _module_preset=\u00a0\u00bbdefault\u00a0\u00bb text_text_color=\u00a0\u00bb#004D33&Prime; text_font_size=\u00a0\u00bb15px\u00a0\u00bb header_text_align=\u00a0\u00bbcenter\u00a0\u00bb header_text_color=\u00a0\u00bb#004D33&Prime; header_2_text_align=\u00a0\u00bbcenter\u00a0\u00bb header_2_font_size=\u00a0\u00bb30px\u00a0\u00bb header_3_text_align=\u00a0\u00bbcenter\u00a0\u00bb header_3_text_color=\u00a0\u00bb#004D33&Prime; header_3_font_size=\u00a0\u00bb30px\u00a0\u00bb background_color=\u00a0\u00bbRGBA(255,255,255,0)\u00a0\u00bb text_orientation=\u00a0\u00bbcenter\u00a0\u00bb custom_margin=\u00a0\u00bb20px|||50px|false|false\u00a0\u00bb custom_margin_tablet=\u00a0\u00bb20px|||0px|false|false\u00a0\u00bb custom_margin_phone=\u00a0\u00bb20px|||0px|false|false\u00a0\u00bb custom_margin_last_edited=\u00a0\u00bbon|tablet\u00a0\u00bb custom_padding=\u00a0\u00bb50px||50px||false|false\u00a0\u00bb custom_padding_tablet=\u00a0\u00bb50px||50px||false|false\u00a0\u00bb custom_padding_phone=\u00a0\u00bb||||false|false\u00a0\u00bb custom_padding_last_edited=\u00a0\u00bbon|tablet\u00a0\u00bb border_radii=\u00a0\u00bbon|20px|20px|20px|20px\u00a0\u00bb border_width_all=\u00a0\u00bb3px\u00a0\u00bb border_color_all=\u00a0\u00bb#95C11F\u00a0\u00bb global_colors_info=\u00a0\u00bb{}\u00a0\u00bb]<\/p>\n<h3>BROC N GROLE<\/h3>\n<p>57 avenue Aristide Briand<br \/>53 500 ERNEE<\/p>\n<p>[\/et_pb_text][\/et_pb_column][et_pb_column type=\u00a0\u00bb3_5&Prime; _builder_version=\u00a0\u00bb4.25.2&Prime; _module_preset=\u00a0\u00bbdefault\u00a0\u00bb global_colors_info=\u00a0\u00bb{}\u00a0\u00bb][et_pb_text _builder_version=\u00a0\u00bb4.27.2&Prime; _module_preset=\u00a0\u00bbdefault\u00a0\u00bb text_text_color=\u00a0\u00bb#004D33&Prime; text_font_size=\u00a0\u00bb14px\u00a0\u00bb text_orientation=\u00a0\u00bbjustified\u00a0\u00bb custom_margin=\u00a0\u00bb|0px|||false|false\u00a0\u00bb custom_padding_tablet=\u00a0\u00bb|40px||40px|false|false\u00a0\u00bb custom_padding_phone=\u00a0\u00bb|0px||0px|false|false\u00a0\u00bb custom_padding_last_edited=\u00a0\u00bbon|tablet\u00a0\u00bb global_colors_info=\u00a0\u00bb{}\u00a0\u00bb]<\/p>\n<p><strong>Broc&rsquo;n Grole<\/strong> est une ressourcerie associative proposant une large gamme d&rsquo;articles de seconde main, incluant meubles, vaisselle, \u00e9quipements \u00e9lectrique\u00a0 et v\u00eatements, contribuant ainsi \u00e0 la r\u00e9duction des d\u00e9chets et \u00e0 la r\u00e9insertion professionnelle.<\/p>\n<p><strong>Broc&rsquo;n Grole<\/strong> abrite la premi\u00e8re et unique <strong>math\u00e9riauth\u00e8que<\/strong> recens\u00e9e en Mayenne, un espace d\u00e9di\u00e9 \u00e0 la r\u00e9cup\u00e9ration et au r\u00e9emploi de mat\u00e9riaux du b\u00e2timent. Cette initiative vise \u00e0 r\u00e9duire nos d\u00e9chets, \u00e0 pr\u00e9server nos ressources et \u00e0 renforcer l&rsquo;\u00e9conomie locale.<\/p>\n<p>Suivez leurs aventures sur <a href=\"https:\/\/www.facebook.com\/profile.php?id=100090408213716\">Facebook<\/a>.<\/p>\n<p>[\/et_pb_text][\/et_pb_column][\/et_pb_row][\/et_pb_section]<\/p>\n","protected":false},"excerpt":{"rendered":"<p>POINTS DE VENTESBienvenue sur notre page des points de vente Relife PC! Gr\u00e2ce \u00e0 des partenariats solides, nous offrons des solutions informatiques durables et reconditionn\u00e9es. Nos partenaires partagent nos valeurs de solidarit\u00e9 et d&rsquo;engagement dans l&rsquo;\u00e9conomie circulaire. D\u00e9couvrez nos Points de vente Relife PC en Mayenne. Ensemble, faisons un geste pour la plan\u00e8te en r\u00e9duisant [&hellip;]<\/p>\n","protected":false},"author":1,"featured_media":3101,"parent":0,"menu_order":0,"comment_status":"closed","ping_status":"closed","template":"","meta":{"_et_pb_use_builder":"on","_et_pb_old_content":"","_et_gb_content_width":"","inline_featured_image":false,"footnotes":""},"class_list":["post-1945","page","type-page","status-publish","has-post-thumbnail","hentry"],"yoast_head":"<!-- This site is optimized with the Yoast SEO plugin v27.4 - https:\/\/yoast.com\/product\/yoast-seo-wordpress\/ -->\n<title>Points de ventes - Relife PC<\/title>\n<meta name=\"description\" content=\"Les produits Relife PC sont disponibles via nos points de vente partenaires, o\u00f9 notre mat\u00e9riel informatique reconditionn\u00e9 est d\u00e9pos\u00e9 en d\u00e9p\u00f4t-vente. Profitez de solutions IT durables, \u00e9coresponsables et adapt\u00e9es \u00e0 vos besoins, avec la gestion de vente assur\u00e9e par nos partenaires de confiance.\" \/>\n<meta name=\"robots\" content=\"index, follow, max-snippet:-1, max-image-preview:large, max-video-preview:-1\" \/>\n<link rel=\"canonical\" href=\"https:\/\/relifepc.fr\/index.php\/points-de-ventes\/\" \/>\n<meta property=\"og:locale\" content=\"fr_FR\" \/>\n<meta property=\"og:type\" content=\"article\" \/>\n<meta property=\"og:title\" content=\"Points de ventes - Relife PC\" \/>\n<meta property=\"og:description\" content=\"Les produits Relife PC sont disponibles via nos points de vente partenaires, o\u00f9 notre mat\u00e9riel informatique reconditionn\u00e9 est d\u00e9pos\u00e9 en d\u00e9p\u00f4t-vente. Profitez de solutions IT durables, \u00e9coresponsables et adapt\u00e9es \u00e0 vos besoins, avec la gestion de vente assur\u00e9e par nos partenaires de confiance.\" \/>\n<meta property=\"og:url\" content=\"https:\/\/relifepc.fr\/index.php\/points-de-ventes\/\" \/>\n<meta property=\"og:site_name\" content=\"Relife PC\" \/>\n<meta property=\"article:publisher\" content=\"https:\/\/www.facebook.com\/relifepclaval\" \/>\n<meta property=\"article:modified_time\" content=\"2026-03-13T05:41:13+00:00\" \/>\n<meta name=\"twitter:card\" content=\"summary_large_image\" \/>\n<meta name=\"twitter:label1\" content=\"Dur\u00e9e de lecture estim\u00e9e\" \/>\n\t<meta name=\"twitter:data1\" content=\"3 minutes\" \/>\n<script type=\"application\/ld+json\" class=\"yoast-schema-graph\">{\"@context\":\"https:\\\/\\\/schema.org\",\"@graph\":[{\"@type\":\"WebPage\",\"@id\":\"https:\\\/\\\/relifepc.fr\\\/index.php\\\/points-de-ventes\\\/\",\"url\":\"https:\\\/\\\/relifepc.fr\\\/index.php\\\/points-de-ventes\\\/\",\"name\":\"Points de ventes - Relife PC\",\"isPartOf\":{\"@id\":\"https:\\\/\\\/www.relifepc.fr\\\/#website\"},\"primaryImageOfPage\":{\"@id\":\"https:\\\/\\\/relifepc.fr\\\/index.php\\\/points-de-ventes\\\/#primaryimage\"},\"image\":{\"@id\":\"https:\\\/\\\/relifepc.fr\\\/index.php\\\/points-de-ventes\\\/#primaryimage\"},\"thumbnailUrl\":\"https:\\\/\\\/relifepc.fr\\\/wp-content\\\/uploads\\\/2024\\\/10\\\/mayenne-pdv-2.svg\",\"datePublished\":\"2024-06-20T16:29:33+00:00\",\"dateModified\":\"2026-03-13T05:41:13+00:00\",\"description\":\"Les produits Relife PC sont disponibles via nos points de vente partenaires, o\u00f9 notre mat\u00e9riel informatique reconditionn\u00e9 est d\u00e9pos\u00e9 en d\u00e9p\u00f4t-vente. Profitez de solutions IT durables, \u00e9coresponsables et adapt\u00e9es \u00e0 vos besoins, avec la gestion de vente assur\u00e9e par nos partenaires de confiance.\",\"breadcrumb\":{\"@id\":\"https:\\\/\\\/relifepc.fr\\\/index.php\\\/points-de-ventes\\\/#breadcrumb\"},\"inLanguage\":\"fr-FR\",\"potentialAction\":[{\"@type\":\"ReadAction\",\"target\":[\"https:\\\/\\\/relifepc.fr\\\/index.php\\\/points-de-ventes\\\/\"]}]},{\"@type\":\"ImageObject\",\"inLanguage\":\"fr-FR\",\"@id\":\"https:\\\/\\\/relifepc.fr\\\/index.php\\\/points-de-ventes\\\/#primaryimage\",\"url\":\"https:\\\/\\\/relifepc.fr\\\/wp-content\\\/uploads\\\/2024\\\/10\\\/mayenne-pdv-2.svg\",\"contentUrl\":\"https:\\\/\\\/relifepc.fr\\\/wp-content\\\/uploads\\\/2024\\\/10\\\/mayenne-pdv-2.svg\",\"caption\":\"Point de vente en mayenne de mat\u00e9riel informatique et PC reconditionn\u00e9s\"},{\"@type\":\"BreadcrumbList\",\"@id\":\"https:\\\/\\\/relifepc.fr\\\/index.php\\\/points-de-ventes\\\/#breadcrumb\",\"itemListElement\":[{\"@type\":\"ListItem\",\"position\":1,\"name\":\"Accueil\",\"item\":\"https:\\\/\\\/relifepc.fr\\\/\"},{\"@type\":\"ListItem\",\"position\":2,\"name\":\"Points de ventes\"}]},{\"@type\":\"WebSite\",\"@id\":\"https:\\\/\\\/www.relifepc.fr\\\/#website\",\"url\":\"https:\\\/\\\/www.relifepc.fr\\\/\",\"name\":\"Relife PC\",\"description\":\"Green is the new geek\",\"potentialAction\":[{\"@type\":\"SearchAction\",\"target\":{\"@type\":\"EntryPoint\",\"urlTemplate\":\"https:\\\/\\\/www.relifepc.fr\\\/?s={search_term_string}\"},\"query-input\":{\"@type\":\"PropertyValueSpecification\",\"valueRequired\":true,\"valueName\":\"search_term_string\"}}],\"inLanguage\":\"fr-FR\"}]}<\/script>\n<!-- \/ Yoast SEO plugin. -->","yoast_head_json":{"title":"Points de ventes - Relife PC","description":"Les produits Relife PC sont disponibles via nos points de vente partenaires, o\u00f9 notre mat\u00e9riel informatique reconditionn\u00e9 est d\u00e9pos\u00e9 en d\u00e9p\u00f4t-vente. Profitez de solutions IT durables, \u00e9coresponsables et adapt\u00e9es \u00e0 vos besoins, avec la gestion de vente assur\u00e9e par nos partenaires de confiance.","robots":{"index":"index","follow":"follow","max-snippet":"max-snippet:-1","max-image-preview":"max-image-preview:large","max-video-preview":"max-video-preview:-1"},"canonical":"https:\/\/relifepc.fr\/index.php\/points-de-ventes\/","og_locale":"fr_FR","og_type":"article","og_title":"Points de ventes - Relife PC","og_description":"Les produits Relife PC sont disponibles via nos points de vente partenaires, o\u00f9 notre mat\u00e9riel informatique reconditionn\u00e9 est d\u00e9pos\u00e9 en d\u00e9p\u00f4t-vente. Profitez de solutions IT durables, \u00e9coresponsables et adapt\u00e9es \u00e0 vos besoins, avec la gestion de vente assur\u00e9e par nos partenaires de confiance.","og_url":"https:\/\/relifepc.fr\/index.php\/points-de-ventes\/","og_site_name":"Relife PC","article_publisher":"https:\/\/www.facebook.com\/relifepclaval","article_modified_time":"2026-03-13T05:41:13+00:00","twitter_card":"summary_large_image","twitter_misc":{"Dur\u00e9e de lecture estim\u00e9e":"3 minutes"},"schema":{"@context":"https:\/\/schema.org","@graph":[{"@type":"WebPage","@id":"https:\/\/relifepc.fr\/index.php\/points-de-ventes\/","url":"https:\/\/relifepc.fr\/index.php\/points-de-ventes\/","name":"Points de ventes - Relife PC","isPartOf":{"@id":"https:\/\/www.relifepc.fr\/#website"},"primaryImageOfPage":{"@id":"https:\/\/relifepc.fr\/index.php\/points-de-ventes\/#primaryimage"},"image":{"@id":"https:\/\/relifepc.fr\/index.php\/points-de-ventes\/#primaryimage"},"thumbnailUrl":"https:\/\/relifepc.fr\/wp-content\/uploads\/2024\/10\/mayenne-pdv-2.svg","datePublished":"2024-06-20T16:29:33+00:00","dateModified":"2026-03-13T05:41:13+00:00","description":"Les produits Relife PC sont disponibles via nos points de vente partenaires, o\u00f9 notre mat\u00e9riel informatique reconditionn\u00e9 est d\u00e9pos\u00e9 en d\u00e9p\u00f4t-vente. Profitez de solutions IT durables, \u00e9coresponsables et adapt\u00e9es \u00e0 vos besoins, avec la gestion de vente assur\u00e9e par nos partenaires de confiance.","breadcrumb":{"@id":"https:\/\/relifepc.fr\/index.php\/points-de-ventes\/#breadcrumb"},"inLanguage":"fr-FR","potentialAction":[{"@type":"ReadAction","target":["https:\/\/relifepc.fr\/index.php\/points-de-ventes\/"]}]},{"@type":"ImageObject","inLanguage":"fr-FR","@id":"https:\/\/relifepc.fr\/index.php\/points-de-ventes\/#primaryimage","url":"https:\/\/relifepc.fr\/wp-content\/uploads\/2024\/10\/mayenne-pdv-2.svg","contentUrl":"https:\/\/relifepc.fr\/wp-content\/uploads\/2024\/10\/mayenne-pdv-2.svg","caption":"Point de vente en mayenne de mat\u00e9riel informatique et PC reconditionn\u00e9s"},{"@type":"BreadcrumbList","@id":"https:\/\/relifepc.fr\/index.php\/points-de-ventes\/#breadcrumb","itemListElement":[{"@type":"ListItem","position":1,"name":"Accueil","item":"https:\/\/relifepc.fr\/"},{"@type":"ListItem","position":2,"name":"Points de ventes"}]},{"@type":"WebSite","@id":"https:\/\/www.relifepc.fr\/#website","url":"https:\/\/www.relifepc.fr\/","name":"Relife PC","description":"Green is the new geek","potentialAction":[{"@type":"SearchAction","target":{"@type":"EntryPoint","urlTemplate":"https:\/\/www.relifepc.fr\/?s={search_term_string}"},"query-input":{"@type":"PropertyValueSpecification","valueRequired":true,"valueName":"search_term_string"}}],"inLanguage":"fr-FR"}]}},"_links":{"self":[{"href":"https:\/\/relifepc.fr\/index.php\/wp-json\/wp\/v2\/pages\/1945","targetHints":{"allow":["GET"]}}],"collection":[{"href":"https:\/\/relifepc.fr\/index.php\/wp-json\/wp\/v2\/pages"}],"about":[{"href":"https:\/\/relifepc.fr\/index.php\/wp-json\/wp\/v2\/types\/page"}],"author":[{"embeddable":true,"href":"https:\/\/relifepc.fr\/index.php\/wp-json\/wp\/v2\/users\/1"}],"replies":[{"embeddable":true,"href":"https:\/\/relifepc.fr\/index.php\/wp-json\/wp\/v2\/comments?post=1945"}],"version-history":[{"count":23,"href":"https:\/\/relifepc.fr\/index.php\/wp-json\/wp\/v2\/pages\/1945\/revisions"}],"predecessor-version":[{"id":3358,"href":"https:\/\/relifepc.fr\/index.php\/wp-json\/wp\/v2\/pages\/1945\/revisions\/3358"}],"wp:featuredmedia":[{"embeddable":true,"href":"https:\/\/relifepc.fr\/index.php\/wp-json\/wp\/v2\/media\/3101"}],"wp:attachment":[{"href":"https:\/\/relifepc.fr\/index.php\/wp-json\/wp\/v2\/media?parent=1945"}],"curies":[{"name":"wp","href":"https:\/\/api.w.org\/{rel}","templated":true}]}}