{"id":1491,"date":"2023-08-25T16:43:13","date_gmt":"2023-08-25T14:43:13","guid":{"rendered":"http:\/\/relifepc.fr\/?page_id=1491"},"modified":"2026-03-13T06:53:02","modified_gmt":"2026-03-13T05:53:02","slug":"on-parle-de-nous","status":"publish","type":"page","link":"https:\/\/relifepc.fr\/index.php\/on-parle-de-nous\/","title":{"rendered":"On parle de nous"},"content":{"rendered":"<p>[et_pb_section fb_built=\u00a0\u00bb1&Prime; admin_label=\u00a0\u00bbHeader\u00a0\u00bb _builder_version=\u00a0\u00bb4.25.1&Prime; background_color=\u00a0\u00bb#222D3F\u00a0\u00bb background_enable_image=\u00a0\u00bboff\u00a0\u00bb custom_margin=\u00a0\u00bb-56px|||||\u00a0\u00bb custom_padding=\u00a0\u00bb0vw||0||false|false\u00a0\u00bb bottom_divider_style=\u00a0\u00bbwaves\u00a0\u00bb bottom_divider_color=\u00a0\u00bb#FFFFFF\u00a0\u00bb bottom_divider_height=\u00a0\u00bb50px\u00a0\u00bb bottom_divider_repeat=\u00a0\u00bb1x\u00a0\u00bb locked=\u00a0\u00bboff\u00a0\u00bb global_colors_info=\u00a0\u00bb{}\u00a0\u00bb border_radii__hover=\u00a0\u00bbon||||\u00a0\u00bb border_radii__hover_enabled=\u00a0\u00bbon||||\u00a0\u00bb background_repeat__hover=\u00a0\u00bbno-repeat\u00a0\u00bb background_repeat__hover_enabled=\u00a0\u00bbno-repeat\u00a0\u00bb][et_pb_row custom_padding_last_edited=\u00a0\u00bbon|tablet\u00a0\u00bb _builder_version=\u00a0\u00bb4.27.0&Prime; background_color=\u00a0\u00bb#FFFFFF\u00a0\u00bb background_enable_image=\u00a0\u00bboff\u00a0\u00bb background_size=\u00a0\u00bbcontain\u00a0\u00bb background_position=\u00a0\u00bbbottom_right\u00a0\u00bb width=\u00a0\u00bb100%\u00a0\u00bb max_width=\u00a0\u00bb100%\u00a0\u00bb custom_padding=\u00a0\u00bb78px|15vw|2vw|15vw|false|true\u00a0\u00bb custom_padding_tablet=\u00a0\u00bb|10vw|24vw|10vw||true\u00a0\u00bb custom_padding_phone=\u00a0\u00bb\u00a0\u00bb box_shadow_style=\u00a0\u00bbpreset7&Prime; box_shadow_horizontal=\u00a0\u00bb0px\u00a0\u00bb box_shadow_vertical=\u00a0\u00bb-1px\u00a0\u00bb box_shadow_color=\u00a0\u00bb#ffffff\u00a0\u00bb use_custom_width=\u00a0\u00bbon\u00a0\u00bb width_unit=\u00a0\u00bboff\u00a0\u00bb custom_width_percent=\u00a0\u00bb100%\u00a0\u00bb global_colors_info=\u00a0\u00bb{}\u00a0\u00bb][et_pb_column type=\u00a0\u00bb4_4&Prime; _builder_version=\u00a0\u00bb4.16&Prime; custom_padding=\u00a0\u00bb|||\u00a0\u00bb global_colors_info=\u00a0\u00bb{}\u00a0\u00bb custom_padding__hover=\u00a0\u00bb|||\u00a0\u00bb][et_pb_text _builder_version=\u00a0\u00bb4.27.0&Prime; text_font=\u00a0\u00bb|600|||||||\u00a0\u00bb text_text_color=\u00a0\u00bb#FFFFFF\u00a0\u00bb text_font_size=\u00a0\u00bb22px\u00a0\u00bb text_line_height=\u00a0\u00bb1.8em\u00a0\u00bb header_font=\u00a0\u00bb|700|||||||\u00a0\u00bb header_text_color=\u00a0\u00bb#004D33&Prime; header_font_size=\u00a0\u00bb100px\u00a0\u00bb header_line_height=\u00a0\u00bb1.1em\u00a0\u00bb background_layout=\u00a0\u00bbdark\u00a0\u00bb max_width=\u00a0\u00bb80%\u00a0\u00bb max_width_tablet=\u00a0\u00bb\u00a0\u00bb max_width_phone=\u00a0\u00bb\u00a0\u00bb max_width_last_edited=\u00a0\u00bbon|phone\u00a0\u00bb animation_style=\u00a0\u00bbfade\u00a0\u00bb animation_direction=\u00a0\u00bbtop\u00a0\u00bb text_font_size_tablet=\u00a0\u00bb14px\u00a0\u00bb text_font_size_phone=\u00a0\u00bb\u00a0\u00bb text_font_size_last_edited=\u00a0\u00bbon|phone\u00a0\u00bb header_font_size_tablet=\u00a0\u00bb\u00a0\u00bb header_font_size_phone=\u00a0\u00bb42px\u00a0\u00bb header_font_size_last_edited=\u00a0\u00bbon|phone\u00a0\u00bb global_colors_info=\u00a0\u00bb{}\u00a0\u00bb]<\/p>\n<h1 style=\"text-align: left;\">ON PARLE DE NOUS<\/h1>\n<p>[\/et_pb_text][et_pb_text _builder_version=\u00a0\u00bb4.27.0&Prime; text_font=\u00a0\u00bb||||||||\u00a0\u00bb text_text_color=\u00a0\u00bb#222D3F\u00a0\u00bb text_font_size=\u00a0\u00bb22px\u00a0\u00bb text_letter_spacing=\u00a0\u00bb-1px\u00a0\u00bb text_line_height=\u00a0\u00bb1.8em\u00a0\u00bb header_font=\u00a0\u00bbMukta|200|||||||\u00a0\u00bb header_font_size=\u00a0\u00bb7vw\u00a0\u00bb header_line_height=\u00a0\u00bb1.1em\u00a0\u00bb text_orientation=\u00a0\u00bbjustified\u00a0\u00bb background_layout=\u00a0\u00bbdark\u00a0\u00bb max_width=\u00a0\u00bb600px\u00a0\u00bb max_width_last_edited=\u00a0\u00bboff|tablet\u00a0\u00bb custom_padding=\u00a0\u00bb||0px|||\u00a0\u00bb animation_style=\u00a0\u00bbfade\u00a0\u00bb animation_direction=\u00a0\u00bbtop\u00a0\u00bb text_font_size_tablet=\u00a0\u00bb14px\u00a0\u00bb text_font_size_phone=\u00a0\u00bb\u00a0\u00bb text_font_size_last_edited=\u00a0\u00bbon|phone\u00a0\u00bb header_font_size_tablet=\u00a0\u00bb\u00a0\u00bb header_font_size_phone=\u00a0\u00bb42px\u00a0\u00bb header_font_size_last_edited=\u00a0\u00bbon|phone\u00a0\u00bb global_colors_info=\u00a0\u00bb{}\u00a0\u00bb]<\/p>\n<p>Bienvenue dans notre rubrique \u00ab\u00a0On parle de nous!\u00a0\u00bb ! C&rsquo;est ici que nous vous pr\u00e9sentons tous les fois o\u00f9 notre aventure \u00e9coresponsable \u00e0 brill\u00e9 sous le feu des projecteurs ! Pr\u00e9parez-vous, car ici \u00e7a clignote, \u00e7a scintille, \u00e7a brille !<br \/>Des articles de presses, aux reportages en passant par les interviews (<i>o\u00f9 on a lutt\u00e9 pour restez s\u00e9rieux<\/i>), d\u00e9couvrez notre engagement en faveur de <strong>l&rsquo;\u00e9conomie circulaire<\/strong> et notre mission pour rendre le <strong>monde num\u00e9rique plus vert <\/strong>!<\/p>\n<p>[\/et_pb_text][\/et_pb_column][\/et_pb_row][\/et_pb_section][et_pb_section fb_built=\u00a0\u00bb1&Prime; _builder_version=\u00a0\u00bb4.27.0&Prime; _module_preset=\u00a0\u00bbdefault\u00a0\u00bb background_color=\u00a0\u00bb#95C11F\u00a0\u00bb background_enable_pattern_style=\u00a0\u00bbon\u00a0\u00bb background_pattern_style=\u00a0\u00bbzig-zag-2&Prime; background_pattern_color=\u00a0\u00bb#FFFFFF\u00a0\u00bb background_pattern_blend_mode=\u00a0\u00bbsoft-light\u00a0\u00bb custom_padding=\u00a0\u00bb54px||55px|8px|false|false\u00a0\u00bb top_divider_color=\u00a0\u00bb#84d6ee\u00a0\u00bb top_divider_height=\u00a0\u00bb60px\u00a0\u00bb bottom_divider_color=\u00a0\u00bb#84D6EE\u00a0\u00bb bottom_divider_height=\u00a0\u00bb60px\u00a0\u00bb global_colors_info=\u00a0\u00bb{}\u00a0\u00bb][et_pb_row _builder_version=\u00a0\u00bb4.27.2&Prime; _module_preset=\u00a0\u00bbdefault\u00a0\u00bb background_color=\u00a0\u00bb#FFFFFF\u00a0\u00bb custom_margin=\u00a0\u00bb||100px||false|false\u00a0\u00bb custom_padding=\u00a0\u00bb20px|20px|20px|20px|false|false\u00a0\u00bb border_radii=\u00a0\u00bbon|20px|20px|20px|20px\u00a0\u00bb box_shadow_style=\u00a0\u00bbpreset1&Prime; global_colors_info=\u00a0\u00bb{}\u00a0\u00bb][et_pb_column type=\u00a0\u00bb4_4&Prime; _builder_version=\u00a0\u00bb4.22.1&Prime; _module_preset=\u00a0\u00bbdefault\u00a0\u00bb global_colors_info=\u00a0\u00bb{}\u00a0\u00bb][et_pb_text _builder_version=\u00a0\u00bb4.27.2&Prime; _module_preset=\u00a0\u00bbdefault\u00a0\u00bb header_2_font=\u00a0\u00bb|700||||on|||\u00a0\u00bb header_2_text_color=\u00a0\u00bb#004D33&Prime; header_2_font_size=\u00a0\u00bb35px\u00a0\u00bb custom_padding=\u00a0\u00bb||0px|||\u00a0\u00bb global_colors_info=\u00a0\u00bb{}\u00a0\u00bb]<\/p>\n<h2>ILS FONT BOUGER LA MAYENNE<\/h2>\n<p>Par France 3 et France Bleu Mayenne<\/p>\n<p>&nbsp;<\/p>\n<p>C&rsquo;est avec un grand plaisir que j&rsquo;ai r\u00e9pondu \u00e0 l&rsquo;invitation de Florence d&rsquo;Ambri\u00e8re afin de parler de la transition de M3D 53 vers Relife PC ! Vous pouvez admirer ma plus ou moins, enfin surtout plus interview rat\u00e9e ! A la fin de la vid\u00e9o 2:26:30<\/p>\n<p>[\/et_pb_text][et_pb_video src=\u00a0\u00bbhttps:\/\/www.dailymotion.com\/video\/x95iy7o\u00a0\u00bb _builder_version=\u00a0\u00bb4.27.2&Prime; _module_preset=\u00a0\u00bbdefault\u00a0\u00bb global_colors_info=\u00a0\u00bb{}\u00a0\u00bb][\/et_pb_video][\/et_pb_column][\/et_pb_row][et_pb_row _builder_version=\u00a0\u00bb4.27.0&Prime; _module_preset=\u00a0\u00bbdefault\u00a0\u00bb background_color=\u00a0\u00bb#FFFFFF\u00a0\u00bb custom_padding=\u00a0\u00bb20px|20px|20px|20px|false|false\u00a0\u00bb border_radii=\u00a0\u00bbon|20px|20px|20px|20px\u00a0\u00bb box_shadow_style=\u00a0\u00bbpreset1&Prime; global_colors_info=\u00a0\u00bb{}\u00a0\u00bb][et_pb_column type=\u00a0\u00bb4_4&Prime; _builder_version=\u00a0\u00bb4.22.1&Prime; _module_preset=\u00a0\u00bbdefault\u00a0\u00bb global_colors_info=\u00a0\u00bb{}\u00a0\u00bb][et_pb_text _builder_version=\u00a0\u00bb4.27.0&Prime; _module_preset=\u00a0\u00bbdefault\u00a0\u00bb header_2_font=\u00a0\u00bb|700||||on|||\u00a0\u00bb header_2_text_color=\u00a0\u00bb#004D33&Prime; header_2_font_size=\u00a0\u00bb35px\u00a0\u00bb custom_padding=\u00a0\u00bb||0px|||\u00a0\u00bb global_colors_info=\u00a0\u00bb{}\u00a0\u00bb]<\/p>\n<h2>Les Jeudis de la RSE<\/h2>\n<p>Par la CCI de la Mayenne<\/p>\n<p>&nbsp;<\/p>\n<p>Nous avons eu la visite de Mounichy Lauren, conseill\u00e8re d\u00e9veloppement durable \u00e0 la CCI. L&rsquo;occasion de vous pr\u00e9senter notre activit\u00e9, ses bienfaits pour la plan\u00e8te et l&rsquo;utilit\u00e9 de M3D53 dans la politique <strong>RSE des entreprises Mayennaises.<\/strong><\/p>\n<p>[\/et_pb_text][\/et_pb_column][\/et_pb_row][et_pb_row _builder_version=\u00a0\u00bb4.27.0&Prime; _module_preset=\u00a0\u00bbdefault\u00a0\u00bb global_colors_info=\u00a0\u00bb{}\u00a0\u00bb][et_pb_column type=\u00a0\u00bb4_4&Prime; _builder_version=\u00a0\u00bb4.22.1&Prime; _module_preset=\u00a0\u00bbdefault\u00a0\u00bb global_colors_info=\u00a0\u00bb{}\u00a0\u00bb][et_pb_video src=\u00a0\u00bbhttps:\/\/www.youtube.com\/watch?v=ORRVLkCbPcM&#038;ab_channel=CCIMayenne\u00a0\u00bb _builder_version=\u00a0\u00bb4.19.4&Prime; _module_preset=\u00a0\u00bbdefault\u00a0\u00bb global_colors_info=\u00a0\u00bb{}\u00a0\u00bb][\/et_pb_video][\/et_pb_column][\/et_pb_row][et_pb_row _builder_version=\u00a0\u00bb4.22.1&Prime; _module_preset=\u00a0\u00bbdefault\u00a0\u00bb global_colors_info=\u00a0\u00bb{}\u00a0\u00bb][et_pb_column type=\u00a0\u00bb4_4&Prime; _builder_version=\u00a0\u00bb4.22.1&Prime; _module_preset=\u00a0\u00bbdefault\u00a0\u00bb global_colors_info=\u00a0\u00bb{}\u00a0\u00bb][et_pb_divider show_divider=\u00a0\u00bboff\u00a0\u00bb _builder_version=\u00a0\u00bb4.22.1&Prime; _module_preset=\u00a0\u00bbdefault\u00a0\u00bb global_colors_info=\u00a0\u00bb{}\u00a0\u00bb][\/et_pb_divider][\/et_pb_column][\/et_pb_row][et_pb_row custom_padding_last_edited=\u00a0\u00bboff|desktop\u00a0\u00bb _builder_version=\u00a0\u00bb4.27.0&Prime; _module_preset=\u00a0\u00bbdefault\u00a0\u00bb background_color=\u00a0\u00bb#FFFFFF\u00a0\u00bb custom_padding=\u00a0\u00bb20px|20px|20px|20px|false|false\u00a0\u00bb border_radii=\u00a0\u00bbon|20px|20px|20px|20px\u00a0\u00bb box_shadow_style=\u00a0\u00bbpreset1&Prime; global_colors_info=\u00a0\u00bb{}\u00a0\u00bb][et_pb_column type=\u00a0\u00bb4_4&Prime; _builder_version=\u00a0\u00bb4.22.1&Prime; _module_preset=\u00a0\u00bbdefault\u00a0\u00bb global_colors_info=\u00a0\u00bb{}\u00a0\u00bb][et_pb_text _builder_version=\u00a0\u00bb4.27.0&Prime; _module_preset=\u00a0\u00bbdefault\u00a0\u00bb header_2_font=\u00a0\u00bb|700||||on|||\u00a0\u00bb header_2_text_color=\u00a0\u00bb#95C11F\u00a0\u00bb header_2_font_size=\u00a0\u00bb35px\u00a0\u00bb global_colors_info=\u00a0\u00bb{}\u00a0\u00bb]<\/p>\n<h2>Les rendez-vous de l&rsquo;APESS<\/h2>\n<p>Par l&rsquo;autre radio<\/p>\n<p>&nbsp;<\/p>\n<p>C&rsquo;est en compagnie de Nora et \u00c9lodie que nous sommes revenus sur la cr\u00e9ation de M3D 53, son impact sur l&rsquo;environnement, son fonctionnement et nous nous sommes particuli\u00e8rement pench\u00e9s sur notre appartenance \u00e0 l\u2019<strong>\u00c9conomie Sociale et Solidaire<\/strong>.<\/p>\n<p>Le podcast si vous souhaitez nous r\u00e9\u00e9couter : <a href=\"https:\/\/lautreradio.fr\/Les_rendez_vous_de_lAPESS_du_02_05_2023_Les_rendez_vous_de_lAPESS\/132=0=6770\">Les rendez-vous de l&rsquo;APESS<\/a>.<\/p>\n<p>[\/et_pb_text][\/et_pb_column][\/et_pb_row][et_pb_row _builder_version=\u00a0\u00bb4.22.1&Prime; _module_preset=\u00a0\u00bbdefault\u00a0\u00bb global_colors_info=\u00a0\u00bb{}\u00a0\u00bb][et_pb_column type=\u00a0\u00bb4_4&Prime; _builder_version=\u00a0\u00bb4.22.1&Prime; _module_preset=\u00a0\u00bbdefault\u00a0\u00bb global_colors_info=\u00a0\u00bb{}\u00a0\u00bb][et_pb_divider show_divider=\u00a0\u00bboff\u00a0\u00bb _builder_version=\u00a0\u00bb4.22.1&Prime; _module_preset=\u00a0\u00bbdefault\u00a0\u00bb global_colors_info=\u00a0\u00bb{}\u00a0\u00bb][\/et_pb_divider][\/et_pb_column][\/et_pb_row][et_pb_row _builder_version=\u00a0\u00bb4.27.0&Prime; _module_preset=\u00a0\u00bbdefault\u00a0\u00bb background_color=\u00a0\u00bb#FFFFFF\u00a0\u00bb custom_padding=\u00a0\u00bb20px|20px|20px|20px|false|false\u00a0\u00bb border_radii=\u00a0\u00bbon|20px|20px|20px|20px\u00a0\u00bb box_shadow_style=\u00a0\u00bbpreset1&Prime; global_colors_info=\u00a0\u00bb{}\u00a0\u00bb][et_pb_column type=\u00a0\u00bb4_4&Prime; _builder_version=\u00a0\u00bb4.22.1&Prime; _module_preset=\u00a0\u00bbdefault\u00a0\u00bb global_colors_info=\u00a0\u00bb{}\u00a0\u00bb][et_pb_text _builder_version=\u00a0\u00bb4.27.0&Prime; _module_preset=\u00a0\u00bbdefault\u00a0\u00bb header_2_font=\u00a0\u00bb|700||||on|||\u00a0\u00bb header_2_text_color=\u00a0\u00bb#004D33&Prime; header_2_font_size=\u00a0\u00bb35px\u00a0\u00bb global_colors_info=\u00a0\u00bb{}\u00a0\u00bb]<\/p>\n<h2>LA MAYENNE INNOVE<\/h2>\n<p>Par Ouest France<\/p>\n<p>&nbsp;<\/p>\n<p>Cette ann\u00e9e nous avons concouru au prix de la Mayenne Innove et nous avons eu la chance d&rsquo;\u00eatre nomin\u00e9s dans la cat\u00e9gorie coup de c\u0153ur ! Un grand moment de fiert\u00e9 pour nous et une grande mobilisation de notre communaut\u00e9 et notamment de nos partenaires de l&rsquo;ESS ! Merci \u00e0 tous m\u00eame si nous n&rsquo;avons pas gagn\u00e9s !<\/p>\n<p>Un petit tour sur l&rsquo;article : <a href=\"https:\/\/www.ouest-france.fr\/economie\/entreprises\/trophees-mayenne-innove\/trophees-la-mayenne-innove-elisez-votre-entreprise-preferee-du-departement-5e1d870e-086a-11ee-93bb-7f8cb79a714f\">Ouest france &#8211; Troph\u00e9es La Mayenne Innove<\/a><\/p>\n<p>&nbsp;<\/p>\n<p>[\/et_pb_text][\/et_pb_column][\/et_pb_row][\/et_pb_section]<\/p>\n","protected":false},"excerpt":{"rendered":"<p>ON PARLE DE NOUSBienvenue dans notre rubrique \u00ab\u00a0On parle de nous!\u00a0\u00bb ! C&rsquo;est ici que nous vous pr\u00e9sentons tous les fois o\u00f9 notre aventure \u00e9coresponsable \u00e0 brill\u00e9 sous le feu des projecteurs ! Pr\u00e9parez-vous, car ici \u00e7a clignote, \u00e7a scintille, \u00e7a brille !Des articles de presses, aux reportages en passant par les interviews (o\u00f9 on [&hellip;]<\/p>\n","protected":false},"author":1,"featured_media":0,"parent":0,"menu_order":0,"comment_status":"closed","ping_status":"closed","template":"","meta":{"_et_pb_use_builder":"on","_et_pb_old_content":"","_et_gb_content_width":"","inline_featured_image":false,"footnotes":""},"class_list":["post-1491","page","type-page","status-publish","hentry"],"yoast_head":"<!-- This site is optimized with the Yoast SEO plugin v27.4 - https:\/\/yoast.com\/product\/yoast-seo-wordpress\/ -->\n<title>On parle de nous - Relife PC<\/title>\n<meta name=\"robots\" content=\"index, follow, max-snippet:-1, max-image-preview:large, max-video-preview:-1\" \/>\n<link rel=\"canonical\" href=\"https:\/\/relifepc.fr\/index.php\/on-parle-de-nous\/\" \/>\n<meta property=\"og:locale\" content=\"fr_FR\" \/>\n<meta property=\"og:type\" content=\"article\" \/>\n<meta property=\"og:title\" content=\"On parle de nous - Relife PC\" \/>\n<meta property=\"og:description\" content=\"ON PARLE DE NOUSBienvenue dans notre rubrique &quot;On parle de nous!&quot; ! C&#039;est ici que nous vous pr\u00e9sentons tous les fois o\u00f9 notre aventure \u00e9coresponsable \u00e0 brill\u00e9 sous le feu des projecteurs ! Pr\u00e9parez-vous, car ici \u00e7a clignote, \u00e7a scintille, \u00e7a brille !Des articles de presses, aux reportages en passant par les interviews (o\u00f9 on [&hellip;]\" \/>\n<meta property=\"og:url\" content=\"https:\/\/relifepc.fr\/index.php\/on-parle-de-nous\/\" \/>\n<meta property=\"og:site_name\" content=\"Relife PC\" \/>\n<meta property=\"article:publisher\" content=\"https:\/\/www.facebook.com\/relifepclaval\" \/>\n<meta property=\"article:modified_time\" content=\"2026-03-13T05:53:02+00:00\" \/>\n<meta name=\"twitter:card\" content=\"summary_large_image\" \/>\n<meta name=\"twitter:label1\" content=\"Dur\u00e9e de lecture estim\u00e9e\" \/>\n\t<meta name=\"twitter:data1\" content=\"2 minutes\" \/>\n<script type=\"application\/ld+json\" class=\"yoast-schema-graph\">{\"@context\":\"https:\\\/\\\/schema.org\",\"@graph\":[{\"@type\":\"WebPage\",\"@id\":\"https:\\\/\\\/relifepc.fr\\\/index.php\\\/on-parle-de-nous\\\/\",\"url\":\"https:\\\/\\\/relifepc.fr\\\/index.php\\\/on-parle-de-nous\\\/\",\"name\":\"On parle de nous - Relife PC\",\"isPartOf\":{\"@id\":\"https:\\\/\\\/www.relifepc.fr\\\/#website\"},\"datePublished\":\"2023-08-25T14:43:13+00:00\",\"dateModified\":\"2026-03-13T05:53:02+00:00\",\"breadcrumb\":{\"@id\":\"https:\\\/\\\/relifepc.fr\\\/index.php\\\/on-parle-de-nous\\\/#breadcrumb\"},\"inLanguage\":\"fr-FR\",\"potentialAction\":[{\"@type\":\"ReadAction\",\"target\":[\"https:\\\/\\\/relifepc.fr\\\/index.php\\\/on-parle-de-nous\\\/\"]}]},{\"@type\":\"BreadcrumbList\",\"@id\":\"https:\\\/\\\/relifepc.fr\\\/index.php\\\/on-parle-de-nous\\\/#breadcrumb\",\"itemListElement\":[{\"@type\":\"ListItem\",\"position\":1,\"name\":\"Accueil\",\"item\":\"https:\\\/\\\/relifepc.fr\\\/\"},{\"@type\":\"ListItem\",\"position\":2,\"name\":\"On parle de nous\"}]},{\"@type\":\"WebSite\",\"@id\":\"https:\\\/\\\/www.relifepc.fr\\\/#website\",\"url\":\"https:\\\/\\\/www.relifepc.fr\\\/\",\"name\":\"Relife PC\",\"description\":\"Green is the new geek\",\"potentialAction\":[{\"@type\":\"SearchAction\",\"target\":{\"@type\":\"EntryPoint\",\"urlTemplate\":\"https:\\\/\\\/www.relifepc.fr\\\/?s={search_term_string}\"},\"query-input\":{\"@type\":\"PropertyValueSpecification\",\"valueRequired\":true,\"valueName\":\"search_term_string\"}}],\"inLanguage\":\"fr-FR\"}]}<\/script>\n<!-- \/ Yoast SEO plugin. -->","yoast_head_json":{"title":"On parle de nous - Relife PC","robots":{"index":"index","follow":"follow","max-snippet":"max-snippet:-1","max-image-preview":"max-image-preview:large","max-video-preview":"max-video-preview:-1"},"canonical":"https:\/\/relifepc.fr\/index.php\/on-parle-de-nous\/","og_locale":"fr_FR","og_type":"article","og_title":"On parle de nous - Relife PC","og_description":"ON PARLE DE NOUSBienvenue dans notre rubrique \"On parle de nous!\" ! C'est ici que nous vous pr\u00e9sentons tous les fois o\u00f9 notre aventure \u00e9coresponsable \u00e0 brill\u00e9 sous le feu des projecteurs ! Pr\u00e9parez-vous, car ici \u00e7a clignote, \u00e7a scintille, \u00e7a brille !Des articles de presses, aux reportages en passant par les interviews (o\u00f9 on [&hellip;]","og_url":"https:\/\/relifepc.fr\/index.php\/on-parle-de-nous\/","og_site_name":"Relife PC","article_publisher":"https:\/\/www.facebook.com\/relifepclaval","article_modified_time":"2026-03-13T05:53:02+00:00","twitter_card":"summary_large_image","twitter_misc":{"Dur\u00e9e de lecture estim\u00e9e":"2 minutes"},"schema":{"@context":"https:\/\/schema.org","@graph":[{"@type":"WebPage","@id":"https:\/\/relifepc.fr\/index.php\/on-parle-de-nous\/","url":"https:\/\/relifepc.fr\/index.php\/on-parle-de-nous\/","name":"On parle de nous - Relife PC","isPartOf":{"@id":"https:\/\/www.relifepc.fr\/#website"},"datePublished":"2023-08-25T14:43:13+00:00","dateModified":"2026-03-13T05:53:02+00:00","breadcrumb":{"@id":"https:\/\/relifepc.fr\/index.php\/on-parle-de-nous\/#breadcrumb"},"inLanguage":"fr-FR","potentialAction":[{"@type":"ReadAction","target":["https:\/\/relifepc.fr\/index.php\/on-parle-de-nous\/"]}]},{"@type":"BreadcrumbList","@id":"https:\/\/relifepc.fr\/index.php\/on-parle-de-nous\/#breadcrumb","itemListElement":[{"@type":"ListItem","position":1,"name":"Accueil","item":"https:\/\/relifepc.fr\/"},{"@type":"ListItem","position":2,"name":"On parle de nous"}]},{"@type":"WebSite","@id":"https:\/\/www.relifepc.fr\/#website","url":"https:\/\/www.relifepc.fr\/","name":"Relife PC","description":"Green is the new geek","potentialAction":[{"@type":"SearchAction","target":{"@type":"EntryPoint","urlTemplate":"https:\/\/www.relifepc.fr\/?s={search_term_string}"},"query-input":{"@type":"PropertyValueSpecification","valueRequired":true,"valueName":"search_term_string"}}],"inLanguage":"fr-FR"}]}},"_links":{"self":[{"href":"https:\/\/relifepc.fr\/index.php\/wp-json\/wp\/v2\/pages\/1491","targetHints":{"allow":["GET"]}}],"collection":[{"href":"https:\/\/relifepc.fr\/index.php\/wp-json\/wp\/v2\/pages"}],"about":[{"href":"https:\/\/relifepc.fr\/index.php\/wp-json\/wp\/v2\/types\/page"}],"author":[{"embeddable":true,"href":"https:\/\/relifepc.fr\/index.php\/wp-json\/wp\/v2\/users\/1"}],"replies":[{"embeddable":true,"href":"https:\/\/relifepc.fr\/index.php\/wp-json\/wp\/v2\/comments?post=1491"}],"version-history":[{"count":17,"href":"https:\/\/relifepc.fr\/index.php\/wp-json\/wp\/v2\/pages\/1491\/revisions"}],"predecessor-version":[{"id":4061,"href":"https:\/\/relifepc.fr\/index.php\/wp-json\/wp\/v2\/pages\/1491\/revisions\/4061"}],"wp:attachment":[{"href":"https:\/\/relifepc.fr\/index.php\/wp-json\/wp\/v2\/media?parent=1491"}],"curies":[{"name":"wp","href":"https:\/\/api.w.org\/{rel}","templated":true}]}}